{"id":121,"date":"2018-10-13T17:07:00","date_gmt":"2018-10-13T15:07:00","guid":{"rendered":"https:\/\/relevantfilm.clusterzone.de\/?p=121"},"modified":"2025-03-26T14:34:53","modified_gmt":"2025-03-26T13:34:53","slug":"endlich-gardasee","status":"publish","type":"movie","link":"https:\/\/relevantfilm.de\/?movie=endlich-gardasee","title":{"rendered":"Endlich Gardasee!"},"content":{"rendered":"\n<p>Ja, denn nach \u00fcber 40 Jahren Ehe hat Lotti nun genug von Heinz. Ein Entschluss, der auch mit Lottis ehemaligen Chef und heimlichen Schwarm, Herrn Schmidt, zu tun hat. Zwar ist Herr Schmidt gerade verstorben, doch zu Hause ausziehen will Lotti trotzdem. Um ihre Oma zur Vernunft zu bringen, tritt Eva mit Lotti eine Reise in den S\u00fcden an. Das k\u00f6nnte richtig vergn\u00fcglich werden, w\u00e4ren da nicht Evas ganz eigene M\u00e4nnerprobleme&#8230;<\/p>\n\n\n\n<figure class=\"wp-block-image size-full\"><img loading=\"lazy\" decoding=\"async\" width=\"1024\" height=\"576\" src=\"https:\/\/relevantfilm.de\/wp-content\/uploads\/2023\/03\/Endlich-Gardasee-01.jpg\" alt=\"\" class=\"wp-image-2117\" srcset=\"https:\/\/relevantfilm.de\/wp-content\/uploads\/2023\/03\/Endlich-Gardasee-01.jpg 1024w, https:\/\/relevantfilm.de\/wp-content\/uploads\/2023\/03\/Endlich-Gardasee-01-300x169.jpg 300w, https:\/\/relevantfilm.de\/wp-content\/uploads\/2023\/03\/Endlich-Gardasee-01-768x432.jpg 768w\" sizes=\"(max-width: 1024px) 100vw, 1024px\" \/><\/figure>\n\n\n\n<p><strong>Cast<\/strong><\/p>\n\n\n\n<p><strong>Cornelia Froboess \u01c0 Willem Menne \u01c0 Julia Nachtmann \u01c0 Bernhard Piesk \u01c0 Ulrich F. Brandhoff \u01c0 Giovanna Porcheddu \u01c0 Joachim Raaf \u01c0 Sabine Hahn \u01c0 Meike Kircher \u01c0 Detflef Weber \u01c0 Dorothea Hagena \u01c0 Kailas Mahadevan \u01c0 Marie-Theresa Lohr u.a.<\/strong><\/p>\n\n\n\n<figure class=\"wp-block-gallery has-nested-images columns-default is-cropped wp-block-gallery-1 is-layout-flex wp-block-gallery-is-layout-flex\">\n<figure class=\"wp-block-image size-large\"><a href=\"https:\/\/relevantfilm.de\/wp-content\/uploads\/2023\/03\/Endlich-Gardasee-02.jpg\"><img loading=\"lazy\" decoding=\"async\" width=\"683\" height=\"1024\" data-id=\"2116\" src=\"https:\/\/relevantfilm.de\/wp-content\/uploads\/2023\/03\/Endlich-Gardasee-02.jpg\" alt=\"\" class=\"wp-image-2116\" srcset=\"https:\/\/relevantfilm.de\/wp-content\/uploads\/2023\/03\/Endlich-Gardasee-02.jpg 683w, https:\/\/relevantfilm.de\/wp-content\/uploads\/2023\/03\/Endlich-Gardasee-02-200x300.jpg 200w\" sizes=\"(max-width: 683px) 100vw, 683px\" \/><\/a><\/figure>\n\n\n\n<figure class=\"wp-block-image size-large\"><a href=\"https:\/\/relevantfilm.de\/wp-content\/uploads\/2023\/03\/Endlich-Gardasee-03.jpg\"><img loading=\"lazy\" decoding=\"async\" width=\"683\" height=\"1024\" data-id=\"2118\" src=\"https:\/\/relevantfilm.de\/wp-content\/uploads\/2023\/03\/Endlich-Gardasee-03.jpg\" alt=\"\" class=\"wp-image-2118\" srcset=\"https:\/\/relevantfilm.de\/wp-content\/uploads\/2023\/03\/Endlich-Gardasee-03.jpg 683w, https:\/\/relevantfilm.de\/wp-content\/uploads\/2023\/03\/Endlich-Gardasee-03-200x300.jpg 200w\" sizes=\"(max-width: 683px) 100vw, 683px\" \/><\/a><\/figure>\n<\/figure>\n\n\n\n<p><strong>Team<\/strong><\/p>\n\n\n\n<p>Drehbuch&nbsp;<strong>Sophia Krapoth&nbsp;<\/strong>nach Motiven des Romans \u201eSehnsucht ist ein Notfall\u201c von&nbsp;<strong>Sabine Heinrich \u01c0&nbsp;<\/strong>Regie&nbsp;<strong>Ulrike Grote \u01c0&nbsp;<\/strong>Kamera&nbsp;<strong>Pascal Mundt \u01c0&nbsp;<\/strong>Musik&nbsp;<strong>J\u00f6rn Kux \u01c0&nbsp;<\/strong>Schnitt&nbsp;<strong>Julia Kovalenko \u01c0&nbsp;<\/strong>Szenenbild&nbsp;<strong>Andreas Lupp \u01c0&nbsp;<\/strong>Kost\u00fcm&nbsp;<strong>Henrike Luz \u01c0&nbsp;<\/strong>Maske&nbsp;<strong>Monika Knauf,&nbsp;Franzisca Brunner&nbsp;\u01c0<\/strong>Ton&nbsp;<strong>Torsten T\u00f6bben-Jung&nbsp;\u01c0&nbsp;<\/strong>Mischung&nbsp;<strong>Arne Dammann \u01c0&nbsp;<\/strong>Casting&nbsp;<strong>Gitta Uhlig&nbsp;<\/strong>\u01c0 Produktionsleitung&nbsp;Peter&nbsp;<strong>Nawrotzki \u01c0&nbsp;<\/strong>Redaktion&nbsp;<strong>Katja Kirchen&nbsp;<\/strong>(ARD Degeto)&nbsp;<strong>\u01c0&nbsp;<\/strong>Producer&nbsp;<strong>Tobias Rosen \u01c0&nbsp;<\/strong>Produzentin&nbsp;<strong>Heike Wiehle-Timm<\/strong><\/p>\n\n\n\n<figure class=\"wp-block-image size-full\"><img loading=\"lazy\" decoding=\"async\" width=\"1024\" height=\"576\" src=\"https:\/\/relevantfilm.de\/wp-content\/uploads\/2023\/03\/Endlich-Gardasee-04.jpg\" alt=\"\" class=\"wp-image-2119\" srcset=\"https:\/\/relevantfilm.de\/wp-content\/uploads\/2023\/03\/Endlich-Gardasee-04.jpg 1024w, https:\/\/relevantfilm.de\/wp-content\/uploads\/2023\/03\/Endlich-Gardasee-04-300x169.jpg 300w, https:\/\/relevantfilm.de\/wp-content\/uploads\/2023\/03\/Endlich-Gardasee-04-768x432.jpg 768w\" sizes=\"(max-width: 1024px) 100vw, 1024px\" \/><\/figure>\n\n\n\n<p><strong>Produktion<\/strong><\/p>\n\n\n\n<ul class=\"wp-block-list\">\n<li>Eine Relevant Film Produktion im Auftrag der ARD Degeto, 2017<\/li>\n\n\n\n<li>Erstausstrahlung am Samstag, 13. Oktober 2018 um 20.15 Uhr in Das Erste<\/li>\n<\/ul>\n\n\n\n<p class=\"has-small-font-size\"><strong>Bildnachweis<\/strong> I \u201aEndlich Gardasee!\u2018 \u00a9 ARD Degeto<br>Hans Joachim \u201eAKI\u201c Pfeiffer \/ Marion von der Mehden<\/p>\n","protected":false},"author":3,"featured_media":3817,"template":"","movie_cats":[6,3],"movie_flags":[],"class_list":["post-121","movie","type-movie","status-publish","has-post-thumbnail","hentry","movie_cat-unsere-filme","movie_cat-fernsehen"],"acf":[],"yoast_head":"<!-- This site is optimized with the Yoast SEO plugin v27.5 - https:\/\/yoast.com\/product\/yoast-seo-wordpress\/ -->\n<title>Endlich Gardasee! - Relevant Film<\/title>\n<meta name=\"robots\" content=\"index, follow, max-snippet:-1, max-image-preview:large, max-video-preview:-1\" \/>\n<link rel=\"canonical\" href=\"https:\/\/relevantfilm.de\/?movie=endlich-gardasee\" \/>\n<meta property=\"og:locale\" content=\"de_DE\" \/>\n<meta property=\"og:type\" content=\"article\" \/>\n<meta property=\"og:title\" content=\"Endlich Gardasee! - Relevant Film\" \/>\n<meta property=\"og:description\" content=\"Ja, denn nach \u00fcber 40 Jahren Ehe hat Lotti nun genug von Heinz. Ein Entschluss, der auch mit Lottis ehemaligen Chef und heimlichen Schwarm, Herrn Schmidt, zu tun hat. Zwar ist Herr Schmidt gerade verstorben, doch zu Hause ausziehen will Lotti trotzdem. Um ihre Oma zur Vernunft zu bringen, tritt Eva mit Lotti eine Reise [&hellip;]\" \/>\n<meta property=\"og:url\" content=\"https:\/\/relevantfilm.de\/?movie=endlich-gardasee\" \/>\n<meta property=\"og:site_name\" content=\"Relevant Film\" \/>\n<meta property=\"article:modified_time\" content=\"2025-03-26T13:34:53+00:00\" \/>\n<meta property=\"og:image\" content=\"https:\/\/relevantfilm.de\/wp-content\/uploads\/2018\/10\/Szenenfoto_007-scaled-e1742996061832.jpg\" \/>\n\t<meta property=\"og:image:width\" content=\"2560\" \/>\n\t<meta property=\"og:image:height\" content=\"1310\" \/>\n\t<meta property=\"og:image:type\" content=\"image\/jpeg\" \/>\n<meta name=\"twitter:card\" content=\"summary_large_image\" \/>\n<meta name=\"twitter:label1\" content=\"Gesch\u00e4tzte Lesezeit\" \/>\n\t<meta name=\"twitter:data1\" content=\"3\u00a0Minuten\" \/>\n<script type=\"application\/ld+json\" class=\"yoast-schema-graph\">{\"@context\":\"https:\\\/\\\/schema.org\",\"@graph\":[{\"@type\":\"WebPage\",\"@id\":\"https:\\\/\\\/relevantfilm.de\\\/?movie=endlich-gardasee\",\"url\":\"https:\\\/\\\/relevantfilm.de\\\/?movie=endlich-gardasee\",\"name\":\"Endlich Gardasee! - Relevant Film\",\"isPartOf\":{\"@id\":\"https:\\\/\\\/relevantfilm.de\\\/#website\"},\"primaryImageOfPage\":{\"@id\":\"https:\\\/\\\/relevantfilm.de\\\/?movie=endlich-gardasee#primaryimage\"},\"image\":{\"@id\":\"https:\\\/\\\/relevantfilm.de\\\/?movie=endlich-gardasee#primaryimage\"},\"thumbnailUrl\":\"https:\\\/\\\/relevantfilm.de\\\/wp-content\\\/uploads\\\/2018\\\/10\\\/Szenenfoto_007-scaled-e1742996061832.jpg\",\"datePublished\":\"2018-10-13T15:07:00+00:00\",\"dateModified\":\"2025-03-26T13:34:53+00:00\",\"breadcrumb\":{\"@id\":\"https:\\\/\\\/relevantfilm.de\\\/?movie=endlich-gardasee#breadcrumb\"},\"inLanguage\":\"de\",\"potentialAction\":[{\"@type\":\"ReadAction\",\"target\":[\"https:\\\/\\\/relevantfilm.de\\\/?movie=endlich-gardasee\"]}]},{\"@type\":\"ImageObject\",\"inLanguage\":\"de\",\"@id\":\"https:\\\/\\\/relevantfilm.de\\\/?movie=endlich-gardasee#primaryimage\",\"url\":\"https:\\\/\\\/relevantfilm.de\\\/wp-content\\\/uploads\\\/2018\\\/10\\\/Szenenfoto_007-scaled-e1742996061832.jpg\",\"contentUrl\":\"https:\\\/\\\/relevantfilm.de\\\/wp-content\\\/uploads\\\/2018\\\/10\\\/Szenenfoto_007-scaled-e1742996061832.jpg\",\"width\":2560,\"height\":1310,\"caption\":\"Meine Oma spinnt Relevant Film \\\/ Degeto 10.2017\"},{\"@type\":\"BreadcrumbList\",\"@id\":\"https:\\\/\\\/relevantfilm.de\\\/?movie=endlich-gardasee#breadcrumb\",\"itemListElement\":[{\"@type\":\"ListItem\",\"position\":1,\"name\":\"Startseite\",\"item\":\"https:\\\/\\\/relevantfilm.de\\\/\"},{\"@type\":\"ListItem\",\"position\":2,\"name\":\"Movies\",\"item\":\"https:\\\/\\\/relevantfilm.de\\\/?post_type=movie\"},{\"@type\":\"ListItem\",\"position\":3,\"name\":\"Endlich Gardasee!\"}]},{\"@type\":\"WebSite\",\"@id\":\"https:\\\/\\\/relevantfilm.de\\\/#website\",\"url\":\"https:\\\/\\\/relevantfilm.de\\\/\",\"name\":\"Relevant Film\",\"description\":\"Filmproduktion Hamburg\",\"potentialAction\":[{\"@type\":\"SearchAction\",\"target\":{\"@type\":\"EntryPoint\",\"urlTemplate\":\"https:\\\/\\\/relevantfilm.de\\\/?s={search_term_string}\"},\"query-input\":{\"@type\":\"PropertyValueSpecification\",\"valueRequired\":true,\"valueName\":\"search_term_string\"}}],\"inLanguage\":\"de\"}]}<\/script>\n<!-- \/ Yoast SEO plugin. -->","yoast_head_json":{"title":"Endlich Gardasee! - Relevant Film","robots":{"index":"index","follow":"follow","max-snippet":"max-snippet:-1","max-image-preview":"max-image-preview:large","max-video-preview":"max-video-preview:-1"},"canonical":"https:\/\/relevantfilm.de\/?movie=endlich-gardasee","og_locale":"de_DE","og_type":"article","og_title":"Endlich Gardasee! - Relevant Film","og_description":"Ja, denn nach \u00fcber 40 Jahren Ehe hat Lotti nun genug von Heinz. Ein Entschluss, der auch mit Lottis ehemaligen Chef und heimlichen Schwarm, Herrn Schmidt, zu tun hat. Zwar ist Herr Schmidt gerade verstorben, doch zu Hause ausziehen will Lotti trotzdem. Um ihre Oma zur Vernunft zu bringen, tritt Eva mit Lotti eine Reise [&hellip;]","og_url":"https:\/\/relevantfilm.de\/?movie=endlich-gardasee","og_site_name":"Relevant Film","article_modified_time":"2025-03-26T13:34:53+00:00","og_image":[{"width":2560,"height":1310,"url":"https:\/\/relevantfilm.de\/wp-content\/uploads\/2018\/10\/Szenenfoto_007-scaled-e1742996061832.jpg","type":"image\/jpeg"}],"twitter_card":"summary_large_image","twitter_misc":{"Gesch\u00e4tzte Lesezeit":"3\u00a0Minuten"},"schema":{"@context":"https:\/\/schema.org","@graph":[{"@type":"WebPage","@id":"https:\/\/relevantfilm.de\/?movie=endlich-gardasee","url":"https:\/\/relevantfilm.de\/?movie=endlich-gardasee","name":"Endlich Gardasee! - Relevant Film","isPartOf":{"@id":"https:\/\/relevantfilm.de\/#website"},"primaryImageOfPage":{"@id":"https:\/\/relevantfilm.de\/?movie=endlich-gardasee#primaryimage"},"image":{"@id":"https:\/\/relevantfilm.de\/?movie=endlich-gardasee#primaryimage"},"thumbnailUrl":"https:\/\/relevantfilm.de\/wp-content\/uploads\/2018\/10\/Szenenfoto_007-scaled-e1742996061832.jpg","datePublished":"2018-10-13T15:07:00+00:00","dateModified":"2025-03-26T13:34:53+00:00","breadcrumb":{"@id":"https:\/\/relevantfilm.de\/?movie=endlich-gardasee#breadcrumb"},"inLanguage":"de","potentialAction":[{"@type":"ReadAction","target":["https:\/\/relevantfilm.de\/?movie=endlich-gardasee"]}]},{"@type":"ImageObject","inLanguage":"de","@id":"https:\/\/relevantfilm.de\/?movie=endlich-gardasee#primaryimage","url":"https:\/\/relevantfilm.de\/wp-content\/uploads\/2018\/10\/Szenenfoto_007-scaled-e1742996061832.jpg","contentUrl":"https:\/\/relevantfilm.de\/wp-content\/uploads\/2018\/10\/Szenenfoto_007-scaled-e1742996061832.jpg","width":2560,"height":1310,"caption":"Meine Oma spinnt Relevant Film \/ Degeto 10.2017"},{"@type":"BreadcrumbList","@id":"https:\/\/relevantfilm.de\/?movie=endlich-gardasee#breadcrumb","itemListElement":[{"@type":"ListItem","position":1,"name":"Startseite","item":"https:\/\/relevantfilm.de\/"},{"@type":"ListItem","position":2,"name":"Movies","item":"https:\/\/relevantfilm.de\/?post_type=movie"},{"@type":"ListItem","position":3,"name":"Endlich Gardasee!"}]},{"@type":"WebSite","@id":"https:\/\/relevantfilm.de\/#website","url":"https:\/\/relevantfilm.de\/","name":"Relevant Film","description":"Filmproduktion Hamburg","potentialAction":[{"@type":"SearchAction","target":{"@type":"EntryPoint","urlTemplate":"https:\/\/relevantfilm.de\/?s={search_term_string}"},"query-input":{"@type":"PropertyValueSpecification","valueRequired":true,"valueName":"search_term_string"}}],"inLanguage":"de"}]}},"_links":{"self":[{"href":"https:\/\/relevantfilm.de\/index.php?rest_route=\/wp\/v2\/movies\/121","targetHints":{"allow":["GET"]}}],"collection":[{"href":"https:\/\/relevantfilm.de\/index.php?rest_route=\/wp\/v2\/movies"}],"about":[{"href":"https:\/\/relevantfilm.de\/index.php?rest_route=\/wp\/v2\/types\/movie"}],"author":[{"embeddable":true,"href":"https:\/\/relevantfilm.de\/index.php?rest_route=\/wp\/v2\/users\/3"}],"wp:featuredmedia":[{"embeddable":true,"href":"https:\/\/relevantfilm.de\/index.php?rest_route=\/wp\/v2\/media\/3817"}],"wp:attachment":[{"href":"https:\/\/relevantfilm.de\/index.php?rest_route=%2Fwp%2Fv2%2Fmedia&parent=121"}],"wp:term":[{"taxonomy":"movie_cat","embeddable":true,"href":"https:\/\/relevantfilm.de\/index.php?rest_route=%2Fwp%2Fv2%2Fmovie_cats&post=121"},{"taxonomy":"movie_flag","embeddable":true,"href":"https:\/\/relevantfilm.de\/index.php?rest_route=%2Fwp%2Fv2%2Fmovie_flags&post=121"}],"curies":[{"name":"wp","href":"https:\/\/api.w.org\/{rel}","templated":true}]}}