{"id":128,"date":"2009-10-10T15:45:00","date_gmt":"2009-10-10T13:45:00","guid":{"rendered":"https:\/\/relevantfilm.clusterzone.de\/?p=128"},"modified":"2023-05-04T14:37:28","modified_gmt":"2023-05-04T12:37:28","slug":"rennschwein-rudi-ruessel-staffel-2","status":"publish","type":"movie","link":"https:\/\/relevantfilm.de\/?movie=rennschwein-rudi-ruessel-staffel-2","title":{"rendered":"Rennschwein Rudi R\u00fcssel \u2013 Staffel 2"},"content":{"rendered":"\n<p>Rudi soll ein Rennen gegen das schnellste Schwein von Bauer St\u00fccken laufen. Gewinnt er, darf er bei Fritz bleiben. Anderenfalls m\u00fcssen Fritz und Ayla Rudi zur\u00fcckgeben. Die Kinder hoffen auf Rudis Schnelligkeit, doch Bauer St\u00fccken erweist sich als unfairer Gegner.<\/p>\n\n\n\n<figure class=\"wp-block-image size-full\"><img loading=\"lazy\" decoding=\"async\" width=\"1024\" height=\"683\" src=\"https:\/\/relevantfilm.de\/wp-content\/uploads\/2023\/03\/Rennschwein-Rudi-Ruessel-S2-01.jpg\" alt=\"\" class=\"wp-image-1971\" srcset=\"https:\/\/relevantfilm.de\/wp-content\/uploads\/2023\/03\/Rennschwein-Rudi-Ruessel-S2-01.jpg 1024w, https:\/\/relevantfilm.de\/wp-content\/uploads\/2023\/03\/Rennschwein-Rudi-Ruessel-S2-01-300x200.jpg 300w, https:\/\/relevantfilm.de\/wp-content\/uploads\/2023\/03\/Rennschwein-Rudi-Ruessel-S2-01-768x512.jpg 768w\" sizes=\"(max-width: 1024px) 100vw, 1024px\" \/><\/figure>\n\n\n\n<p><strong>Cast<\/strong><\/p>\n\n\n\n<p><strong>Finn-Lennard Eisenstein I Aylin Yelda \u015eeng\u00fc I Martin Lindow I Ilknur Boyraz I Regine Vergeen I Peter Franke I Imge \u00dcnl\u00fc I Nora Quest I Nadine K\u00f6sters I Eric Ventker I Lucien le Rest I Tim Seyfi I Andreas Windhuis I Sema Poyraz I Orhan G\u00fcner und Rudi als Rudi R\u00fcssel<\/strong><\/p>\n\n\n\n<p><strong>Team<\/strong><\/p>\n\n\n\n<p>Buch&nbsp;<strong>David Ungureit, Gabriele Kob, Manfred Kosmann&nbsp;<\/strong>frei nach Motiven des gleichnamigens<br>Romans von&nbsp;<strong>Uwe Timm<\/strong>&nbsp; I Regie&nbsp;<strong>Wolfgang Groos, Rolf Wellingerhof&nbsp;<\/strong>I Kamera&nbsp;<strong>Harald Cremer, Christopher Rowe&nbsp;<\/strong>I Montage&nbsp;<strong>Jens M\u00fcller, Barbara Hennings&nbsp;<\/strong>I Ton&nbsp;<strong>Sylvain Remy<\/strong>,&nbsp;<strong>Erik Seifert&nbsp;<\/strong>I Musik&nbsp;<strong>Helmut Zerlett, Christoph Zirngibl&nbsp;<\/strong>I Mischung&nbsp;<strong>Gerald Cronauer&nbsp;<\/strong>I Szenenbild&nbsp;<strong>Ellen Latz&nbsp;<\/strong>I Kost\u00fcm&nbsp;<strong>Lore Tesch&nbsp;<\/strong>I Maske&nbsp;<strong>Carola Wetzel, Bettina Heyl&nbsp;<\/strong>I Casting&nbsp;<strong>Gitta Uhlig, Andrea Theis&nbsp;<\/strong>I Produktionsleitung&nbsp;<strong>Marc Grewe&nbsp;<\/strong>I Herstellungsleitung&nbsp;<strong>Jan Philip Lange&nbsp;<\/strong>I Producer<strong>&nbsp;Karsten Willutzki<\/strong>&nbsp;I Redaktion WDR&nbsp;<strong>Wolfgang Wegmann<\/strong>&nbsp;I Produzentin&nbsp;<strong>HeikeWiehle-Timm<\/strong><\/p>\n\n\n\n<p><strong>Produktion<\/strong><\/p>\n\n\n\n<ul class=\"wp-block-list\">\n<li>Eine Relevant Film Produktion im Auftrag des WDR\/ARD, 2009<\/li>\n\n\n\n<li>Erstausstrahlung 10.10.2009, 08:40 Uhr, ARD<\/li>\n<\/ul>\n\n\n\n<p><strong>Folgen<\/strong><\/p>\n\n\n\n<ul class=\"wp-block-list\">\n<li>Folge 14 \u201eRenn, Rudi, renn!\u201c<\/li>\n\n\n\n<li>Folge 15 \u201eRudi geht zur Schule\u201c<\/li>\n\n\n\n<li>Folge 16 \u201eRudi wird entf\u00fchrt\u201c<\/li>\n\n\n\n<li>Folge 17 \u201eRudi, der blinde Passagier\u201c<\/li>\n\n\n\n<li>Folge 18 \u201eRudi zieht um\u201c<\/li>\n\n\n\n<li>Folge 19 \u201eEine Freundin f\u00fcr Rudi\u201c<\/li>\n\n\n\n<li>Folge 20 \u201eSp\u00fcrschwein Rudi\u201c<\/li>\n\n\n\n<li>Folge 21 \u201eRudi hebt ab\u201c<\/li>\n\n\n\n<li>Folge 22 \u201eRudi findet einen Schatz\u201c<\/li>\n\n\n\n<li>Folge 23 \u201eRudi geht baden\u201c<\/li>\n\n\n\n<li>Folge 24 \u201eKommissar Rudi\u201c<\/li>\n\n\n\n<li>Folge 25 \u201eRudi, der Au\u00dferirdische\u201c<\/li>\n\n\n\n<li>Folge 26 \u201eDer gro\u00dfe Tag\u201c&nbsp;\/ \u201eRudi im Brautkleid\u201c<\/li>\n<\/ul>\n\n\n\n<p><strong>Festivals I Preise<\/strong><\/p>\n\n\n\n<ul class=\"wp-block-list\">\n<li>Media Bar beim PRIX JEUNESSE INTERNATIONAL 2010<\/li>\n<\/ul>\n\n\n\n<p class=\"has-small-font-size\"><strong>Bildnachweis<\/strong> I \u201aRennschwein Rudi R\u00fcssel \u2013 Die Serie 2. Staffel\u2018 \u00a9 WDR\/ARD I Frank Dicks<\/p>\n","protected":false},"author":3,"featured_media":1970,"template":"","movie_cats":[6,3],"movie_flags":[],"class_list":["post-128","movie","type-movie","status-publish","has-post-thumbnail","hentry","movie_cat-unsere-filme","movie_cat-fernsehen"],"acf":[],"yoast_head":"<!-- This site is optimized with the Yoast SEO plugin v27.5 - https:\/\/yoast.com\/product\/yoast-seo-wordpress\/ -->\n<title>Rennschwein Rudi R\u00fcssel \u2013 Staffel 2 - Relevant Film<\/title>\n<meta name=\"robots\" content=\"index, follow, max-snippet:-1, max-image-preview:large, max-video-preview:-1\" \/>\n<link rel=\"canonical\" href=\"https:\/\/relevantfilm.de\/?movie=rennschwein-rudi-ruessel-staffel-2\" \/>\n<meta property=\"og:locale\" content=\"de_DE\" \/>\n<meta property=\"og:type\" content=\"article\" \/>\n<meta property=\"og:title\" content=\"Rennschwein Rudi R\u00fcssel \u2013 Staffel 2 - Relevant Film\" \/>\n<meta property=\"og:description\" content=\"Rudi soll ein Rennen gegen das schnellste Schwein von Bauer St\u00fccken laufen. Gewinnt er, darf er bei Fritz bleiben. Anderenfalls m\u00fcssen Fritz und Ayla Rudi zur\u00fcckgeben. Die Kinder hoffen auf Rudis Schnelligkeit, doch Bauer St\u00fccken erweist sich als unfairer Gegner. Cast Finn-Lennard Eisenstein I Aylin Yelda \u015eeng\u00fc I Martin Lindow I Ilknur Boyraz I Regine [&hellip;]\" \/>\n<meta property=\"og:url\" content=\"https:\/\/relevantfilm.de\/?movie=rennschwein-rudi-ruessel-staffel-2\" \/>\n<meta property=\"og:site_name\" content=\"Relevant Film\" \/>\n<meta property=\"article:modified_time\" content=\"2023-05-04T12:37:28+00:00\" \/>\n<meta property=\"og:image\" content=\"https:\/\/relevantfilm.de\/wp-content\/uploads\/2023\/03\/Banner-Rennschwein-Rudi-Ruessel-S2-scaled.jpg\" \/>\n\t<meta property=\"og:image:width\" content=\"2560\" \/>\n\t<meta property=\"og:image:height\" content=\"1707\" \/>\n\t<meta property=\"og:image:type\" content=\"image\/jpeg\" \/>\n<meta name=\"twitter:card\" content=\"summary_large_image\" \/>\n<meta name=\"twitter:label1\" content=\"Gesch\u00e4tzte Lesezeit\" \/>\n\t<meta name=\"twitter:data1\" content=\"2\u00a0Minuten\" \/>\n<script type=\"application\/ld+json\" class=\"yoast-schema-graph\">{\"@context\":\"https:\\\/\\\/schema.org\",\"@graph\":[{\"@type\":\"WebPage\",\"@id\":\"https:\\\/\\\/relevantfilm.de\\\/?movie=rennschwein-rudi-ruessel-staffel-2\",\"url\":\"https:\\\/\\\/relevantfilm.de\\\/?movie=rennschwein-rudi-ruessel-staffel-2\",\"name\":\"Rennschwein Rudi R\u00fcssel \u2013 Staffel 2 - Relevant Film\",\"isPartOf\":{\"@id\":\"https:\\\/\\\/relevantfilm.de\\\/#website\"},\"primaryImageOfPage\":{\"@id\":\"https:\\\/\\\/relevantfilm.de\\\/?movie=rennschwein-rudi-ruessel-staffel-2#primaryimage\"},\"image\":{\"@id\":\"https:\\\/\\\/relevantfilm.de\\\/?movie=rennschwein-rudi-ruessel-staffel-2#primaryimage\"},\"thumbnailUrl\":\"https:\\\/\\\/relevantfilm.de\\\/wp-content\\\/uploads\\\/2023\\\/03\\\/Banner-Rennschwein-Rudi-Ruessel-S2-scaled.jpg\",\"datePublished\":\"2009-10-10T13:45:00+00:00\",\"dateModified\":\"2023-05-04T12:37:28+00:00\",\"breadcrumb\":{\"@id\":\"https:\\\/\\\/relevantfilm.de\\\/?movie=rennschwein-rudi-ruessel-staffel-2#breadcrumb\"},\"inLanguage\":\"de\",\"potentialAction\":[{\"@type\":\"ReadAction\",\"target\":[\"https:\\\/\\\/relevantfilm.de\\\/?movie=rennschwein-rudi-ruessel-staffel-2\"]}]},{\"@type\":\"ImageObject\",\"inLanguage\":\"de\",\"@id\":\"https:\\\/\\\/relevantfilm.de\\\/?movie=rennschwein-rudi-ruessel-staffel-2#primaryimage\",\"url\":\"https:\\\/\\\/relevantfilm.de\\\/wp-content\\\/uploads\\\/2023\\\/03\\\/Banner-Rennschwein-Rudi-Ruessel-S2-scaled.jpg\",\"contentUrl\":\"https:\\\/\\\/relevantfilm.de\\\/wp-content\\\/uploads\\\/2023\\\/03\\\/Banner-Rennschwein-Rudi-Ruessel-S2-scaled.jpg\",\"width\":2560,\"height\":1707},{\"@type\":\"BreadcrumbList\",\"@id\":\"https:\\\/\\\/relevantfilm.de\\\/?movie=rennschwein-rudi-ruessel-staffel-2#breadcrumb\",\"itemListElement\":[{\"@type\":\"ListItem\",\"position\":1,\"name\":\"Startseite\",\"item\":\"https:\\\/\\\/relevantfilm.de\\\/\"},{\"@type\":\"ListItem\",\"position\":2,\"name\":\"Movies\",\"item\":\"https:\\\/\\\/relevantfilm.de\\\/?post_type=movie\"},{\"@type\":\"ListItem\",\"position\":3,\"name\":\"Rennschwein Rudi R\u00fcssel \u2013 Staffel 2\"}]},{\"@type\":\"WebSite\",\"@id\":\"https:\\\/\\\/relevantfilm.de\\\/#website\",\"url\":\"https:\\\/\\\/relevantfilm.de\\\/\",\"name\":\"Relevant Film\",\"description\":\"Filmproduktion Hamburg\",\"potentialAction\":[{\"@type\":\"SearchAction\",\"target\":{\"@type\":\"EntryPoint\",\"urlTemplate\":\"https:\\\/\\\/relevantfilm.de\\\/?s={search_term_string}\"},\"query-input\":{\"@type\":\"PropertyValueSpecification\",\"valueRequired\":true,\"valueName\":\"search_term_string\"}}],\"inLanguage\":\"de\"}]}<\/script>\n<!-- \/ Yoast SEO plugin. -->","yoast_head_json":{"title":"Rennschwein Rudi R\u00fcssel \u2013 Staffel 2 - Relevant Film","robots":{"index":"index","follow":"follow","max-snippet":"max-snippet:-1","max-image-preview":"max-image-preview:large","max-video-preview":"max-video-preview:-1"},"canonical":"https:\/\/relevantfilm.de\/?movie=rennschwein-rudi-ruessel-staffel-2","og_locale":"de_DE","og_type":"article","og_title":"Rennschwein Rudi R\u00fcssel \u2013 Staffel 2 - Relevant Film","og_description":"Rudi soll ein Rennen gegen das schnellste Schwein von Bauer St\u00fccken laufen. Gewinnt er, darf er bei Fritz bleiben. Anderenfalls m\u00fcssen Fritz und Ayla Rudi zur\u00fcckgeben. Die Kinder hoffen auf Rudis Schnelligkeit, doch Bauer St\u00fccken erweist sich als unfairer Gegner. Cast Finn-Lennard Eisenstein I Aylin Yelda \u015eeng\u00fc I Martin Lindow I Ilknur Boyraz I Regine [&hellip;]","og_url":"https:\/\/relevantfilm.de\/?movie=rennschwein-rudi-ruessel-staffel-2","og_site_name":"Relevant Film","article_modified_time":"2023-05-04T12:37:28+00:00","og_image":[{"width":2560,"height":1707,"url":"https:\/\/relevantfilm.de\/wp-content\/uploads\/2023\/03\/Banner-Rennschwein-Rudi-Ruessel-S2-scaled.jpg","type":"image\/jpeg"}],"twitter_card":"summary_large_image","twitter_misc":{"Gesch\u00e4tzte Lesezeit":"2\u00a0Minuten"},"schema":{"@context":"https:\/\/schema.org","@graph":[{"@type":"WebPage","@id":"https:\/\/relevantfilm.de\/?movie=rennschwein-rudi-ruessel-staffel-2","url":"https:\/\/relevantfilm.de\/?movie=rennschwein-rudi-ruessel-staffel-2","name":"Rennschwein Rudi R\u00fcssel \u2013 Staffel 2 - Relevant Film","isPartOf":{"@id":"https:\/\/relevantfilm.de\/#website"},"primaryImageOfPage":{"@id":"https:\/\/relevantfilm.de\/?movie=rennschwein-rudi-ruessel-staffel-2#primaryimage"},"image":{"@id":"https:\/\/relevantfilm.de\/?movie=rennschwein-rudi-ruessel-staffel-2#primaryimage"},"thumbnailUrl":"https:\/\/relevantfilm.de\/wp-content\/uploads\/2023\/03\/Banner-Rennschwein-Rudi-Ruessel-S2-scaled.jpg","datePublished":"2009-10-10T13:45:00+00:00","dateModified":"2023-05-04T12:37:28+00:00","breadcrumb":{"@id":"https:\/\/relevantfilm.de\/?movie=rennschwein-rudi-ruessel-staffel-2#breadcrumb"},"inLanguage":"de","potentialAction":[{"@type":"ReadAction","target":["https:\/\/relevantfilm.de\/?movie=rennschwein-rudi-ruessel-staffel-2"]}]},{"@type":"ImageObject","inLanguage":"de","@id":"https:\/\/relevantfilm.de\/?movie=rennschwein-rudi-ruessel-staffel-2#primaryimage","url":"https:\/\/relevantfilm.de\/wp-content\/uploads\/2023\/03\/Banner-Rennschwein-Rudi-Ruessel-S2-scaled.jpg","contentUrl":"https:\/\/relevantfilm.de\/wp-content\/uploads\/2023\/03\/Banner-Rennschwein-Rudi-Ruessel-S2-scaled.jpg","width":2560,"height":1707},{"@type":"BreadcrumbList","@id":"https:\/\/relevantfilm.de\/?movie=rennschwein-rudi-ruessel-staffel-2#breadcrumb","itemListElement":[{"@type":"ListItem","position":1,"name":"Startseite","item":"https:\/\/relevantfilm.de\/"},{"@type":"ListItem","position":2,"name":"Movies","item":"https:\/\/relevantfilm.de\/?post_type=movie"},{"@type":"ListItem","position":3,"name":"Rennschwein Rudi R\u00fcssel \u2013 Staffel 2"}]},{"@type":"WebSite","@id":"https:\/\/relevantfilm.de\/#website","url":"https:\/\/relevantfilm.de\/","name":"Relevant Film","description":"Filmproduktion Hamburg","potentialAction":[{"@type":"SearchAction","target":{"@type":"EntryPoint","urlTemplate":"https:\/\/relevantfilm.de\/?s={search_term_string}"},"query-input":{"@type":"PropertyValueSpecification","valueRequired":true,"valueName":"search_term_string"}}],"inLanguage":"de"}]}},"_links":{"self":[{"href":"https:\/\/relevantfilm.de\/index.php?rest_route=\/wp\/v2\/movies\/128","targetHints":{"allow":["GET"]}}],"collection":[{"href":"https:\/\/relevantfilm.de\/index.php?rest_route=\/wp\/v2\/movies"}],"about":[{"href":"https:\/\/relevantfilm.de\/index.php?rest_route=\/wp\/v2\/types\/movie"}],"author":[{"embeddable":true,"href":"https:\/\/relevantfilm.de\/index.php?rest_route=\/wp\/v2\/users\/3"}],"wp:featuredmedia":[{"embeddable":true,"href":"https:\/\/relevantfilm.de\/index.php?rest_route=\/wp\/v2\/media\/1970"}],"wp:attachment":[{"href":"https:\/\/relevantfilm.de\/index.php?rest_route=%2Fwp%2Fv2%2Fmedia&parent=128"}],"wp:term":[{"taxonomy":"movie_cat","embeddable":true,"href":"https:\/\/relevantfilm.de\/index.php?rest_route=%2Fwp%2Fv2%2Fmovie_cats&post=128"},{"taxonomy":"movie_flag","embeddable":true,"href":"https:\/\/relevantfilm.de\/index.php?rest_route=%2Fwp%2Fv2%2Fmovie_flags&post=128"}],"curies":[{"name":"wp","href":"https:\/\/api.w.org\/{rel}","templated":true}]}}