{"id":131,"date":"2016-10-17T16:32:00","date_gmt":"2016-10-17T14:32:00","guid":{"rendered":"https:\/\/relevantfilm.clusterzone.de\/?p=131"},"modified":"2023-05-05T17:44:38","modified_gmt":"2023-05-05T15:44:38","slug":"mein-sohn-der-klugscheisser","status":"publish","type":"movie","link":"https:\/\/relevantfilm.de\/?movie=mein-sohn-der-klugscheisser","title":{"rendered":"Mein Sohn, der Klugschei\u00dfer"},"content":{"rendered":"\n<p>Jer\u00f4me ist kein einfaches Kind und in der Schule v\u00f6lliger Au\u00dfenseiter. Mal verbl\u00fcfft er alle mit seinem Wissen, mal kann er die schlichtesten Dinge nicht.  Keine Frage, Jer\u00f4me ist anders, und weil das so ist, k\u00f6nnen ihn seine Mitsch\u00fcler nicht leiden. Anders als die energische Debbie hat sich Jer\u00f4me aber schon fast daran gew\u00f6hnt, keine Freunde zu haben und gemobbt zu werden. Es regt ihn zumindest nicht mehr auf, wenn sein Roller mal wieder demoliert auf dem Dach der Turnhalle landet.<br>Jer\u00f4mes Langmut ist hingegen Debbies neuem Lover Marco (<strong>Adam Bousdoukos<\/strong>) v\u00f6llig fremd: Der Junge muss sich doch Respekt verschaffen! Jer\u00f4me beherzigt Marcos gut gemeinten Ratschlag, er wehrt sich \u2013 und bricht dabei einem Mitsch\u00fcler versehentlich die Nase. Jer\u00f4me muss zur Kinderpsychologin (<strong>Barbara Philipp<\/strong>), die feststellt, dass er hochbegabt ist und am besten auf ein Internat ginge, das ihn entsprechend f\u00f6rdern kann.<\/p>\n\n\n\n<p>F\u00fcr Debbie, selbst im Heim aufgewachsen und davon traumatisiert, kommt das \u00fcberhaupt nicht infrage. Sie beginnt ihr eigenes F\u00f6rderprogramm inklusive Musical-Besuch. Aber w\u00e4hrend sich Debbie noch fester an ihn klammert, beginnt Jer\u00f4me, dar\u00fcber nachzudenken, ob er unter anderen Hochbegabten besser aufgehoben w\u00e4re.<\/p>\n\n\n\n<figure class=\"wp-block-image size-full\"><img loading=\"lazy\" decoding=\"async\" width=\"1024\" height=\"683\" src=\"https:\/\/relevantfilm.de\/wp-content\/uploads\/2019\/09\/Mein-Sohn-der-Klugscheisser-01.jpg\" alt=\"\" class=\"wp-image-2168\" srcset=\"https:\/\/relevantfilm.de\/wp-content\/uploads\/2019\/09\/Mein-Sohn-der-Klugscheisser-01.jpg 1024w, https:\/\/relevantfilm.de\/wp-content\/uploads\/2019\/09\/Mein-Sohn-der-Klugscheisser-01-300x200.jpg 300w, https:\/\/relevantfilm.de\/wp-content\/uploads\/2019\/09\/Mein-Sohn-der-Klugscheisser-01-768x512.jpg 768w\" sizes=\"(max-width: 1024px) 100vw, 1024px\" \/><\/figure>\n\n\n\n<p>Nach einem heimlichen Besuch im Internat ist er begeistert. Anerkannt unter seinesgleichen \u2013 ein Traum! Der Junge versucht, seine Mutter zu bewegen loszulassen. Er besorgt ihr einen Hund, gibt unter ihrem Namen eine Online-Kontaktanzeige auf, damit sie ohne ihn klar kommt&#8230; Aber es bedarf schon eines geh\u00f6rigen Schocks, um Debbie wach zu r\u00fctteln.<\/p>\n\n\n\n<figure class=\"wp-block-image size-full\"><img loading=\"lazy\" decoding=\"async\" width=\"1024\" height=\"683\" src=\"https:\/\/relevantfilm.de\/wp-content\/uploads\/2019\/09\/Mein-Sohn-der-Klugscheisser-02.jpg\" alt=\"\" class=\"wp-image-2169\" srcset=\"https:\/\/relevantfilm.de\/wp-content\/uploads\/2019\/09\/Mein-Sohn-der-Klugscheisser-02.jpg 1024w, https:\/\/relevantfilm.de\/wp-content\/uploads\/2019\/09\/Mein-Sohn-der-Klugscheisser-02-300x200.jpg 300w, https:\/\/relevantfilm.de\/wp-content\/uploads\/2019\/09\/Mein-Sohn-der-Klugscheisser-02-768x512.jpg 768w\" sizes=\"(max-width: 1024px) 100vw, 1024px\" \/><\/figure>\n\n\n\n<p><strong>Cast<\/strong><\/p>\n\n\n\n<p><strong>Alwara H\u00f6fels \u01c0 Maximilian Ehrenreich \u01c0 Adam Bousdoukos \u01c0 Barbara Philipp \u01c0 Heikko Deutschmann \u01c0 Oliver T\u00f6rner \u01c0 Zoran Pingel \u01c0 Marno Quandt \u01c0 Luke Vogelbein \u01c0 Albrecht Ganskopf \u01c0 Leon Ullrich \u01c0 Regine Hentschel u.a.&nbsp;<\/strong><\/p>\n\n\n\n<p><strong>Team<\/strong><\/p>\n\n\n\n<p>Buch&nbsp;<strong>Pia Strietmann<\/strong>&amp;&nbsp;<strong>Lea Schmidbauer<\/strong>, nach einer Idee von&nbsp;<strong>Michael Hofmann&nbsp;<\/strong>\u01c0 Regie&nbsp;<strong>Pia Strietmann&nbsp;<\/strong>\u01c0 Kamera&nbsp;<strong>Eeva Fleig&nbsp;<\/strong>\u01c0 Schnitt&nbsp;<strong>Sebastian Th\u00fcmler&nbsp;<\/strong>\u01c0 Komponist&nbsp;<strong>Martin Stock&nbsp;<\/strong>\u01c0 Szenenbild&nbsp;<strong>Sonja Str\u00f6mer&nbsp;<\/strong>\u01c0 Kost\u00fcm&nbsp;<strong>Petra Kilian&nbsp;<\/strong>\u01c0 Maske&nbsp;<strong>Alexandra Lebedynski<\/strong>,<strong>Jeanette Kellermann&nbsp;<\/strong>\u01c0Ton&nbsp;<strong>Kai N\u00fchrmann, Maarten van de Voort&nbsp;<\/strong>\u01c0 Casting&nbsp;<strong>Marion Haack&nbsp;<\/strong>\u01c0 Produktionsleitung&nbsp;<strong>Peter Nawrotzki&nbsp;<\/strong>\u01c0 Producer&nbsp;<strong>Karsten Willutzki&nbsp;<\/strong>\u01c0 Redaktion&nbsp;<strong>Katja Kirchen&nbsp;<\/strong>\u01c0 Produzentin&nbsp;<strong>Heike Wiehle-Timm<\/strong><\/p>\n\n\n\n<figure class=\"wp-block-image size-full\"><img loading=\"lazy\" decoding=\"async\" width=\"1024\" height=\"683\" src=\"https:\/\/relevantfilm.de\/wp-content\/uploads\/2019\/09\/Mein-Sohn-der-Klugscheisser-03.jpg\" alt=\"\" class=\"wp-image-2170\" srcset=\"https:\/\/relevantfilm.de\/wp-content\/uploads\/2019\/09\/Mein-Sohn-der-Klugscheisser-03.jpg 1024w, https:\/\/relevantfilm.de\/wp-content\/uploads\/2019\/09\/Mein-Sohn-der-Klugscheisser-03-300x200.jpg 300w, https:\/\/relevantfilm.de\/wp-content\/uploads\/2019\/09\/Mein-Sohn-der-Klugscheisser-03-768x512.jpg 768w\" sizes=\"(max-width: 1024px) 100vw, 1024px\" \/><\/figure>\n\n\n\n<p><strong>Produktion<\/strong><\/p>\n\n\n\n<ul class=\"wp-block-list\">\n<li>Eine Relevant Film Produktion im Auftrag der ARD Degeto, 2015<\/li>\n\n\n\n<li>Erstausstrahlung am Freitag, 07.10.2016 um 20:15 Uhr im Ersten<\/li>\n<\/ul>\n\n\n\n<p class=\"has-small-font-size\"><strong>Bildnachweis<\/strong> I \u201aMein Sohn, der Klugschei\u00dfer\u2018 \u00a9 ARD Degeto I Georges Pauly<\/p>\n","protected":false},"author":3,"featured_media":2171,"template":"","movie_cats":[6,3],"movie_flags":[],"class_list":["post-131","movie","type-movie","status-publish","has-post-thumbnail","hentry","movie_cat-unsere-filme","movie_cat-fernsehen"],"acf":[],"yoast_head":"<!-- This site is optimized with the Yoast SEO plugin v27.5 - https:\/\/yoast.com\/product\/yoast-seo-wordpress\/ -->\n<title>Mein Sohn, der Klugschei\u00dfer - Relevant Film<\/title>\n<meta name=\"robots\" content=\"index, follow, max-snippet:-1, max-image-preview:large, max-video-preview:-1\" \/>\n<link rel=\"canonical\" href=\"https:\/\/relevantfilm.de\/?movie=mein-sohn-der-klugscheisser\" \/>\n<meta property=\"og:locale\" content=\"de_DE\" \/>\n<meta property=\"og:type\" content=\"article\" \/>\n<meta property=\"og:title\" content=\"Mein Sohn, der Klugschei\u00dfer - Relevant Film\" \/>\n<meta property=\"og:description\" content=\"Jer\u00f4me ist kein einfaches Kind und in der Schule v\u00f6lliger Au\u00dfenseiter. Mal verbl\u00fcfft er alle mit seinem Wissen, mal kann er die schlichtesten Dinge nicht. Keine Frage, Jer\u00f4me ist anders, und weil das so ist, k\u00f6nnen ihn seine Mitsch\u00fcler nicht leiden. Anders als die energische Debbie hat sich Jer\u00f4me aber schon fast daran gew\u00f6hnt, keine [&hellip;]\" \/>\n<meta property=\"og:url\" content=\"https:\/\/relevantfilm.de\/?movie=mein-sohn-der-klugscheisser\" \/>\n<meta property=\"og:site_name\" content=\"Relevant Film\" \/>\n<meta property=\"article:modified_time\" content=\"2023-05-05T15:44:38+00:00\" \/>\n<meta property=\"og:image\" content=\"https:\/\/relevantfilm.de\/wp-content\/uploads\/2019\/09\/Banner-Mein-Sohn-der-Klugscheisser.jpg\" \/>\n\t<meta property=\"og:image:width\" content=\"1024\" \/>\n\t<meta property=\"og:image:height\" content=\"683\" \/>\n\t<meta property=\"og:image:type\" content=\"image\/jpeg\" \/>\n<meta name=\"twitter:card\" content=\"summary_large_image\" \/>\n<meta name=\"twitter:label1\" content=\"Gesch\u00e4tzte Lesezeit\" \/>\n\t<meta name=\"twitter:data1\" content=\"3\u00a0Minuten\" \/>\n<script type=\"application\/ld+json\" class=\"yoast-schema-graph\">{\"@context\":\"https:\\\/\\\/schema.org\",\"@graph\":[{\"@type\":\"WebPage\",\"@id\":\"https:\\\/\\\/relevantfilm.de\\\/?movie=mein-sohn-der-klugscheisser\",\"url\":\"https:\\\/\\\/relevantfilm.de\\\/?movie=mein-sohn-der-klugscheisser\",\"name\":\"Mein Sohn, der Klugschei\u00dfer - Relevant Film\",\"isPartOf\":{\"@id\":\"https:\\\/\\\/relevantfilm.de\\\/#website\"},\"primaryImageOfPage\":{\"@id\":\"https:\\\/\\\/relevantfilm.de\\\/?movie=mein-sohn-der-klugscheisser#primaryimage\"},\"image\":{\"@id\":\"https:\\\/\\\/relevantfilm.de\\\/?movie=mein-sohn-der-klugscheisser#primaryimage\"},\"thumbnailUrl\":\"https:\\\/\\\/relevantfilm.de\\\/wp-content\\\/uploads\\\/2019\\\/09\\\/Banner-Mein-Sohn-der-Klugscheisser.jpg\",\"datePublished\":\"2016-10-17T14:32:00+00:00\",\"dateModified\":\"2023-05-05T15:44:38+00:00\",\"breadcrumb\":{\"@id\":\"https:\\\/\\\/relevantfilm.de\\\/?movie=mein-sohn-der-klugscheisser#breadcrumb\"},\"inLanguage\":\"de\",\"potentialAction\":[{\"@type\":\"ReadAction\",\"target\":[\"https:\\\/\\\/relevantfilm.de\\\/?movie=mein-sohn-der-klugscheisser\"]}]},{\"@type\":\"ImageObject\",\"inLanguage\":\"de\",\"@id\":\"https:\\\/\\\/relevantfilm.de\\\/?movie=mein-sohn-der-klugscheisser#primaryimage\",\"url\":\"https:\\\/\\\/relevantfilm.de\\\/wp-content\\\/uploads\\\/2019\\\/09\\\/Banner-Mein-Sohn-der-Klugscheisser.jpg\",\"contentUrl\":\"https:\\\/\\\/relevantfilm.de\\\/wp-content\\\/uploads\\\/2019\\\/09\\\/Banner-Mein-Sohn-der-Klugscheisser.jpg\",\"width\":1024,\"height\":683,\"caption\":\"Alwara H\u00f6fels (als Debbie) und Maximillian Ehrenreich (als Jer\u00f4me)\"},{\"@type\":\"BreadcrumbList\",\"@id\":\"https:\\\/\\\/relevantfilm.de\\\/?movie=mein-sohn-der-klugscheisser#breadcrumb\",\"itemListElement\":[{\"@type\":\"ListItem\",\"position\":1,\"name\":\"Startseite\",\"item\":\"https:\\\/\\\/relevantfilm.de\\\/\"},{\"@type\":\"ListItem\",\"position\":2,\"name\":\"Movies\",\"item\":\"https:\\\/\\\/relevantfilm.de\\\/?post_type=movie\"},{\"@type\":\"ListItem\",\"position\":3,\"name\":\"Mein Sohn, der Klugschei\u00dfer\"}]},{\"@type\":\"WebSite\",\"@id\":\"https:\\\/\\\/relevantfilm.de\\\/#website\",\"url\":\"https:\\\/\\\/relevantfilm.de\\\/\",\"name\":\"Relevant Film\",\"description\":\"Filmproduktion Hamburg\",\"potentialAction\":[{\"@type\":\"SearchAction\",\"target\":{\"@type\":\"EntryPoint\",\"urlTemplate\":\"https:\\\/\\\/relevantfilm.de\\\/?s={search_term_string}\"},\"query-input\":{\"@type\":\"PropertyValueSpecification\",\"valueRequired\":true,\"valueName\":\"search_term_string\"}}],\"inLanguage\":\"de\"}]}<\/script>\n<!-- \/ Yoast SEO plugin. -->","yoast_head_json":{"title":"Mein Sohn, der Klugschei\u00dfer - Relevant Film","robots":{"index":"index","follow":"follow","max-snippet":"max-snippet:-1","max-image-preview":"max-image-preview:large","max-video-preview":"max-video-preview:-1"},"canonical":"https:\/\/relevantfilm.de\/?movie=mein-sohn-der-klugscheisser","og_locale":"de_DE","og_type":"article","og_title":"Mein Sohn, der Klugschei\u00dfer - Relevant Film","og_description":"Jer\u00f4me ist kein einfaches Kind und in der Schule v\u00f6lliger Au\u00dfenseiter. Mal verbl\u00fcfft er alle mit seinem Wissen, mal kann er die schlichtesten Dinge nicht. Keine Frage, Jer\u00f4me ist anders, und weil das so ist, k\u00f6nnen ihn seine Mitsch\u00fcler nicht leiden. Anders als die energische Debbie hat sich Jer\u00f4me aber schon fast daran gew\u00f6hnt, keine [&hellip;]","og_url":"https:\/\/relevantfilm.de\/?movie=mein-sohn-der-klugscheisser","og_site_name":"Relevant Film","article_modified_time":"2023-05-05T15:44:38+00:00","og_image":[{"width":1024,"height":683,"url":"https:\/\/relevantfilm.de\/wp-content\/uploads\/2019\/09\/Banner-Mein-Sohn-der-Klugscheisser.jpg","type":"image\/jpeg"}],"twitter_card":"summary_large_image","twitter_misc":{"Gesch\u00e4tzte Lesezeit":"3\u00a0Minuten"},"schema":{"@context":"https:\/\/schema.org","@graph":[{"@type":"WebPage","@id":"https:\/\/relevantfilm.de\/?movie=mein-sohn-der-klugscheisser","url":"https:\/\/relevantfilm.de\/?movie=mein-sohn-der-klugscheisser","name":"Mein Sohn, der Klugschei\u00dfer - Relevant Film","isPartOf":{"@id":"https:\/\/relevantfilm.de\/#website"},"primaryImageOfPage":{"@id":"https:\/\/relevantfilm.de\/?movie=mein-sohn-der-klugscheisser#primaryimage"},"image":{"@id":"https:\/\/relevantfilm.de\/?movie=mein-sohn-der-klugscheisser#primaryimage"},"thumbnailUrl":"https:\/\/relevantfilm.de\/wp-content\/uploads\/2019\/09\/Banner-Mein-Sohn-der-Klugscheisser.jpg","datePublished":"2016-10-17T14:32:00+00:00","dateModified":"2023-05-05T15:44:38+00:00","breadcrumb":{"@id":"https:\/\/relevantfilm.de\/?movie=mein-sohn-der-klugscheisser#breadcrumb"},"inLanguage":"de","potentialAction":[{"@type":"ReadAction","target":["https:\/\/relevantfilm.de\/?movie=mein-sohn-der-klugscheisser"]}]},{"@type":"ImageObject","inLanguage":"de","@id":"https:\/\/relevantfilm.de\/?movie=mein-sohn-der-klugscheisser#primaryimage","url":"https:\/\/relevantfilm.de\/wp-content\/uploads\/2019\/09\/Banner-Mein-Sohn-der-Klugscheisser.jpg","contentUrl":"https:\/\/relevantfilm.de\/wp-content\/uploads\/2019\/09\/Banner-Mein-Sohn-der-Klugscheisser.jpg","width":1024,"height":683,"caption":"Alwara H\u00f6fels (als Debbie) und Maximillian Ehrenreich (als Jer\u00f4me)"},{"@type":"BreadcrumbList","@id":"https:\/\/relevantfilm.de\/?movie=mein-sohn-der-klugscheisser#breadcrumb","itemListElement":[{"@type":"ListItem","position":1,"name":"Startseite","item":"https:\/\/relevantfilm.de\/"},{"@type":"ListItem","position":2,"name":"Movies","item":"https:\/\/relevantfilm.de\/?post_type=movie"},{"@type":"ListItem","position":3,"name":"Mein Sohn, der Klugschei\u00dfer"}]},{"@type":"WebSite","@id":"https:\/\/relevantfilm.de\/#website","url":"https:\/\/relevantfilm.de\/","name":"Relevant Film","description":"Filmproduktion Hamburg","potentialAction":[{"@type":"SearchAction","target":{"@type":"EntryPoint","urlTemplate":"https:\/\/relevantfilm.de\/?s={search_term_string}"},"query-input":{"@type":"PropertyValueSpecification","valueRequired":true,"valueName":"search_term_string"}}],"inLanguage":"de"}]}},"_links":{"self":[{"href":"https:\/\/relevantfilm.de\/index.php?rest_route=\/wp\/v2\/movies\/131","targetHints":{"allow":["GET"]}}],"collection":[{"href":"https:\/\/relevantfilm.de\/index.php?rest_route=\/wp\/v2\/movies"}],"about":[{"href":"https:\/\/relevantfilm.de\/index.php?rest_route=\/wp\/v2\/types\/movie"}],"author":[{"embeddable":true,"href":"https:\/\/relevantfilm.de\/index.php?rest_route=\/wp\/v2\/users\/3"}],"wp:featuredmedia":[{"embeddable":true,"href":"https:\/\/relevantfilm.de\/index.php?rest_route=\/wp\/v2\/media\/2171"}],"wp:attachment":[{"href":"https:\/\/relevantfilm.de\/index.php?rest_route=%2Fwp%2Fv2%2Fmedia&parent=131"}],"wp:term":[{"taxonomy":"movie_cat","embeddable":true,"href":"https:\/\/relevantfilm.de\/index.php?rest_route=%2Fwp%2Fv2%2Fmovie_cats&post=131"},{"taxonomy":"movie_flag","embeddable":true,"href":"https:\/\/relevantfilm.de\/index.php?rest_route=%2Fwp%2Fv2%2Fmovie_flags&post=131"}],"curies":[{"name":"wp","href":"https:\/\/api.w.org\/{rel}","templated":true}]}}