{"id":141,"date":"2012-09-13T16:02:00","date_gmt":"2012-09-13T14:02:00","guid":{"rendered":"https:\/\/relevantfilm.clusterzone.de\/?p=141"},"modified":"2023-05-04T14:11:15","modified_gmt":"2023-05-04T12:11:15","slug":"mit-geradem-ruecken","status":"publish","type":"movie","link":"https:\/\/relevantfilm.de\/?movie=mit-geradem-ruecken","title":{"rendered":"Mit geradem R\u00fccken"},"content":{"rendered":"\n<p>Mit einem Schlag ger\u00e4t Hellas (<strong>Ann-Katrin Kramer<\/strong>)heile Arbeitswelt jedoch au\u00dfer Tritt. Sie bekommt mit, dass ihr Chef Braunstein eines ihrer Zimmerm\u00e4dchen, Shirin (<strong>Pegah Ferydoni<\/strong>), sexuell bel\u00e4stigt. Hella versucht erst allein, dann mit R\u00fcckerts Hilfe, die Angelegenheit zu regeln. Ungl\u00e4ubig entdeckt Hella, dass trotz R\u00fcckerts Beteuerungen Braunsteins \u00dcbergriffe weiter gehen. Aber ihr couragierter Einsatz f\u00fcr Shirin, kehrt sich schnell gegen sie. Braunstein \u00fcberrascht Hella in der Tiefgarage, befingert und bedroht sie.<\/p>\n\n\n\n<figure class=\"wp-block-gallery has-nested-images columns-default is-cropped wp-block-gallery-1 is-layout-flex wp-block-gallery-is-layout-flex\">\n<figure class=\"wp-block-image size-large\"><a href=\"https:\/\/relevantfilm.de\/wp-content\/uploads\/2019\/09\/Mit-geradem-Ruecken-01.jpg\"><img loading=\"lazy\" decoding=\"async\" width=\"1024\" height=\"683\" data-id=\"2178\" src=\"https:\/\/relevantfilm.de\/wp-content\/uploads\/2019\/09\/Mit-geradem-Ruecken-01.jpg\" alt=\"\" class=\"wp-image-2178\" srcset=\"https:\/\/relevantfilm.de\/wp-content\/uploads\/2019\/09\/Mit-geradem-Ruecken-01.jpg 1024w, https:\/\/relevantfilm.de\/wp-content\/uploads\/2019\/09\/Mit-geradem-Ruecken-01-300x200.jpg 300w, https:\/\/relevantfilm.de\/wp-content\/uploads\/2019\/09\/Mit-geradem-Ruecken-01-768x512.jpg 768w\" sizes=\"(max-width: 1024px) 100vw, 1024px\" \/><\/a><\/figure>\n\n\n\n<figure class=\"wp-block-image size-large\"><a href=\"https:\/\/relevantfilm.de\/wp-content\/uploads\/2019\/09\/Mit-geradem-Ruecken-02.jpg\"><img loading=\"lazy\" decoding=\"async\" width=\"1024\" height=\"683\" data-id=\"2175\" src=\"https:\/\/relevantfilm.de\/wp-content\/uploads\/2019\/09\/Mit-geradem-Ruecken-02.jpg\" alt=\"\" class=\"wp-image-2175\" srcset=\"https:\/\/relevantfilm.de\/wp-content\/uploads\/2019\/09\/Mit-geradem-Ruecken-02.jpg 1024w, https:\/\/relevantfilm.de\/wp-content\/uploads\/2019\/09\/Mit-geradem-Ruecken-02-300x200.jpg 300w, https:\/\/relevantfilm.de\/wp-content\/uploads\/2019\/09\/Mit-geradem-Ruecken-02-768x512.jpg 768w\" sizes=\"(max-width: 1024px) 100vw, 1024px\" \/><\/a><\/figure>\n<\/figure>\n\n\n\n<p>Ohne konkreten Beweis bekommt sie weder von R\u00fcckert noch von der Polizei Unterst\u00fctzung. Hella muss fassungslos feststellen, dass nicht Braunstein am Pranger steht, sondern sie selbst als \u201eNestbeschmutzerin\u201c: Sie erh\u00e4lt wegen Rufsch\u00e4digung die fristlose K\u00fcndigung.<br>Keine Arbeit, kein Einkommen, null Aussichten f\u00fcr eine neue Stelle. Hellas Widerstandsgeist ist gebrochen, ein hilfloses Opfer im Spiel der Macht. Aber sie kann und will nicht mit diesem Makel leben. Sie will Gerechtigkeit.<br>Hella verschafft sich Zutritt zu einer Firmenfeier und konfrontiert Braunstein vor allen Angestellten mit der Wahrheit. Als erst ihre Rivalin Vera, dann auch noch Shirin von weiteren \u00dcbergriffen berichten, bleibt Braunstein nur die Flucht.<\/p>\n\n\n\n<figure class=\"wp-block-image size-full\"><img loading=\"lazy\" decoding=\"async\" width=\"1024\" height=\"683\" src=\"https:\/\/relevantfilm.de\/wp-content\/uploads\/2019\/09\/Mit-geradem-Ruecken-03.jpg\" alt=\"\" class=\"wp-image-2176\" srcset=\"https:\/\/relevantfilm.de\/wp-content\/uploads\/2019\/09\/Mit-geradem-Ruecken-03.jpg 1024w, https:\/\/relevantfilm.de\/wp-content\/uploads\/2019\/09\/Mit-geradem-Ruecken-03-300x200.jpg 300w, https:\/\/relevantfilm.de\/wp-content\/uploads\/2019\/09\/Mit-geradem-Ruecken-03-768x512.jpg 768w\" sizes=\"(max-width: 1024px) 100vw, 1024px\" \/><\/figure>\n\n\n\n<p><strong>Cast<\/strong><\/p>\n\n\n\n<p><strong>Ann-Kathrin Kramer \u01c0 Pegah Ferydoni \u01c0 Kai Wiesinger \u01c0 Hans L\u00f6w \u01c0 Stefanie H\u00f6ner \u01c0 Floriane Daniel \u01c0 Julian Weigend \u01c0 Franziska Troegner \u01c0 Dagmar Sachse \u01c0 Lion Wasczyk \u01c0 Ramin Yazdani \u01c0 Adriana Altaras \u01c0 Victoria Sturm \u01c0 Robert Schupp \u01c0 Laura Lo Zito \u01c0 Malina Ebert \u01c0 Jessica McIntyre \u01c0 Michaela Wiebusch \u01c0 Raphael Vogt u.v.a.<\/strong><\/p>\n\n\n\n<p><strong>Team<\/strong><\/p>\n\n\n\n<p>Buch&nbsp;<strong>Sophia Krapoth&nbsp;<\/strong>\u01c0 Regie&nbsp;<strong>Florian Froschmayer&nbsp;<\/strong>\u01c0 Kamera&nbsp;<strong>Patrick-David Kaethner&nbsp;<\/strong>\u01c0 Musik&nbsp;<strong>Oliver Kranz&nbsp;<\/strong>\u01c0 Schnitt&nbsp;<strong>Claudia Klook&nbsp;<\/strong>\u01c0 Szenenbild&nbsp;<strong>Sonja Str\u00f6mer&nbsp;<\/strong>\u01c0 Kost\u00fcm&nbsp;<strong>Katja E. Waffenschmied&nbsp;<\/strong>\u01c0 Ton&nbsp;<strong>Siegfried Sellentin&nbsp;<\/strong>\u01c0 Maske&nbsp;<strong>Bothilla Bergschmidt, Diana von Stanislaswki&nbsp;<\/strong>&nbsp;Casting&nbsp;<strong>Gitta Uhlig&nbsp;<\/strong>\u01c0 Produktionsleitung&nbsp;<strong>Andrea Bockelmann&nbsp;<\/strong>\u01c0 Herstellungsleitung&nbsp;<strong>Jan Philip Lange&nbsp;<\/strong>\u01c0 Redaktion Sat.1&nbsp;<strong>Solveig Willkommen, Jochen Ketschau&nbsp;<\/strong>\u01c0 Producer&nbsp;<strong>Karsten Willutzki&nbsp;<\/strong>\u01c0 Produzentin&nbsp;<strong>Heike Wiehle-Timm<\/strong><\/p>\n\n\n\n<p>&nbsp;<strong>Produktion<\/strong><\/p>\n\n\n\n<ul class=\"wp-block-list\">\n<li>Eine Relevant Film Produktion im Auftrag von Sat.1, 2012<\/li>\n<\/ul>\n\n\n\n<p><strong>Festivals \u01c0 Preise<\/strong><\/p>\n\n\n\n<ul class=\"wp-block-list\">\n<li>Er\u00f6ffnungsfilm der Fernseh-Sektion 16:9, Filmfest Hamburg 2012<\/li>\n\n\n\n<li>34. Biberacher Filmfestspiele 2012<\/li>\n\n\n\n<li>Symposium mit dem Thema \u201eW\u00fcrde im Film\u201c, Samstag, 16.03.2013, Rom\/Vatikanstadt Festival<\/li>\n<\/ul>\n\n\n\n<p class=\"has-small-font-size\"><strong>Bildnachweis<\/strong> I \u201aMit geradem R\u00fccken\u2018 \u00a9 SAT.1 I Georges Pauly<\/p>\n","protected":false},"author":3,"featured_media":2177,"template":"","movie_cats":[6,3],"movie_flags":[],"class_list":["post-141","movie","type-movie","status-publish","has-post-thumbnail","hentry","movie_cat-unsere-filme","movie_cat-fernsehen"],"acf":[],"yoast_head":"<!-- This site is optimized with the Yoast SEO plugin v27.4 - https:\/\/yoast.com\/product\/yoast-seo-wordpress\/ -->\n<title>Mit geradem R\u00fccken - Relevant Film<\/title>\n<meta name=\"robots\" content=\"index, follow, max-snippet:-1, max-image-preview:large, max-video-preview:-1\" \/>\n<link rel=\"canonical\" href=\"https:\/\/relevantfilm.de\/?movie=mit-geradem-ruecken\" \/>\n<meta property=\"og:locale\" content=\"de_DE\" \/>\n<meta property=\"og:type\" content=\"article\" \/>\n<meta property=\"og:title\" content=\"Mit geradem R\u00fccken - Relevant Film\" \/>\n<meta property=\"og:description\" content=\"Mit einem Schlag ger\u00e4t Hellas (Ann-Katrin Kramer)heile Arbeitswelt jedoch au\u00dfer Tritt. Sie bekommt mit, dass ihr Chef Braunstein eines ihrer Zimmerm\u00e4dchen, Shirin (Pegah Ferydoni), sexuell bel\u00e4stigt. Hella versucht erst allein, dann mit R\u00fcckerts Hilfe, die Angelegenheit zu regeln. Ungl\u00e4ubig entdeckt Hella, dass trotz R\u00fcckerts Beteuerungen Braunsteins \u00dcbergriffe weiter gehen. Aber ihr couragierter Einsatz f\u00fcr Shirin, [&hellip;]\" \/>\n<meta property=\"og:url\" content=\"https:\/\/relevantfilm.de\/?movie=mit-geradem-ruecken\" \/>\n<meta property=\"og:site_name\" content=\"Relevant Film\" \/>\n<meta property=\"article:modified_time\" content=\"2023-05-04T12:11:15+00:00\" \/>\n<meta property=\"og:image\" content=\"https:\/\/relevantfilm.de\/wp-content\/uploads\/2019\/09\/Banner-Mit-geradem-Ruecken.jpg\" \/>\n\t<meta property=\"og:image:width\" content=\"1024\" \/>\n\t<meta property=\"og:image:height\" content=\"683\" \/>\n\t<meta property=\"og:image:type\" content=\"image\/jpeg\" \/>\n<meta name=\"twitter:card\" content=\"summary_large_image\" \/>\n<meta name=\"twitter:label1\" content=\"Gesch\u00e4tzte Lesezeit\" \/>\n\t<meta name=\"twitter:data1\" content=\"3\u00a0Minuten\" \/>\n<script type=\"application\/ld+json\" class=\"yoast-schema-graph\">{\"@context\":\"https:\\\/\\\/schema.org\",\"@graph\":[{\"@type\":\"WebPage\",\"@id\":\"https:\\\/\\\/relevantfilm.de\\\/?movie=mit-geradem-ruecken\",\"url\":\"https:\\\/\\\/relevantfilm.de\\\/?movie=mit-geradem-ruecken\",\"name\":\"Mit geradem R\u00fccken - Relevant Film\",\"isPartOf\":{\"@id\":\"https:\\\/\\\/relevantfilm.de\\\/#website\"},\"primaryImageOfPage\":{\"@id\":\"https:\\\/\\\/relevantfilm.de\\\/?movie=mit-geradem-ruecken#primaryimage\"},\"image\":{\"@id\":\"https:\\\/\\\/relevantfilm.de\\\/?movie=mit-geradem-ruecken#primaryimage\"},\"thumbnailUrl\":\"https:\\\/\\\/relevantfilm.de\\\/wp-content\\\/uploads\\\/2019\\\/09\\\/Banner-Mit-geradem-Ruecken.jpg\",\"datePublished\":\"2012-09-13T14:02:00+00:00\",\"dateModified\":\"2023-05-04T12:11:15+00:00\",\"breadcrumb\":{\"@id\":\"https:\\\/\\\/relevantfilm.de\\\/?movie=mit-geradem-ruecken#breadcrumb\"},\"inLanguage\":\"de\",\"potentialAction\":[{\"@type\":\"ReadAction\",\"target\":[\"https:\\\/\\\/relevantfilm.de\\\/?movie=mit-geradem-ruecken\"]}]},{\"@type\":\"ImageObject\",\"inLanguage\":\"de\",\"@id\":\"https:\\\/\\\/relevantfilm.de\\\/?movie=mit-geradem-ruecken#primaryimage\",\"url\":\"https:\\\/\\\/relevantfilm.de\\\/wp-content\\\/uploads\\\/2019\\\/09\\\/Banner-Mit-geradem-Ruecken.jpg\",\"contentUrl\":\"https:\\\/\\\/relevantfilm.de\\\/wp-content\\\/uploads\\\/2019\\\/09\\\/Banner-Mit-geradem-Ruecken.jpg\",\"width\":1024,\"height\":683,\"caption\":\"Kai Wiesinger (als Braunstein) und Pegah Ferydoni (als Shirin)\"},{\"@type\":\"BreadcrumbList\",\"@id\":\"https:\\\/\\\/relevantfilm.de\\\/?movie=mit-geradem-ruecken#breadcrumb\",\"itemListElement\":[{\"@type\":\"ListItem\",\"position\":1,\"name\":\"Startseite\",\"item\":\"https:\\\/\\\/relevantfilm.de\\\/\"},{\"@type\":\"ListItem\",\"position\":2,\"name\":\"Movies\",\"item\":\"https:\\\/\\\/relevantfilm.de\\\/?post_type=movie\"},{\"@type\":\"ListItem\",\"position\":3,\"name\":\"Mit geradem R\u00fccken\"}]},{\"@type\":\"WebSite\",\"@id\":\"https:\\\/\\\/relevantfilm.de\\\/#website\",\"url\":\"https:\\\/\\\/relevantfilm.de\\\/\",\"name\":\"Relevant Film\",\"description\":\"Filmproduktion Hamburg\",\"potentialAction\":[{\"@type\":\"SearchAction\",\"target\":{\"@type\":\"EntryPoint\",\"urlTemplate\":\"https:\\\/\\\/relevantfilm.de\\\/?s={search_term_string}\"},\"query-input\":{\"@type\":\"PropertyValueSpecification\",\"valueRequired\":true,\"valueName\":\"search_term_string\"}}],\"inLanguage\":\"de\"}]}<\/script>\n<!-- \/ Yoast SEO plugin. -->","yoast_head_json":{"title":"Mit geradem R\u00fccken - Relevant Film","robots":{"index":"index","follow":"follow","max-snippet":"max-snippet:-1","max-image-preview":"max-image-preview:large","max-video-preview":"max-video-preview:-1"},"canonical":"https:\/\/relevantfilm.de\/?movie=mit-geradem-ruecken","og_locale":"de_DE","og_type":"article","og_title":"Mit geradem R\u00fccken - Relevant Film","og_description":"Mit einem Schlag ger\u00e4t Hellas (Ann-Katrin Kramer)heile Arbeitswelt jedoch au\u00dfer Tritt. Sie bekommt mit, dass ihr Chef Braunstein eines ihrer Zimmerm\u00e4dchen, Shirin (Pegah Ferydoni), sexuell bel\u00e4stigt. Hella versucht erst allein, dann mit R\u00fcckerts Hilfe, die Angelegenheit zu regeln. Ungl\u00e4ubig entdeckt Hella, dass trotz R\u00fcckerts Beteuerungen Braunsteins \u00dcbergriffe weiter gehen. Aber ihr couragierter Einsatz f\u00fcr Shirin, [&hellip;]","og_url":"https:\/\/relevantfilm.de\/?movie=mit-geradem-ruecken","og_site_name":"Relevant Film","article_modified_time":"2023-05-04T12:11:15+00:00","og_image":[{"width":1024,"height":683,"url":"https:\/\/relevantfilm.de\/wp-content\/uploads\/2019\/09\/Banner-Mit-geradem-Ruecken.jpg","type":"image\/jpeg"}],"twitter_card":"summary_large_image","twitter_misc":{"Gesch\u00e4tzte Lesezeit":"3\u00a0Minuten"},"schema":{"@context":"https:\/\/schema.org","@graph":[{"@type":"WebPage","@id":"https:\/\/relevantfilm.de\/?movie=mit-geradem-ruecken","url":"https:\/\/relevantfilm.de\/?movie=mit-geradem-ruecken","name":"Mit geradem R\u00fccken - Relevant Film","isPartOf":{"@id":"https:\/\/relevantfilm.de\/#website"},"primaryImageOfPage":{"@id":"https:\/\/relevantfilm.de\/?movie=mit-geradem-ruecken#primaryimage"},"image":{"@id":"https:\/\/relevantfilm.de\/?movie=mit-geradem-ruecken#primaryimage"},"thumbnailUrl":"https:\/\/relevantfilm.de\/wp-content\/uploads\/2019\/09\/Banner-Mit-geradem-Ruecken.jpg","datePublished":"2012-09-13T14:02:00+00:00","dateModified":"2023-05-04T12:11:15+00:00","breadcrumb":{"@id":"https:\/\/relevantfilm.de\/?movie=mit-geradem-ruecken#breadcrumb"},"inLanguage":"de","potentialAction":[{"@type":"ReadAction","target":["https:\/\/relevantfilm.de\/?movie=mit-geradem-ruecken"]}]},{"@type":"ImageObject","inLanguage":"de","@id":"https:\/\/relevantfilm.de\/?movie=mit-geradem-ruecken#primaryimage","url":"https:\/\/relevantfilm.de\/wp-content\/uploads\/2019\/09\/Banner-Mit-geradem-Ruecken.jpg","contentUrl":"https:\/\/relevantfilm.de\/wp-content\/uploads\/2019\/09\/Banner-Mit-geradem-Ruecken.jpg","width":1024,"height":683,"caption":"Kai Wiesinger (als Braunstein) und Pegah Ferydoni (als Shirin)"},{"@type":"BreadcrumbList","@id":"https:\/\/relevantfilm.de\/?movie=mit-geradem-ruecken#breadcrumb","itemListElement":[{"@type":"ListItem","position":1,"name":"Startseite","item":"https:\/\/relevantfilm.de\/"},{"@type":"ListItem","position":2,"name":"Movies","item":"https:\/\/relevantfilm.de\/?post_type=movie"},{"@type":"ListItem","position":3,"name":"Mit geradem R\u00fccken"}]},{"@type":"WebSite","@id":"https:\/\/relevantfilm.de\/#website","url":"https:\/\/relevantfilm.de\/","name":"Relevant Film","description":"Filmproduktion Hamburg","potentialAction":[{"@type":"SearchAction","target":{"@type":"EntryPoint","urlTemplate":"https:\/\/relevantfilm.de\/?s={search_term_string}"},"query-input":{"@type":"PropertyValueSpecification","valueRequired":true,"valueName":"search_term_string"}}],"inLanguage":"de"}]}},"_links":{"self":[{"href":"https:\/\/relevantfilm.de\/index.php?rest_route=\/wp\/v2\/movies\/141","targetHints":{"allow":["GET"]}}],"collection":[{"href":"https:\/\/relevantfilm.de\/index.php?rest_route=\/wp\/v2\/movies"}],"about":[{"href":"https:\/\/relevantfilm.de\/index.php?rest_route=\/wp\/v2\/types\/movie"}],"author":[{"embeddable":true,"href":"https:\/\/relevantfilm.de\/index.php?rest_route=\/wp\/v2\/users\/3"}],"wp:featuredmedia":[{"embeddable":true,"href":"https:\/\/relevantfilm.de\/index.php?rest_route=\/wp\/v2\/media\/2177"}],"wp:attachment":[{"href":"https:\/\/relevantfilm.de\/index.php?rest_route=%2Fwp%2Fv2%2Fmedia&parent=141"}],"wp:term":[{"taxonomy":"movie_cat","embeddable":true,"href":"https:\/\/relevantfilm.de\/index.php?rest_route=%2Fwp%2Fv2%2Fmovie_cats&post=141"},{"taxonomy":"movie_flag","embeddable":true,"href":"https:\/\/relevantfilm.de\/index.php?rest_route=%2Fwp%2Fv2%2Fmovie_flags&post=141"}],"curies":[{"name":"wp","href":"https:\/\/api.w.org\/{rel}","templated":true}]}}