{"id":146,"date":"2010-04-24T15:22:00","date_gmt":"2010-04-24T13:22:00","guid":{"rendered":"https:\/\/relevantfilm.clusterzone.de\/?p=146"},"modified":"2023-05-04T14:34:38","modified_gmt":"2023-05-04T12:34:38","slug":"rennschwein-rudi-ruessel-staffel-3","status":"publish","type":"movie","link":"https:\/\/relevantfilm.de\/?movie=rennschwein-rudi-ruessel-staffel-3","title":{"rendered":"Rennschwein Rudi R\u00fcssel \u2013 Staffel 3"},"content":{"rendered":"\n<p>Doch pl\u00f6tzlich ist Rudi spurlos verschwunden! Der Metzger hat ihn einfach mitgenommen. Sofort starten Fritz und Ayla ein Rettungskommando und alarmieren auch ihre Eltern. Die deutsch-t\u00fcrkische Patchworkfamilie macht sich auf zur Schlachterei: In letzter Sekunde gelingt es ihnen, Rudi zu retten.<\/p>\n\n\n\n<figure class=\"wp-block-gallery has-nested-images columns-default is-cropped wp-block-gallery-1 is-layout-flex wp-block-gallery-is-layout-flex\">\n<figure class=\"wp-block-image size-large\"><a href=\"https:\/\/relevantfilm.de\/wp-content\/uploads\/2023\/03\/Rennschwein-Rudi-Ruessel-S3-02-scaled.jpg\"><img loading=\"lazy\" decoding=\"async\" width=\"1024\" height=\"683\" data-id=\"1973\" src=\"https:\/\/relevantfilm.de\/wp-content\/uploads\/2023\/03\/Rennschwein-Rudi-Ruessel-S3-02-1024x683.jpg\" alt=\"\" class=\"wp-image-1973\" srcset=\"https:\/\/relevantfilm.de\/wp-content\/uploads\/2023\/03\/Rennschwein-Rudi-Ruessel-S3-02-1024x683.jpg 1024w, https:\/\/relevantfilm.de\/wp-content\/uploads\/2023\/03\/Rennschwein-Rudi-Ruessel-S3-02-300x200.jpg 300w, https:\/\/relevantfilm.de\/wp-content\/uploads\/2023\/03\/Rennschwein-Rudi-Ruessel-S3-02-768x512.jpg 768w, https:\/\/relevantfilm.de\/wp-content\/uploads\/2023\/03\/Rennschwein-Rudi-Ruessel-S3-02-1536x1024.jpg 1536w, https:\/\/relevantfilm.de\/wp-content\/uploads\/2023\/03\/Rennschwein-Rudi-Ruessel-S3-02-2048x1365.jpg 2048w\" sizes=\"(max-width: 1024px) 100vw, 1024px\" \/><\/a><\/figure>\n\n\n\n<figure class=\"wp-block-image size-large\"><a href=\"https:\/\/relevantfilm.de\/wp-content\/uploads\/2023\/03\/Rennschwein-Rudi-Ruessel-S3-03-scaled.jpg\"><img loading=\"lazy\" decoding=\"async\" width=\"1024\" height=\"683\" data-id=\"1974\" src=\"https:\/\/relevantfilm.de\/wp-content\/uploads\/2023\/03\/Rennschwein-Rudi-Ruessel-S3-03-1024x683.jpg\" alt=\"\" class=\"wp-image-1974\" srcset=\"https:\/\/relevantfilm.de\/wp-content\/uploads\/2023\/03\/Rennschwein-Rudi-Ruessel-S3-03-1024x683.jpg 1024w, https:\/\/relevantfilm.de\/wp-content\/uploads\/2023\/03\/Rennschwein-Rudi-Ruessel-S3-03-300x200.jpg 300w, https:\/\/relevantfilm.de\/wp-content\/uploads\/2023\/03\/Rennschwein-Rudi-Ruessel-S3-03-768x512.jpg 768w, https:\/\/relevantfilm.de\/wp-content\/uploads\/2023\/03\/Rennschwein-Rudi-Ruessel-S3-03-1536x1024.jpg 1536w, https:\/\/relevantfilm.de\/wp-content\/uploads\/2023\/03\/Rennschwein-Rudi-Ruessel-S3-03-2048x1365.jpg 2048w\" sizes=\"(max-width: 1024px) 100vw, 1024px\" \/><\/a><\/figure>\n\n\n\n<figure class=\"wp-block-image size-large\"><a href=\"https:\/\/relevantfilm.de\/wp-content\/uploads\/2023\/03\/RRR_Staffel3_OmaBetty_OpaOskar-scaled.jpg\"><img loading=\"lazy\" decoding=\"async\" width=\"1024\" height=\"683\" data-id=\"1976\" src=\"https:\/\/relevantfilm.de\/wp-content\/uploads\/2023\/03\/RRR_Staffel3_OmaBetty_OpaOskar-1024x683.jpg\" alt=\"\" class=\"wp-image-1976\" srcset=\"https:\/\/relevantfilm.de\/wp-content\/uploads\/2023\/03\/RRR_Staffel3_OmaBetty_OpaOskar-1024x683.jpg 1024w, https:\/\/relevantfilm.de\/wp-content\/uploads\/2023\/03\/RRR_Staffel3_OmaBetty_OpaOskar-300x200.jpg 300w, https:\/\/relevantfilm.de\/wp-content\/uploads\/2023\/03\/RRR_Staffel3_OmaBetty_OpaOskar-768x512.jpg 768w, https:\/\/relevantfilm.de\/wp-content\/uploads\/2023\/03\/RRR_Staffel3_OmaBetty_OpaOskar-1536x1024.jpg 1536w, https:\/\/relevantfilm.de\/wp-content\/uploads\/2023\/03\/RRR_Staffel3_OmaBetty_OpaOskar-2048x1365.jpg 2048w\" sizes=\"(max-width: 1024px) 100vw, 1024px\" \/><\/a><\/figure>\n\n\n\n<figure class=\"wp-block-image size-large\"><a href=\"https:\/\/relevantfilm.de\/wp-content\/uploads\/2023\/03\/Rennschwein-Rudi-Ruessel-S3-04-scaled.jpg\"><img loading=\"lazy\" decoding=\"async\" width=\"1024\" height=\"683\" data-id=\"1975\" src=\"https:\/\/relevantfilm.de\/wp-content\/uploads\/2023\/03\/Rennschwein-Rudi-Ruessel-S3-04-1024x683.jpg\" alt=\"\" class=\"wp-image-1975\" srcset=\"https:\/\/relevantfilm.de\/wp-content\/uploads\/2023\/03\/Rennschwein-Rudi-Ruessel-S3-04-1024x683.jpg 1024w, https:\/\/relevantfilm.de\/wp-content\/uploads\/2023\/03\/Rennschwein-Rudi-Ruessel-S3-04-300x200.jpg 300w, https:\/\/relevantfilm.de\/wp-content\/uploads\/2023\/03\/Rennschwein-Rudi-Ruessel-S3-04-768x512.jpg 768w, https:\/\/relevantfilm.de\/wp-content\/uploads\/2023\/03\/Rennschwein-Rudi-Ruessel-S3-04-1536x1024.jpg 1536w, https:\/\/relevantfilm.de\/wp-content\/uploads\/2023\/03\/Rennschwein-Rudi-Ruessel-S3-04-2048x1365.jpg 2048w\" sizes=\"(max-width: 1024px) 100vw, 1024px\" \/><\/a><\/figure>\n<\/figure>\n\n\n\n<p><strong>Cast<\/strong><\/p>\n\n\n\n<p><strong>Lukas Karlsch I Aylin Yelda \u015eeng\u00fcl I Martin Lindow I Ilknur Boyraz I Regine Vergeen I Peter Franke I Imge \u00dcnl\u00fc I Andreas Windhuis I Nadine K\u00f6sters I Eric Ventker I David Halina I Lucien le Rest I Patrick M\u00f6lleken I Tim Seyfi I Helin Uysal I Sema Poyraz I Orhan G\u00fcner und Rudi als Rudi R\u00fcsse u.v.a.<\/strong><\/p>\n\n\n\n<p><strong>Team<\/strong><\/p>\n\n\n\n<p>Buch&nbsp;<strong>David Ungureit, Gabriele Kob, Manfred Kosmann&nbsp;<\/strong>frei nach Motiven des gleichnamigens Romans von&nbsp;<strong>Uwe Timm<\/strong>&nbsp; I Regie&nbsp;<strong>Wolfgang Groos, Rolf Wellingerhof<\/strong>,&nbsp;<strong>Katharina Reschke<\/strong>I Kamera&nbsp;<strong>Christopher Rowe,&nbsp;Harald Cremer&nbsp;<\/strong>I&nbsp; Montage&nbsp;<strong>Katharina Schmidt, Jens M\u00fcller<\/strong>&nbsp; I Ton&nbsp;<strong>Till R\u00f6llinghoff<\/strong>I Musik&nbsp;<strong>Helmut Zerlett, Christoph Zirngibl&nbsp;<\/strong>I Mischung&nbsp;<strong>Gerald Cronauer&nbsp;<\/strong>I Szenenbild&nbsp;<strong>Ellen Latz I&nbsp;<\/strong>Kost\u00fcm&nbsp;<strong>Juliane Brandes&nbsp;<\/strong>I Maske&nbsp;<strong>Carola Wetzel, Bettina Heyl&nbsp;<\/strong>I Casting&nbsp;<strong>Gitta Uhlig&nbsp;<\/strong>I Produktionsleitung&nbsp;<strong>Marc Grewe&nbsp;<\/strong>I Herstellungsleitung&nbsp;<strong>Jan Philip Lange&nbsp;<\/strong>I Producer&nbsp;<strong>Karsten Willutzki&nbsp;<\/strong>I Redaktion WDR&nbsp;<strong>Brigitta M\u00fchlenbeck&nbsp;<\/strong>I Produzentin&nbsp;<strong>Heike Wiehle-Timm<\/strong><\/p>\n\n\n\n<p><strong>Produktion<\/strong><\/p>\n\n\n\n<ul class=\"wp-block-list\">\n<li>Eine Relevant Film Produktion im Auftrag&nbsp;des WDR\/ARD, 2010<\/li>\n\n\n\n<li>04.2010, 08:40 Uhr, ARD<\/li>\n<\/ul>\n\n\n\n<p><strong>Folgen<\/strong><\/p>\n\n\n\n<ul class=\"wp-block-list\">\n<li>Folge 27 \u201eRudi und der Metzger\u201c<\/li>\n\n\n\n<li>Folge 28 \u201eRudi macht Theater\u201c<\/li>\n\n\n\n<li>Folge 29 \u201eRudi, der Lockvogel\u201c<\/li>\n\n\n\n<li>Folge 30 \u201eRudi und Rudi\u201c<\/li>\n\n\n\n<li>Folge 31 \u201eRudi rennt wieder\u201c<\/li>\n\n\n\n<li>Folge 32 \u201eRudi und das Zuckerfest\u201c<\/li>\n\n\n\n<li>Folge 33 \u201eRudi, der T\u00fcrke\u201c<\/li>\n\n\n\n<li>Folge 34 \u201eRudis Mama\u201c<\/li>\n\n\n\n<li>Folge 35 \u201eRudi, der L\u00fcgner\u201c<\/li>\n\n\n\n<li>Folge 36 \u201eEin Kuss f\u00fcr Rudi\u201c<\/li>\n\n\n\n<li>Folge 37 \u201eRudi und die Erpresser\u201c<\/li>\n\n\n\n<li>Folge 38 \u201eRudi und der vergessene Geburtstag\u201c<\/li>\n\n\n\n<li>Folge 39 \u201eRudi ist krank\u201c<\/li>\n<\/ul>\n\n\n\n<p><strong>Festivals I Preise<\/strong><\/p>\n\n\n\n<ul class=\"wp-block-list\">\n<li>Nominierung zum Kinder-Medien-Preis \u201cDer weisse Elefant\u201d 2010<\/li>\n\n\n\n<li>Nominierung zum Team Film Award 2010<br><em>\u201cBester Film\u201d<\/em> f\u00fcr Folge 37 \u201cRudi und die Erpresser\u201d (Regie: Wolfgang Groos)<\/li>\n\n\n\n<li>Festiwal Film\u00f3w Dzieciecych Galicja 2010\u201d (Polen)<\/li>\n<\/ul>\n\n\n\n<p class=\"has-small-font-size\"><strong>Bildnachweis<\/strong> I \u201aRennschwein Rudi R\u00fcssel \u2013 Die Serie 3. Staffel\u2018 \u00a9 WDR\/ARD I Frank Dicks<\/p>\n","protected":false},"author":3,"featured_media":1972,"template":"","movie_cats":[6,3],"movie_flags":[],"class_list":["post-146","movie","type-movie","status-publish","has-post-thumbnail","hentry","movie_cat-unsere-filme","movie_cat-fernsehen"],"acf":[],"yoast_head":"<!-- This site is optimized with the Yoast SEO plugin v27.4 - https:\/\/yoast.com\/product\/yoast-seo-wordpress\/ -->\n<title>Rennschwein Rudi R\u00fcssel \u2013 Staffel 3 - Relevant Film<\/title>\n<meta name=\"robots\" content=\"index, follow, max-snippet:-1, max-image-preview:large, max-video-preview:-1\" \/>\n<link rel=\"canonical\" href=\"https:\/\/relevantfilm.de\/?movie=rennschwein-rudi-ruessel-staffel-3\" \/>\n<meta property=\"og:locale\" content=\"de_DE\" \/>\n<meta property=\"og:type\" content=\"article\" \/>\n<meta property=\"og:title\" content=\"Rennschwein Rudi R\u00fcssel \u2013 Staffel 3 - Relevant Film\" \/>\n<meta property=\"og:description\" content=\"Doch pl\u00f6tzlich ist Rudi spurlos verschwunden! Der Metzger hat ihn einfach mitgenommen. Sofort starten Fritz und Ayla ein Rettungskommando und alarmieren auch ihre Eltern. Die deutsch-t\u00fcrkische Patchworkfamilie macht sich auf zur Schlachterei: In letzter Sekunde gelingt es ihnen, Rudi zu retten. Cast Lukas Karlsch I Aylin Yelda \u015eeng\u00fcl I Martin Lindow I Ilknur Boyraz I [&hellip;]\" \/>\n<meta property=\"og:url\" content=\"https:\/\/relevantfilm.de\/?movie=rennschwein-rudi-ruessel-staffel-3\" \/>\n<meta property=\"og:site_name\" content=\"Relevant Film\" \/>\n<meta property=\"article:modified_time\" content=\"2023-05-04T12:34:38+00:00\" \/>\n<meta property=\"og:image\" content=\"https:\/\/relevantfilm.de\/wp-content\/uploads\/2023\/03\/Banner-Rennschwein-Rudi-Ruessel-S3-01-scaled.jpg\" \/>\n\t<meta property=\"og:image:width\" content=\"2560\" \/>\n\t<meta property=\"og:image:height\" content=\"1707\" \/>\n\t<meta property=\"og:image:type\" content=\"image\/jpeg\" \/>\n<meta name=\"twitter:card\" content=\"summary_large_image\" \/>\n<meta name=\"twitter:label1\" content=\"Gesch\u00e4tzte Lesezeit\" \/>\n\t<meta name=\"twitter:data1\" content=\"3\u00a0Minuten\" \/>\n<script type=\"application\/ld+json\" class=\"yoast-schema-graph\">{\"@context\":\"https:\\\/\\\/schema.org\",\"@graph\":[{\"@type\":\"WebPage\",\"@id\":\"https:\\\/\\\/relevantfilm.de\\\/?movie=rennschwein-rudi-ruessel-staffel-3\",\"url\":\"https:\\\/\\\/relevantfilm.de\\\/?movie=rennschwein-rudi-ruessel-staffel-3\",\"name\":\"Rennschwein Rudi R\u00fcssel \u2013 Staffel 3 - Relevant Film\",\"isPartOf\":{\"@id\":\"https:\\\/\\\/relevantfilm.de\\\/#website\"},\"primaryImageOfPage\":{\"@id\":\"https:\\\/\\\/relevantfilm.de\\\/?movie=rennschwein-rudi-ruessel-staffel-3#primaryimage\"},\"image\":{\"@id\":\"https:\\\/\\\/relevantfilm.de\\\/?movie=rennschwein-rudi-ruessel-staffel-3#primaryimage\"},\"thumbnailUrl\":\"https:\\\/\\\/relevantfilm.de\\\/wp-content\\\/uploads\\\/2023\\\/03\\\/Banner-Rennschwein-Rudi-Ruessel-S3-01-scaled.jpg\",\"datePublished\":\"2010-04-24T13:22:00+00:00\",\"dateModified\":\"2023-05-04T12:34:38+00:00\",\"breadcrumb\":{\"@id\":\"https:\\\/\\\/relevantfilm.de\\\/?movie=rennschwein-rudi-ruessel-staffel-3#breadcrumb\"},\"inLanguage\":\"de\",\"potentialAction\":[{\"@type\":\"ReadAction\",\"target\":[\"https:\\\/\\\/relevantfilm.de\\\/?movie=rennschwein-rudi-ruessel-staffel-3\"]}]},{\"@type\":\"ImageObject\",\"inLanguage\":\"de\",\"@id\":\"https:\\\/\\\/relevantfilm.de\\\/?movie=rennschwein-rudi-ruessel-staffel-3#primaryimage\",\"url\":\"https:\\\/\\\/relevantfilm.de\\\/wp-content\\\/uploads\\\/2023\\\/03\\\/Banner-Rennschwein-Rudi-Ruessel-S3-01-scaled.jpg\",\"contentUrl\":\"https:\\\/\\\/relevantfilm.de\\\/wp-content\\\/uploads\\\/2023\\\/03\\\/Banner-Rennschwein-Rudi-Ruessel-S3-01-scaled.jpg\",\"width\":2560,\"height\":1707,\"caption\":\"\\\"Rennschwein Rudi R\u00fcssel\\\" (Die Serie). \u00a9 Relevant Film\\\/Frank Dicks.\"},{\"@type\":\"BreadcrumbList\",\"@id\":\"https:\\\/\\\/relevantfilm.de\\\/?movie=rennschwein-rudi-ruessel-staffel-3#breadcrumb\",\"itemListElement\":[{\"@type\":\"ListItem\",\"position\":1,\"name\":\"Startseite\",\"item\":\"https:\\\/\\\/relevantfilm.de\\\/\"},{\"@type\":\"ListItem\",\"position\":2,\"name\":\"Movies\",\"item\":\"https:\\\/\\\/relevantfilm.de\\\/?post_type=movie\"},{\"@type\":\"ListItem\",\"position\":3,\"name\":\"Rennschwein Rudi R\u00fcssel \u2013 Staffel 3\"}]},{\"@type\":\"WebSite\",\"@id\":\"https:\\\/\\\/relevantfilm.de\\\/#website\",\"url\":\"https:\\\/\\\/relevantfilm.de\\\/\",\"name\":\"Relevant Film\",\"description\":\"Filmproduktion Hamburg\",\"potentialAction\":[{\"@type\":\"SearchAction\",\"target\":{\"@type\":\"EntryPoint\",\"urlTemplate\":\"https:\\\/\\\/relevantfilm.de\\\/?s={search_term_string}\"},\"query-input\":{\"@type\":\"PropertyValueSpecification\",\"valueRequired\":true,\"valueName\":\"search_term_string\"}}],\"inLanguage\":\"de\"}]}<\/script>\n<!-- \/ Yoast SEO plugin. -->","yoast_head_json":{"title":"Rennschwein Rudi R\u00fcssel \u2013 Staffel 3 - Relevant Film","robots":{"index":"index","follow":"follow","max-snippet":"max-snippet:-1","max-image-preview":"max-image-preview:large","max-video-preview":"max-video-preview:-1"},"canonical":"https:\/\/relevantfilm.de\/?movie=rennschwein-rudi-ruessel-staffel-3","og_locale":"de_DE","og_type":"article","og_title":"Rennschwein Rudi R\u00fcssel \u2013 Staffel 3 - Relevant Film","og_description":"Doch pl\u00f6tzlich ist Rudi spurlos verschwunden! Der Metzger hat ihn einfach mitgenommen. Sofort starten Fritz und Ayla ein Rettungskommando und alarmieren auch ihre Eltern. Die deutsch-t\u00fcrkische Patchworkfamilie macht sich auf zur Schlachterei: In letzter Sekunde gelingt es ihnen, Rudi zu retten. Cast Lukas Karlsch I Aylin Yelda \u015eeng\u00fcl I Martin Lindow I Ilknur Boyraz I [&hellip;]","og_url":"https:\/\/relevantfilm.de\/?movie=rennschwein-rudi-ruessel-staffel-3","og_site_name":"Relevant Film","article_modified_time":"2023-05-04T12:34:38+00:00","og_image":[{"width":2560,"height":1707,"url":"https:\/\/relevantfilm.de\/wp-content\/uploads\/2023\/03\/Banner-Rennschwein-Rudi-Ruessel-S3-01-scaled.jpg","type":"image\/jpeg"}],"twitter_card":"summary_large_image","twitter_misc":{"Gesch\u00e4tzte Lesezeit":"3\u00a0Minuten"},"schema":{"@context":"https:\/\/schema.org","@graph":[{"@type":"WebPage","@id":"https:\/\/relevantfilm.de\/?movie=rennschwein-rudi-ruessel-staffel-3","url":"https:\/\/relevantfilm.de\/?movie=rennschwein-rudi-ruessel-staffel-3","name":"Rennschwein Rudi R\u00fcssel \u2013 Staffel 3 - Relevant Film","isPartOf":{"@id":"https:\/\/relevantfilm.de\/#website"},"primaryImageOfPage":{"@id":"https:\/\/relevantfilm.de\/?movie=rennschwein-rudi-ruessel-staffel-3#primaryimage"},"image":{"@id":"https:\/\/relevantfilm.de\/?movie=rennschwein-rudi-ruessel-staffel-3#primaryimage"},"thumbnailUrl":"https:\/\/relevantfilm.de\/wp-content\/uploads\/2023\/03\/Banner-Rennschwein-Rudi-Ruessel-S3-01-scaled.jpg","datePublished":"2010-04-24T13:22:00+00:00","dateModified":"2023-05-04T12:34:38+00:00","breadcrumb":{"@id":"https:\/\/relevantfilm.de\/?movie=rennschwein-rudi-ruessel-staffel-3#breadcrumb"},"inLanguage":"de","potentialAction":[{"@type":"ReadAction","target":["https:\/\/relevantfilm.de\/?movie=rennschwein-rudi-ruessel-staffel-3"]}]},{"@type":"ImageObject","inLanguage":"de","@id":"https:\/\/relevantfilm.de\/?movie=rennschwein-rudi-ruessel-staffel-3#primaryimage","url":"https:\/\/relevantfilm.de\/wp-content\/uploads\/2023\/03\/Banner-Rennschwein-Rudi-Ruessel-S3-01-scaled.jpg","contentUrl":"https:\/\/relevantfilm.de\/wp-content\/uploads\/2023\/03\/Banner-Rennschwein-Rudi-Ruessel-S3-01-scaled.jpg","width":2560,"height":1707,"caption":"\"Rennschwein Rudi R\u00fcssel\" (Die Serie). \u00a9 Relevant Film\/Frank Dicks."},{"@type":"BreadcrumbList","@id":"https:\/\/relevantfilm.de\/?movie=rennschwein-rudi-ruessel-staffel-3#breadcrumb","itemListElement":[{"@type":"ListItem","position":1,"name":"Startseite","item":"https:\/\/relevantfilm.de\/"},{"@type":"ListItem","position":2,"name":"Movies","item":"https:\/\/relevantfilm.de\/?post_type=movie"},{"@type":"ListItem","position":3,"name":"Rennschwein Rudi R\u00fcssel \u2013 Staffel 3"}]},{"@type":"WebSite","@id":"https:\/\/relevantfilm.de\/#website","url":"https:\/\/relevantfilm.de\/","name":"Relevant Film","description":"Filmproduktion Hamburg","potentialAction":[{"@type":"SearchAction","target":{"@type":"EntryPoint","urlTemplate":"https:\/\/relevantfilm.de\/?s={search_term_string}"},"query-input":{"@type":"PropertyValueSpecification","valueRequired":true,"valueName":"search_term_string"}}],"inLanguage":"de"}]}},"_links":{"self":[{"href":"https:\/\/relevantfilm.de\/index.php?rest_route=\/wp\/v2\/movies\/146","targetHints":{"allow":["GET"]}}],"collection":[{"href":"https:\/\/relevantfilm.de\/index.php?rest_route=\/wp\/v2\/movies"}],"about":[{"href":"https:\/\/relevantfilm.de\/index.php?rest_route=\/wp\/v2\/types\/movie"}],"author":[{"embeddable":true,"href":"https:\/\/relevantfilm.de\/index.php?rest_route=\/wp\/v2\/users\/3"}],"wp:featuredmedia":[{"embeddable":true,"href":"https:\/\/relevantfilm.de\/index.php?rest_route=\/wp\/v2\/media\/1972"}],"wp:attachment":[{"href":"https:\/\/relevantfilm.de\/index.php?rest_route=%2Fwp%2Fv2%2Fmedia&parent=146"}],"wp:term":[{"taxonomy":"movie_cat","embeddable":true,"href":"https:\/\/relevantfilm.de\/index.php?rest_route=%2Fwp%2Fv2%2Fmovie_cats&post=146"},{"taxonomy":"movie_flag","embeddable":true,"href":"https:\/\/relevantfilm.de\/index.php?rest_route=%2Fwp%2Fv2%2Fmovie_flags&post=146"}],"curies":[{"name":"wp","href":"https:\/\/api.w.org\/{rel}","templated":true}]}}