{"id":159,"date":"2019-12-15T14:07:00","date_gmt":"2019-12-15T13:07:00","guid":{"rendered":"https:\/\/relevantfilm.clusterzone.de\/?p=159"},"modified":"2023-05-05T16:37:53","modified_gmt":"2023-05-05T14:37:53","slug":"weihnachten-im-schnee","status":"publish","type":"movie","link":"https:\/\/relevantfilm.de\/?movie=weihnachten-im-schnee","title":{"rendered":"Weihnachten im Schnee"},"content":{"rendered":"\n<p>Deshalb haben sie und ihr Mann Henri (<strong>Rainer Bock<\/strong>) ihre erwachsenen Kinder (<strong>Katharina Sch\u00fcttler, Inez Bjorg, David, Anton Spieker<\/strong>) in ein malerisches Ferienhaus in das tief verschneite Norwegen eingeladen. Gitta ist unheilbar erkrankt. Ihre Kinder sollen allerdings nicht erfahren, wie es um sie steht, denn Gitta m\u00f6chte ihr letztes Weihnachtsfest unbeschwert im Kreise ihrer Lieben genie\u00dfen.<br>Aber Weihnachtsfeste haben ihre eigene Gesetzm\u00e4\u00dfigkeit. Auch in den liebevollsten Familien verl\u00e4uft nicht alles nach Plan, zumal jedes Familienmitglied eigene Probleme besch\u00e4ftigen: beruflicher Misserfolg des J\u00fcngsten, Beziehungsschwierigkeiten und Ehekrisen bei den T\u00f6chtern.<br>Allerdings erscheinen all diese Dinge des Lebens in einem ganz neuen Licht, als die Kinder von Gittas unheilbarer Krankheit erfahren. Die schwersten Schicksalsschl\u00e4ge lassen sich am besten meistern, wenn man zusammensteht. Eine sehr emotionale und warmherzige Geschichte \u00fcber Familie und Liebe an einem besonderen \u201eWeihnachten im Schnee\u201c.<\/p>\n\n\n\n<figure class=\"wp-block-gallery has-nested-images columns-default is-cropped wp-block-gallery-1 is-layout-flex wp-block-gallery-is-layout-flex\">\n<figure class=\"wp-block-image size-large\"><a href=\"https:\/\/relevantfilm.de\/wp-content\/uploads\/2019\/07\/Weihnachten-im-Schnee-01-scaled.jpg\"><img loading=\"lazy\" decoding=\"async\" width=\"1024\" height=\"683\" data-id=\"2246\" src=\"https:\/\/relevantfilm.de\/wp-content\/uploads\/2019\/07\/Weihnachten-im-Schnee-01-1024x683.jpg\" alt=\"\" class=\"wp-image-2246\" srcset=\"https:\/\/relevantfilm.de\/wp-content\/uploads\/2019\/07\/Weihnachten-im-Schnee-01-1024x683.jpg 1024w, https:\/\/relevantfilm.de\/wp-content\/uploads\/2019\/07\/Weihnachten-im-Schnee-01-300x200.jpg 300w, https:\/\/relevantfilm.de\/wp-content\/uploads\/2019\/07\/Weihnachten-im-Schnee-01-768x512.jpg 768w, https:\/\/relevantfilm.de\/wp-content\/uploads\/2019\/07\/Weihnachten-im-Schnee-01-1536x1024.jpg 1536w, https:\/\/relevantfilm.de\/wp-content\/uploads\/2019\/07\/Weihnachten-im-Schnee-01-2048x1365.jpg 2048w\" sizes=\"(max-width: 1024px) 100vw, 1024px\" \/><\/a><\/figure>\n\n\n\n<figure class=\"wp-block-image size-large\"><a href=\"https:\/\/relevantfilm.de\/wp-content\/uploads\/2019\/07\/Weihnachten-im-Schnee-02-scaled.jpg\"><img loading=\"lazy\" decoding=\"async\" width=\"1024\" height=\"683\" data-id=\"2249\" src=\"https:\/\/relevantfilm.de\/wp-content\/uploads\/2019\/07\/Weihnachten-im-Schnee-02-1024x683.jpg\" alt=\"\" class=\"wp-image-2249\" srcset=\"https:\/\/relevantfilm.de\/wp-content\/uploads\/2019\/07\/Weihnachten-im-Schnee-02-1024x683.jpg 1024w, https:\/\/relevantfilm.de\/wp-content\/uploads\/2019\/07\/Weihnachten-im-Schnee-02-300x200.jpg 300w, https:\/\/relevantfilm.de\/wp-content\/uploads\/2019\/07\/Weihnachten-im-Schnee-02-768x512.jpg 768w, https:\/\/relevantfilm.de\/wp-content\/uploads\/2019\/07\/Weihnachten-im-Schnee-02-1536x1024.jpg 1536w, https:\/\/relevantfilm.de\/wp-content\/uploads\/2019\/07\/Weihnachten-im-Schnee-02-2048x1365.jpg 2048w\" sizes=\"(max-width: 1024px) 100vw, 1024px\" \/><\/a><\/figure>\n<\/figure>\n\n\n\n<p><strong>Cast<\/strong><\/p>\n\n\n\n<p><strong>Ulrike Kriener \u01c0 Katharina Sch\u00fcttler\u01c0 Rainer Bock \u01c0 Inez Bj\u00f8rg David \u01c0 Janek Rieke \u01c0 Anton Spieker\u01c0 Luke Matt R\u00f6ntgen \u01c0 Carsten Bj\u00f6rnlund, Wencke Myhre u.v.m.<\/strong><\/p>\n\n\n\n<p><strong>Team<\/strong><\/p>\n\n\n\n<p>Buch&nbsp;<strong>Claudia Matschulla, Arnd Mayer&nbsp;<\/strong>\u01c0 Regie&nbsp;<strong>Till Franzen&nbsp;<\/strong>\u01c0 Kamera&nbsp;<strong>Timo Moritz&nbsp;<\/strong>\u01c0 Schnitt&nbsp;<strong>Tatjana Sch\u00f6ps&nbsp;<\/strong>\u01c0 Musik&nbsp;<strong>Hannah von H\u00fcbbenet&nbsp;<\/strong>\u01c0 Mischung&nbsp;<strong>Arne Dammann&nbsp;<\/strong>\u01c0 Szenenbild&nbsp;<strong>Andrea Steinlandt&nbsp;<\/strong>\u01c0 Kost\u00fcm&nbsp;<strong>Astrid M\u00f6ldner&nbsp;<\/strong>\u01c0 Maske&nbsp;<strong>Jens Holstein, Pia Paprzik&nbsp;<\/strong>\u01c0 Ton&nbsp;<strong>Kai N\u00fchrmann&nbsp;<\/strong>\u01c0 Casting&nbsp;<strong>Marion Haack&nbsp;<\/strong>\u01c0 Produktionsleitung&nbsp;<strong>Peter Nawrotzki<\/strong>&nbsp; \u01c0 Redaktion&nbsp;<strong>ZDF Berit Teschner&nbsp;<\/strong>\u01c0 Producerin&nbsp;<strong>Paula Lichte &nbsp;<\/strong>\u01c0 Produzentin&nbsp;<strong>Heike Wiehle-Timm<\/strong><\/p>\n\n\n\n<p><strong>Produktion<\/strong><\/p>\n\n\n\n<ul class=\"wp-block-list\">\n<li>Eine Relevant Film Produktion im Auftrag des ZDF, 2019<br>Erstausstrahlung 15. Dezember 2019<\/li>\n<\/ul>\n\n\n\n<p><strong>Preise I Festivals<\/strong><\/p>\n\n\n\n<ul class=\"wp-block-list\">\n<li>Premiere Nordische Filmtage L\u00fcbeck, 2019<\/li>\n<\/ul>\n\n\n\n<figure class=\"wp-block-image size-full\"><img loading=\"lazy\" decoding=\"async\" width=\"300\" height=\"200\" src=\"https:\/\/relevantfilm.de\/wp-content\/uploads\/2019\/07\/Weihnachten-im-Schnee-03.jpg\" alt=\"\" class=\"wp-image-2248\"\/><\/figure>\n\n\n\n<p class=\"has-small-font-size\"><strong>Bildnachweis <\/strong>I \u201aWeihnachten im Schnee\u2018 \u00a9 ZDF I Timo Moritz<\/p>\n","protected":false},"author":3,"featured_media":2247,"template":"","movie_cats":[6,3],"movie_flags":[],"class_list":["post-159","movie","type-movie","status-publish","has-post-thumbnail","hentry","movie_cat-unsere-filme","movie_cat-fernsehen"],"acf":[],"yoast_head":"<!-- This site is optimized with the Yoast SEO plugin v27.5 - https:\/\/yoast.com\/product\/yoast-seo-wordpress\/ -->\n<title>Weihnachten im Schnee - Relevant Film<\/title>\n<meta name=\"robots\" content=\"index, follow, max-snippet:-1, max-image-preview:large, max-video-preview:-1\" \/>\n<link rel=\"canonical\" href=\"https:\/\/relevantfilm.de\/?movie=weihnachten-im-schnee\" \/>\n<meta property=\"og:locale\" content=\"de_DE\" \/>\n<meta property=\"og:type\" content=\"article\" \/>\n<meta property=\"og:title\" content=\"Weihnachten im Schnee - Relevant Film\" \/>\n<meta property=\"og:description\" content=\"Deshalb haben sie und ihr Mann Henri (Rainer Bock) ihre erwachsenen Kinder (Katharina Sch\u00fcttler, Inez Bjorg, David, Anton Spieker) in ein malerisches Ferienhaus in das tief verschneite Norwegen eingeladen. Gitta ist unheilbar erkrankt. Ihre Kinder sollen allerdings nicht erfahren, wie es um sie steht, denn Gitta m\u00f6chte ihr letztes Weihnachtsfest unbeschwert im Kreise ihrer Lieben [&hellip;]\" \/>\n<meta property=\"og:url\" content=\"https:\/\/relevantfilm.de\/?movie=weihnachten-im-schnee\" \/>\n<meta property=\"og:site_name\" content=\"Relevant Film\" \/>\n<meta property=\"article:modified_time\" content=\"2023-05-05T14:37:53+00:00\" \/>\n<meta property=\"og:image\" content=\"https:\/\/relevantfilm.de\/wp-content\/uploads\/2019\/07\/Banner-Weihnachten-im-Schnee.jpg\" \/>\n\t<meta property=\"og:image:width\" content=\"2000\" \/>\n\t<meta property=\"og:image:height\" content=\"1333\" \/>\n\t<meta property=\"og:image:type\" content=\"image\/jpeg\" \/>\n<meta name=\"twitter:card\" content=\"summary_large_image\" \/>\n<meta name=\"twitter:label1\" content=\"Gesch\u00e4tzte Lesezeit\" \/>\n\t<meta name=\"twitter:data1\" content=\"3\u00a0Minuten\" \/>\n<script type=\"application\/ld+json\" class=\"yoast-schema-graph\">{\"@context\":\"https:\\\/\\\/schema.org\",\"@graph\":[{\"@type\":\"WebPage\",\"@id\":\"https:\\\/\\\/relevantfilm.de\\\/?movie=weihnachten-im-schnee\",\"url\":\"https:\\\/\\\/relevantfilm.de\\\/?movie=weihnachten-im-schnee\",\"name\":\"Weihnachten im Schnee - Relevant Film\",\"isPartOf\":{\"@id\":\"https:\\\/\\\/relevantfilm.de\\\/#website\"},\"primaryImageOfPage\":{\"@id\":\"https:\\\/\\\/relevantfilm.de\\\/?movie=weihnachten-im-schnee#primaryimage\"},\"image\":{\"@id\":\"https:\\\/\\\/relevantfilm.de\\\/?movie=weihnachten-im-schnee#primaryimage\"},\"thumbnailUrl\":\"https:\\\/\\\/relevantfilm.de\\\/wp-content\\\/uploads\\\/2019\\\/07\\\/Banner-Weihnachten-im-Schnee.jpg\",\"datePublished\":\"2019-12-15T13:07:00+00:00\",\"dateModified\":\"2023-05-05T14:37:53+00:00\",\"breadcrumb\":{\"@id\":\"https:\\\/\\\/relevantfilm.de\\\/?movie=weihnachten-im-schnee#breadcrumb\"},\"inLanguage\":\"de\",\"potentialAction\":[{\"@type\":\"ReadAction\",\"target\":[\"https:\\\/\\\/relevantfilm.de\\\/?movie=weihnachten-im-schnee\"]}]},{\"@type\":\"ImageObject\",\"inLanguage\":\"de\",\"@id\":\"https:\\\/\\\/relevantfilm.de\\\/?movie=weihnachten-im-schnee#primaryimage\",\"url\":\"https:\\\/\\\/relevantfilm.de\\\/wp-content\\\/uploads\\\/2019\\\/07\\\/Banner-Weihnachten-im-Schnee.jpg\",\"contentUrl\":\"https:\\\/\\\/relevantfilm.de\\\/wp-content\\\/uploads\\\/2019\\\/07\\\/Banner-Weihnachten-im-Schnee.jpg\",\"width\":2000,\"height\":1333,\"caption\":\"Christoph Hombach (Janek Rieke); Simon Hombach (Luke Matt R\u00f6ntgen); Gitta Johnen (Ulrike Kriener); Henri Johnen (Rainer Bock); Annika Hombach (Katharina Schu\u0308ttler); Bastian Johnen (Anton Spieker); Sanne Johnen (Inez Bj\u00f8rg David)\"},{\"@type\":\"BreadcrumbList\",\"@id\":\"https:\\\/\\\/relevantfilm.de\\\/?movie=weihnachten-im-schnee#breadcrumb\",\"itemListElement\":[{\"@type\":\"ListItem\",\"position\":1,\"name\":\"Startseite\",\"item\":\"https:\\\/\\\/relevantfilm.de\\\/\"},{\"@type\":\"ListItem\",\"position\":2,\"name\":\"Movies\",\"item\":\"https:\\\/\\\/relevantfilm.de\\\/?post_type=movie\"},{\"@type\":\"ListItem\",\"position\":3,\"name\":\"Weihnachten im Schnee\"}]},{\"@type\":\"WebSite\",\"@id\":\"https:\\\/\\\/relevantfilm.de\\\/#website\",\"url\":\"https:\\\/\\\/relevantfilm.de\\\/\",\"name\":\"Relevant Film\",\"description\":\"Filmproduktion Hamburg\",\"potentialAction\":[{\"@type\":\"SearchAction\",\"target\":{\"@type\":\"EntryPoint\",\"urlTemplate\":\"https:\\\/\\\/relevantfilm.de\\\/?s={search_term_string}\"},\"query-input\":{\"@type\":\"PropertyValueSpecification\",\"valueRequired\":true,\"valueName\":\"search_term_string\"}}],\"inLanguage\":\"de\"}]}<\/script>\n<!-- \/ Yoast SEO plugin. -->","yoast_head_json":{"title":"Weihnachten im Schnee - Relevant Film","robots":{"index":"index","follow":"follow","max-snippet":"max-snippet:-1","max-image-preview":"max-image-preview:large","max-video-preview":"max-video-preview:-1"},"canonical":"https:\/\/relevantfilm.de\/?movie=weihnachten-im-schnee","og_locale":"de_DE","og_type":"article","og_title":"Weihnachten im Schnee - Relevant Film","og_description":"Deshalb haben sie und ihr Mann Henri (Rainer Bock) ihre erwachsenen Kinder (Katharina Sch\u00fcttler, Inez Bjorg, David, Anton Spieker) in ein malerisches Ferienhaus in das tief verschneite Norwegen eingeladen. Gitta ist unheilbar erkrankt. Ihre Kinder sollen allerdings nicht erfahren, wie es um sie steht, denn Gitta m\u00f6chte ihr letztes Weihnachtsfest unbeschwert im Kreise ihrer Lieben [&hellip;]","og_url":"https:\/\/relevantfilm.de\/?movie=weihnachten-im-schnee","og_site_name":"Relevant Film","article_modified_time":"2023-05-05T14:37:53+00:00","og_image":[{"width":2000,"height":1333,"url":"https:\/\/relevantfilm.de\/wp-content\/uploads\/2019\/07\/Banner-Weihnachten-im-Schnee.jpg","type":"image\/jpeg"}],"twitter_card":"summary_large_image","twitter_misc":{"Gesch\u00e4tzte Lesezeit":"3\u00a0Minuten"},"schema":{"@context":"https:\/\/schema.org","@graph":[{"@type":"WebPage","@id":"https:\/\/relevantfilm.de\/?movie=weihnachten-im-schnee","url":"https:\/\/relevantfilm.de\/?movie=weihnachten-im-schnee","name":"Weihnachten im Schnee - Relevant Film","isPartOf":{"@id":"https:\/\/relevantfilm.de\/#website"},"primaryImageOfPage":{"@id":"https:\/\/relevantfilm.de\/?movie=weihnachten-im-schnee#primaryimage"},"image":{"@id":"https:\/\/relevantfilm.de\/?movie=weihnachten-im-schnee#primaryimage"},"thumbnailUrl":"https:\/\/relevantfilm.de\/wp-content\/uploads\/2019\/07\/Banner-Weihnachten-im-Schnee.jpg","datePublished":"2019-12-15T13:07:00+00:00","dateModified":"2023-05-05T14:37:53+00:00","breadcrumb":{"@id":"https:\/\/relevantfilm.de\/?movie=weihnachten-im-schnee#breadcrumb"},"inLanguage":"de","potentialAction":[{"@type":"ReadAction","target":["https:\/\/relevantfilm.de\/?movie=weihnachten-im-schnee"]}]},{"@type":"ImageObject","inLanguage":"de","@id":"https:\/\/relevantfilm.de\/?movie=weihnachten-im-schnee#primaryimage","url":"https:\/\/relevantfilm.de\/wp-content\/uploads\/2019\/07\/Banner-Weihnachten-im-Schnee.jpg","contentUrl":"https:\/\/relevantfilm.de\/wp-content\/uploads\/2019\/07\/Banner-Weihnachten-im-Schnee.jpg","width":2000,"height":1333,"caption":"Christoph Hombach (Janek Rieke); Simon Hombach (Luke Matt R\u00f6ntgen); Gitta Johnen (Ulrike Kriener); Henri Johnen (Rainer Bock); Annika Hombach (Katharina Schu\u0308ttler); Bastian Johnen (Anton Spieker); Sanne Johnen (Inez Bj\u00f8rg David)"},{"@type":"BreadcrumbList","@id":"https:\/\/relevantfilm.de\/?movie=weihnachten-im-schnee#breadcrumb","itemListElement":[{"@type":"ListItem","position":1,"name":"Startseite","item":"https:\/\/relevantfilm.de\/"},{"@type":"ListItem","position":2,"name":"Movies","item":"https:\/\/relevantfilm.de\/?post_type=movie"},{"@type":"ListItem","position":3,"name":"Weihnachten im Schnee"}]},{"@type":"WebSite","@id":"https:\/\/relevantfilm.de\/#website","url":"https:\/\/relevantfilm.de\/","name":"Relevant Film","description":"Filmproduktion Hamburg","potentialAction":[{"@type":"SearchAction","target":{"@type":"EntryPoint","urlTemplate":"https:\/\/relevantfilm.de\/?s={search_term_string}"},"query-input":{"@type":"PropertyValueSpecification","valueRequired":true,"valueName":"search_term_string"}}],"inLanguage":"de"}]}},"_links":{"self":[{"href":"https:\/\/relevantfilm.de\/index.php?rest_route=\/wp\/v2\/movies\/159","targetHints":{"allow":["GET"]}}],"collection":[{"href":"https:\/\/relevantfilm.de\/index.php?rest_route=\/wp\/v2\/movies"}],"about":[{"href":"https:\/\/relevantfilm.de\/index.php?rest_route=\/wp\/v2\/types\/movie"}],"author":[{"embeddable":true,"href":"https:\/\/relevantfilm.de\/index.php?rest_route=\/wp\/v2\/users\/3"}],"wp:featuredmedia":[{"embeddable":true,"href":"https:\/\/relevantfilm.de\/index.php?rest_route=\/wp\/v2\/media\/2247"}],"wp:attachment":[{"href":"https:\/\/relevantfilm.de\/index.php?rest_route=%2Fwp%2Fv2%2Fmedia&parent=159"}],"wp:term":[{"taxonomy":"movie_cat","embeddable":true,"href":"https:\/\/relevantfilm.de\/index.php?rest_route=%2Fwp%2Fv2%2Fmovie_cats&post=159"},{"taxonomy":"movie_flag","embeddable":true,"href":"https:\/\/relevantfilm.de\/index.php?rest_route=%2Fwp%2Fv2%2Fmovie_flags&post=159"}],"curies":[{"name":"wp","href":"https:\/\/api.w.org\/{rel}","templated":true}]}}