{"id":161,"date":"2011-05-02T14:36:00","date_gmt":"2011-05-02T12:36:00","guid":{"rendered":"https:\/\/relevantfilm.clusterzone.de\/?p=161"},"modified":"2023-05-04T14:23:09","modified_gmt":"2023-05-04T12:23:09","slug":"tod-am-engelstein","status":"publish","type":"movie","link":"https:\/\/relevantfilm.de\/?movie=tod-am-engelstein","title":{"rendered":"Tod am Engelstein"},"content":{"rendered":"\n<p>Der Tod ihrer Mutter l\u00e4sst zwei Schwestern auf ein Familiengeheimnis sto\u00dfen. Sie wollen Mamas Geburtstag feiern. So kehrt auch die Literaturagentin Lara (<strong>Stefanie Stappenbeck<\/strong>) in ihr Heimatdorf in den Bayerischen Alpen zur\u00fcck. Sie und ihre Schwester Sylvia (<strong>Nina Kronj\u00e4ger<\/strong>) warten vergebens \u2013 Mutter ist verschwunden. Erst ein Suchtrupp in den Bergen findet zun\u00e4chst eine m\u00e4nnliche Leiche, die offenbar seit 30 Jahren dort liegt, und dann auch die tote Mutter. Lara aber glaubt nicht an einen Unfall und st\u00f6\u00dft auf zahlreiche Ungereimheiten, die weit in die eigene Kindheit zur\u00fcckreichen.<\/p>\n\n\n\n<p><\/p>\n\n\n\n<p><strong>Cast<\/strong><\/p>\n\n\n\n<p><strong>Stefanie Stappenbeck \u01c0 Nina Kronj\u00e4ger \u01c0 Max von Pufendorf \u01c0 Siegfried Terpoorten \u01c0 Roeland Wiesnekker \u01c0 Dietmar Mues \u01c0 Gundi Ellert&nbsp;\u01c0 Michael Fitz&nbsp;\u01c0 Ute Willing&nbsp;\u01c0 Dietmar M\u00f6ssmer&nbsp;\u01c0 Cornelia K\u00f6ndgen&nbsp;\u01c0 Jonathan D\u00fcmcke&nbsp;\u01c0 Gottfried Breitfuss&nbsp;\u01c0 Elsa Hanewinkel&nbsp;\u01c0 Johanna Bittenbinder \u01c0 No\u00e9mi Besedes \u01c0 Felix Hellmann u.v.a.<\/strong><\/p>\n\n\n\n<figure class=\"wp-block-gallery has-nested-images columns-default is-cropped wp-block-gallery-1 is-layout-flex wp-block-gallery-is-layout-flex\">\n<figure class=\"wp-block-image size-large\"><a href=\"https:\/\/relevantfilm.de\/wp-content\/uploads\/2019\/07\/Tod-am-Engelstein-01.jpg\"><img loading=\"lazy\" decoding=\"async\" width=\"1024\" height=\"683\" data-id=\"2223\" src=\"https:\/\/relevantfilm.de\/wp-content\/uploads\/2019\/07\/Tod-am-Engelstein-01.jpg\" alt=\"\" class=\"wp-image-2223\" srcset=\"https:\/\/relevantfilm.de\/wp-content\/uploads\/2019\/07\/Tod-am-Engelstein-01.jpg 1024w, https:\/\/relevantfilm.de\/wp-content\/uploads\/2019\/07\/Tod-am-Engelstein-01-300x200.jpg 300w, https:\/\/relevantfilm.de\/wp-content\/uploads\/2019\/07\/Tod-am-Engelstein-01-768x512.jpg 768w\" sizes=\"(max-width: 1024px) 100vw, 1024px\" \/><\/a><\/figure>\n\n\n\n<figure class=\"wp-block-image size-large\"><a href=\"https:\/\/relevantfilm.de\/wp-content\/uploads\/2019\/07\/Tod-am-Engelstein-02.jpg\"><img loading=\"lazy\" decoding=\"async\" width=\"1024\" height=\"683\" data-id=\"2222\" src=\"https:\/\/relevantfilm.de\/wp-content\/uploads\/2019\/07\/Tod-am-Engelstein-02.jpg\" alt=\"\" class=\"wp-image-2222\" srcset=\"https:\/\/relevantfilm.de\/wp-content\/uploads\/2019\/07\/Tod-am-Engelstein-02.jpg 1024w, https:\/\/relevantfilm.de\/wp-content\/uploads\/2019\/07\/Tod-am-Engelstein-02-300x200.jpg 300w, https:\/\/relevantfilm.de\/wp-content\/uploads\/2019\/07\/Tod-am-Engelstein-02-768x512.jpg 768w\" sizes=\"(max-width: 1024px) 100vw, 1024px\" \/><\/a><\/figure>\n<\/figure>\n\n\n\n<p><strong>Team<\/strong><\/p>\n\n\n\n<p>Buch&nbsp;<strong>Daniel D. Wissmann&nbsp;<\/strong>\u01c0 Regie&nbsp;<strong>Christiane Balthasar&nbsp;<\/strong>\u01c0 Kamera&nbsp;<strong>Hannes Hubach&nbsp;<\/strong>\u01c0 Musik&nbsp;<strong>Johannes Kobilke&nbsp;<\/strong>\u01c0 Schnitt&nbsp;<strong>Andreas Althoff&nbsp;<\/strong>\u01c0 Szenenbild&nbsp;<strong>Su Proebster&nbsp;<\/strong>\u01c0 Kost\u00fcm&nbsp;<strong>Eva Kantor<\/strong>\u01c0 Ton&nbsp;<strong>Michael Mladenovic&nbsp;<\/strong>\u01c0 Maske&nbsp;<strong>Nannie Gebhardt-Seele, Iris M\u00fcller&nbsp;<\/strong>\u01c0 Mischung&nbsp;<strong>Arne Dammann&nbsp;<\/strong>\u01c0 Casting&nbsp;<strong>Gitta Uhlig&nbsp;<\/strong>&nbsp;\u01c0 Produktionsleitung&nbsp;<strong>Herbert Jarczyk-Kalmann&nbsp;<\/strong>\u01c0 Herstellungsleitung&nbsp;<strong>Jan Philip Lange&nbsp;<\/strong>\u01c0 Producerin&nbsp;<strong>Nikola Bock&nbsp;<\/strong>\u01c0 Redaktion ZDF&nbsp;<strong>Sophie Venga Fitz, Esther Hechenberger&nbsp;<\/strong>\u01c0 Produzentin&nbsp;<strong>Heike Wiehle-Timm<\/strong><\/p>\n\n\n\n<p><strong>Produktion<\/strong><\/p>\n\n\n\n<ul class=\"wp-block-list\">\n<li>Eine Relevant Film Produktion im Auftrag des ZDF, 2010<\/li>\n\n\n\n<li>Erstausstrahlung am 02.05.2011um 20:15 Uhr im ZDF<\/li>\n<\/ul>\n\n\n\n<p><strong>Bildnachweis<\/strong> I \u201aTod am Engelstein\u2018 \u00a9 ZDF I Chris Hirschh\u00e4user<\/p>\n","protected":false},"author":3,"featured_media":2224,"template":"","movie_cats":[6,3],"movie_flags":[],"class_list":["post-161","movie","type-movie","status-publish","has-post-thumbnail","hentry","movie_cat-unsere-filme","movie_cat-fernsehen"],"acf":[],"yoast_head":"<!-- This site is optimized with the Yoast SEO plugin v27.4 - https:\/\/yoast.com\/product\/yoast-seo-wordpress\/ -->\n<title>Tod am Engelstein - Relevant Film<\/title>\n<meta name=\"robots\" content=\"index, follow, max-snippet:-1, max-image-preview:large, max-video-preview:-1\" \/>\n<link rel=\"canonical\" href=\"https:\/\/relevantfilm.de\/?movie=tod-am-engelstein\" \/>\n<meta property=\"og:locale\" content=\"de_DE\" \/>\n<meta property=\"og:type\" content=\"article\" \/>\n<meta property=\"og:title\" content=\"Tod am Engelstein - Relevant Film\" \/>\n<meta property=\"og:description\" content=\"Der Tod ihrer Mutter l\u00e4sst zwei Schwestern auf ein Familiengeheimnis sto\u00dfen. Sie wollen Mamas Geburtstag feiern. So kehrt auch die Literaturagentin Lara (Stefanie Stappenbeck) in ihr Heimatdorf in den Bayerischen Alpen zur\u00fcck. Sie und ihre Schwester Sylvia (Nina Kronj\u00e4ger) warten vergebens \u2013 Mutter ist verschwunden. Erst ein Suchtrupp in den Bergen findet zun\u00e4chst eine m\u00e4nnliche [&hellip;]\" \/>\n<meta property=\"og:url\" content=\"https:\/\/relevantfilm.de\/?movie=tod-am-engelstein\" \/>\n<meta property=\"og:site_name\" content=\"Relevant Film\" \/>\n<meta property=\"article:modified_time\" content=\"2023-05-04T12:23:09+00:00\" \/>\n<meta property=\"og:image\" content=\"https:\/\/relevantfilm.de\/wp-content\/uploads\/2019\/07\/Banner-Tod-am-Engelstein.jpg\" \/>\n\t<meta property=\"og:image:width\" content=\"1024\" \/>\n\t<meta property=\"og:image:height\" content=\"683\" \/>\n\t<meta property=\"og:image:type\" content=\"image\/jpeg\" \/>\n<meta name=\"twitter:card\" content=\"summary_large_image\" \/>\n<meta name=\"twitter:label1\" content=\"Gesch\u00e4tzte Lesezeit\" \/>\n\t<meta name=\"twitter:data1\" content=\"2\u00a0Minuten\" \/>\n<script type=\"application\/ld+json\" class=\"yoast-schema-graph\">{\"@context\":\"https:\\\/\\\/schema.org\",\"@graph\":[{\"@type\":\"WebPage\",\"@id\":\"https:\\\/\\\/relevantfilm.de\\\/?movie=tod-am-engelstein\",\"url\":\"https:\\\/\\\/relevantfilm.de\\\/?movie=tod-am-engelstein\",\"name\":\"Tod am Engelstein - Relevant Film\",\"isPartOf\":{\"@id\":\"https:\\\/\\\/relevantfilm.de\\\/#website\"},\"primaryImageOfPage\":{\"@id\":\"https:\\\/\\\/relevantfilm.de\\\/?movie=tod-am-engelstein#primaryimage\"},\"image\":{\"@id\":\"https:\\\/\\\/relevantfilm.de\\\/?movie=tod-am-engelstein#primaryimage\"},\"thumbnailUrl\":\"https:\\\/\\\/relevantfilm.de\\\/wp-content\\\/uploads\\\/2019\\\/07\\\/Banner-Tod-am-Engelstein.jpg\",\"datePublished\":\"2011-05-02T12:36:00+00:00\",\"dateModified\":\"2023-05-04T12:23:09+00:00\",\"breadcrumb\":{\"@id\":\"https:\\\/\\\/relevantfilm.de\\\/?movie=tod-am-engelstein#breadcrumb\"},\"inLanguage\":\"de\",\"potentialAction\":[{\"@type\":\"ReadAction\",\"target\":[\"https:\\\/\\\/relevantfilm.de\\\/?movie=tod-am-engelstein\"]}]},{\"@type\":\"ImageObject\",\"inLanguage\":\"de\",\"@id\":\"https:\\\/\\\/relevantfilm.de\\\/?movie=tod-am-engelstein#primaryimage\",\"url\":\"https:\\\/\\\/relevantfilm.de\\\/wp-content\\\/uploads\\\/2019\\\/07\\\/Banner-Tod-am-Engelstein.jpg\",\"contentUrl\":\"https:\\\/\\\/relevantfilm.de\\\/wp-content\\\/uploads\\\/2019\\\/07\\\/Banner-Tod-am-Engelstein.jpg\",\"width\":1024,\"height\":683,\"caption\":\"\\\"Vergissmeinnicht\\\" Relevant Film \\\/ ZDF\"},{\"@type\":\"BreadcrumbList\",\"@id\":\"https:\\\/\\\/relevantfilm.de\\\/?movie=tod-am-engelstein#breadcrumb\",\"itemListElement\":[{\"@type\":\"ListItem\",\"position\":1,\"name\":\"Startseite\",\"item\":\"https:\\\/\\\/relevantfilm.de\\\/\"},{\"@type\":\"ListItem\",\"position\":2,\"name\":\"Movies\",\"item\":\"https:\\\/\\\/relevantfilm.de\\\/?post_type=movie\"},{\"@type\":\"ListItem\",\"position\":3,\"name\":\"Tod am Engelstein\"}]},{\"@type\":\"WebSite\",\"@id\":\"https:\\\/\\\/relevantfilm.de\\\/#website\",\"url\":\"https:\\\/\\\/relevantfilm.de\\\/\",\"name\":\"Relevant Film\",\"description\":\"Filmproduktion Hamburg\",\"potentialAction\":[{\"@type\":\"SearchAction\",\"target\":{\"@type\":\"EntryPoint\",\"urlTemplate\":\"https:\\\/\\\/relevantfilm.de\\\/?s={search_term_string}\"},\"query-input\":{\"@type\":\"PropertyValueSpecification\",\"valueRequired\":true,\"valueName\":\"search_term_string\"}}],\"inLanguage\":\"de\"}]}<\/script>\n<!-- \/ Yoast SEO plugin. -->","yoast_head_json":{"title":"Tod am Engelstein - Relevant Film","robots":{"index":"index","follow":"follow","max-snippet":"max-snippet:-1","max-image-preview":"max-image-preview:large","max-video-preview":"max-video-preview:-1"},"canonical":"https:\/\/relevantfilm.de\/?movie=tod-am-engelstein","og_locale":"de_DE","og_type":"article","og_title":"Tod am Engelstein - Relevant Film","og_description":"Der Tod ihrer Mutter l\u00e4sst zwei Schwestern auf ein Familiengeheimnis sto\u00dfen. Sie wollen Mamas Geburtstag feiern. So kehrt auch die Literaturagentin Lara (Stefanie Stappenbeck) in ihr Heimatdorf in den Bayerischen Alpen zur\u00fcck. Sie und ihre Schwester Sylvia (Nina Kronj\u00e4ger) warten vergebens \u2013 Mutter ist verschwunden. Erst ein Suchtrupp in den Bergen findet zun\u00e4chst eine m\u00e4nnliche [&hellip;]","og_url":"https:\/\/relevantfilm.de\/?movie=tod-am-engelstein","og_site_name":"Relevant Film","article_modified_time":"2023-05-04T12:23:09+00:00","og_image":[{"width":1024,"height":683,"url":"https:\/\/relevantfilm.de\/wp-content\/uploads\/2019\/07\/Banner-Tod-am-Engelstein.jpg","type":"image\/jpeg"}],"twitter_card":"summary_large_image","twitter_misc":{"Gesch\u00e4tzte Lesezeit":"2\u00a0Minuten"},"schema":{"@context":"https:\/\/schema.org","@graph":[{"@type":"WebPage","@id":"https:\/\/relevantfilm.de\/?movie=tod-am-engelstein","url":"https:\/\/relevantfilm.de\/?movie=tod-am-engelstein","name":"Tod am Engelstein - Relevant Film","isPartOf":{"@id":"https:\/\/relevantfilm.de\/#website"},"primaryImageOfPage":{"@id":"https:\/\/relevantfilm.de\/?movie=tod-am-engelstein#primaryimage"},"image":{"@id":"https:\/\/relevantfilm.de\/?movie=tod-am-engelstein#primaryimage"},"thumbnailUrl":"https:\/\/relevantfilm.de\/wp-content\/uploads\/2019\/07\/Banner-Tod-am-Engelstein.jpg","datePublished":"2011-05-02T12:36:00+00:00","dateModified":"2023-05-04T12:23:09+00:00","breadcrumb":{"@id":"https:\/\/relevantfilm.de\/?movie=tod-am-engelstein#breadcrumb"},"inLanguage":"de","potentialAction":[{"@type":"ReadAction","target":["https:\/\/relevantfilm.de\/?movie=tod-am-engelstein"]}]},{"@type":"ImageObject","inLanguage":"de","@id":"https:\/\/relevantfilm.de\/?movie=tod-am-engelstein#primaryimage","url":"https:\/\/relevantfilm.de\/wp-content\/uploads\/2019\/07\/Banner-Tod-am-Engelstein.jpg","contentUrl":"https:\/\/relevantfilm.de\/wp-content\/uploads\/2019\/07\/Banner-Tod-am-Engelstein.jpg","width":1024,"height":683,"caption":"\"Vergissmeinnicht\" Relevant Film \/ ZDF"},{"@type":"BreadcrumbList","@id":"https:\/\/relevantfilm.de\/?movie=tod-am-engelstein#breadcrumb","itemListElement":[{"@type":"ListItem","position":1,"name":"Startseite","item":"https:\/\/relevantfilm.de\/"},{"@type":"ListItem","position":2,"name":"Movies","item":"https:\/\/relevantfilm.de\/?post_type=movie"},{"@type":"ListItem","position":3,"name":"Tod am Engelstein"}]},{"@type":"WebSite","@id":"https:\/\/relevantfilm.de\/#website","url":"https:\/\/relevantfilm.de\/","name":"Relevant Film","description":"Filmproduktion Hamburg","potentialAction":[{"@type":"SearchAction","target":{"@type":"EntryPoint","urlTemplate":"https:\/\/relevantfilm.de\/?s={search_term_string}"},"query-input":{"@type":"PropertyValueSpecification","valueRequired":true,"valueName":"search_term_string"}}],"inLanguage":"de"}]}},"_links":{"self":[{"href":"https:\/\/relevantfilm.de\/index.php?rest_route=\/wp\/v2\/movies\/161","targetHints":{"allow":["GET"]}}],"collection":[{"href":"https:\/\/relevantfilm.de\/index.php?rest_route=\/wp\/v2\/movies"}],"about":[{"href":"https:\/\/relevantfilm.de\/index.php?rest_route=\/wp\/v2\/types\/movie"}],"author":[{"embeddable":true,"href":"https:\/\/relevantfilm.de\/index.php?rest_route=\/wp\/v2\/users\/3"}],"wp:featuredmedia":[{"embeddable":true,"href":"https:\/\/relevantfilm.de\/index.php?rest_route=\/wp\/v2\/media\/2224"}],"wp:attachment":[{"href":"https:\/\/relevantfilm.de\/index.php?rest_route=%2Fwp%2Fv2%2Fmedia&parent=161"}],"wp:term":[{"taxonomy":"movie_cat","embeddable":true,"href":"https:\/\/relevantfilm.de\/index.php?rest_route=%2Fwp%2Fv2%2Fmovie_cats&post=161"},{"taxonomy":"movie_flag","embeddable":true,"href":"https:\/\/relevantfilm.de\/index.php?rest_route=%2Fwp%2Fv2%2Fmovie_flags&post=161"}],"curies":[{"name":"wp","href":"https:\/\/api.w.org\/{rel}","templated":true}]}}