{"id":175,"date":"2011-01-05T16:49:00","date_gmt":"2011-01-05T15:49:00","guid":{"rendered":"https:\/\/relevantfilm.clusterzone.de\/?p=175"},"modified":"2023-05-04T14:34:05","modified_gmt":"2023-05-04T12:34:05","slug":"eine-nacht-im-grandhotel","status":"publish","type":"movie","link":"https:\/\/relevantfilm.de\/?movie=eine-nacht-im-grandhotel","title":{"rendered":"Eine Nacht im Grandhotel"},"content":{"rendered":"\n<p>W\u00e4hrend sich die einstigen Liebenden in einem Wirbel der Gef\u00fchle umschleichen, kommt Sander einem Killer in die Quere, der den Auftrag hat, Greta zu t\u00f6ten\u2026&nbsp;<\/p>\n\n\n\n<figure class=\"wp-block-image size-full\"><img loading=\"lazy\" decoding=\"async\" width=\"682\" height=\"1024\" src=\"https:\/\/relevantfilm.de\/wp-content\/uploads\/2023\/03\/Eine-Nacht-im-Grandhotel-01.jpg\" alt=\"\" class=\"wp-image-2108\" srcset=\"https:\/\/relevantfilm.de\/wp-content\/uploads\/2023\/03\/Eine-Nacht-im-Grandhotel-01.jpg 682w, https:\/\/relevantfilm.de\/wp-content\/uploads\/2023\/03\/Eine-Nacht-im-Grandhotel-01-200x300.jpg 200w\" sizes=\"(max-width: 682px) 100vw, 682px\" \/><\/figure>\n\n\n\n<p><strong>Cast<\/strong><\/p>\n\n\n\n<p><strong>Uwe Kockisch \u01c0 Barbara Auer \u01c0 Franco Nero \u01c0 Udo Samel \u01c0 Judy Winter \u01c0 Stephanie Japp \u01c0 Birge Schade \u01c0 Gustav Peter W\u00f6hler \u01c0 Hans Uwe Bauer \u01c0 Michael Benthin \u01c0 Tatjana K. Schydlowski \u01c0 Alexander Simon \u01c0 Elisa Thiemann u.v.a.<\/strong><\/p>\n\n\n\n<p><strong>Team<\/strong><\/p>\n\n\n\n<p>Buch&nbsp;<strong>Sathyan Ramesh<\/strong>,&nbsp;<strong>nach einer Idee von Frank G\u00f6hre und Ulrich Waller<\/strong>\u01c0 Regie&nbsp;<strong>Thorsten N\u00e4ter<\/strong>\u01c0 Kamera&nbsp;<strong>Achim Hasse&nbsp;<\/strong>\u01c0 Musik&nbsp;<strong>Axel Donner&nbsp;<\/strong>\u01c0 Schnitt&nbsp;<strong>Julia von Frihling&nbsp;<\/strong>\u01c0 Szenenbild&nbsp;<strong>Dietmar Linke&nbsp;<\/strong>\u01c0 Kost\u00fcm&nbsp;<strong>Petra Kilian&nbsp;<\/strong>\u01c0 Ton&nbsp;<strong>Frank Ahrens<\/strong>&nbsp;\u01c0 &nbsp;Maske&nbsp;<strong>Fe Ferber, Iris Kettner&nbsp;<\/strong>\u01c0&nbsp;Casting&nbsp;<strong>Gitta Uhlig&nbsp;<\/strong>\u01c0 Produktionsleitung&nbsp;<strong>Andrea Bockelmann&nbsp;<\/strong>\u01c0 Producer&nbsp;<strong>Karsten Willutzki&nbsp;<\/strong>\u01c0 Redaktion NDR&nbsp;<strong>Barbara Beauvais&nbsp;<\/strong>\u01c0 Produzentin&nbsp;<strong>Heike Wiehle-Timm<\/strong><\/p>\n\n\n\n<p><strong>Produktion<\/strong><\/p>\n\n\n\n<ul class=\"wp-block-list\">\n<li>Eine Relevant Film Produktion im Auftrag des NDR, 2008.<\/li>\n\n\n\n<li>Erstausstrahlung am 05.01.2011 um 20:15 Uhr im Ersten<\/li>\n<\/ul>\n\n\n\n<p><strong>Festivals \u01c0 Preise<\/strong><\/p>\n\n\n\n<ul class=\"wp-block-list\">\n<li>30. Biberacher Filmfestspiele 2008<\/li>\n\n\n\n<li>Fernsehkrimi-Festival Wiesbaden 2009<\/li>\n\n\n\n<li>Internationales Filmfest Emden 2009<\/li>\n\n\n\n<li>Nominierung zum Grimme Preis 2011 im Wettbewerb Fiktion\/Spezial<\/li>\n<\/ul>\n\n\n\n<p class=\"has-small-font-size\"><strong>Bildnachweis<\/strong> I \u201aEine Nacht im Grandhotel\u2018 \u00a9 NDR I Georges Pauly<\/p>\n","protected":false},"author":3,"featured_media":2107,"template":"","movie_cats":[6,3],"movie_flags":[],"class_list":["post-175","movie","type-movie","status-publish","has-post-thumbnail","hentry","movie_cat-unsere-filme","movie_cat-fernsehen"],"acf":[],"yoast_head":"<!-- This site is optimized with the Yoast SEO plugin v27.5 - https:\/\/yoast.com\/product\/yoast-seo-wordpress\/ -->\n<title>Eine Nacht im Grandhotel - Relevant Film<\/title>\n<meta name=\"robots\" content=\"index, follow, max-snippet:-1, max-image-preview:large, max-video-preview:-1\" \/>\n<link rel=\"canonical\" href=\"https:\/\/relevantfilm.de\/?movie=eine-nacht-im-grandhotel\" \/>\n<meta property=\"og:locale\" content=\"de_DE\" \/>\n<meta property=\"og:type\" content=\"article\" \/>\n<meta property=\"og:title\" content=\"Eine Nacht im Grandhotel - Relevant Film\" \/>\n<meta property=\"og:description\" content=\"W\u00e4hrend sich die einstigen Liebenden in einem Wirbel der Gef\u00fchle umschleichen, kommt Sander einem Killer in die Quere, der den Auftrag hat, Greta zu t\u00f6ten\u2026&nbsp; Cast Uwe Kockisch \u01c0 Barbara Auer \u01c0 Franco Nero \u01c0 Udo Samel \u01c0 Judy Winter \u01c0 Stephanie Japp \u01c0 Birge Schade \u01c0 Gustav Peter W\u00f6hler \u01c0 Hans Uwe Bauer \u01c0 [&hellip;]\" \/>\n<meta property=\"og:url\" content=\"https:\/\/relevantfilm.de\/?movie=eine-nacht-im-grandhotel\" \/>\n<meta property=\"og:site_name\" content=\"Relevant Film\" \/>\n<meta property=\"article:modified_time\" content=\"2023-05-04T12:34:05+00:00\" \/>\n<meta property=\"og:image\" content=\"https:\/\/relevantfilm.de\/wp-content\/uploads\/2023\/03\/Banner-Eine-Nacht-im-Grandhotel.jpg\" \/>\n\t<meta property=\"og:image:width\" content=\"1024\" \/>\n\t<meta property=\"og:image:height\" content=\"682\" \/>\n\t<meta property=\"og:image:type\" content=\"image\/jpeg\" \/>\n<meta name=\"twitter:card\" content=\"summary_large_image\" \/>\n<meta name=\"twitter:label1\" content=\"Gesch\u00e4tzte Lesezeit\" \/>\n\t<meta name=\"twitter:data1\" content=\"2\u00a0Minuten\" \/>\n<script type=\"application\/ld+json\" class=\"yoast-schema-graph\">{\"@context\":\"https:\\\/\\\/schema.org\",\"@graph\":[{\"@type\":\"WebPage\",\"@id\":\"https:\\\/\\\/relevantfilm.de\\\/?movie=eine-nacht-im-grandhotel\",\"url\":\"https:\\\/\\\/relevantfilm.de\\\/?movie=eine-nacht-im-grandhotel\",\"name\":\"Eine Nacht im Grandhotel - Relevant Film\",\"isPartOf\":{\"@id\":\"https:\\\/\\\/relevantfilm.de\\\/#website\"},\"primaryImageOfPage\":{\"@id\":\"https:\\\/\\\/relevantfilm.de\\\/?movie=eine-nacht-im-grandhotel#primaryimage\"},\"image\":{\"@id\":\"https:\\\/\\\/relevantfilm.de\\\/?movie=eine-nacht-im-grandhotel#primaryimage\"},\"thumbnailUrl\":\"https:\\\/\\\/relevantfilm.de\\\/wp-content\\\/uploads\\\/2023\\\/03\\\/Banner-Eine-Nacht-im-Grandhotel.jpg\",\"datePublished\":\"2011-01-05T15:49:00+00:00\",\"dateModified\":\"2023-05-04T12:34:05+00:00\",\"breadcrumb\":{\"@id\":\"https:\\\/\\\/relevantfilm.de\\\/?movie=eine-nacht-im-grandhotel#breadcrumb\"},\"inLanguage\":\"de\",\"potentialAction\":[{\"@type\":\"ReadAction\",\"target\":[\"https:\\\/\\\/relevantfilm.de\\\/?movie=eine-nacht-im-grandhotel\"]}]},{\"@type\":\"ImageObject\",\"inLanguage\":\"de\",\"@id\":\"https:\\\/\\\/relevantfilm.de\\\/?movie=eine-nacht-im-grandhotel#primaryimage\",\"url\":\"https:\\\/\\\/relevantfilm.de\\\/wp-content\\\/uploads\\\/2023\\\/03\\\/Banner-Eine-Nacht-im-Grandhotel.jpg\",\"contentUrl\":\"https:\\\/\\\/relevantfilm.de\\\/wp-content\\\/uploads\\\/2023\\\/03\\\/Banner-Eine-Nacht-im-Grandhotel.jpg\",\"width\":1024,\"height\":682},{\"@type\":\"BreadcrumbList\",\"@id\":\"https:\\\/\\\/relevantfilm.de\\\/?movie=eine-nacht-im-grandhotel#breadcrumb\",\"itemListElement\":[{\"@type\":\"ListItem\",\"position\":1,\"name\":\"Startseite\",\"item\":\"https:\\\/\\\/relevantfilm.de\\\/\"},{\"@type\":\"ListItem\",\"position\":2,\"name\":\"Movies\",\"item\":\"https:\\\/\\\/relevantfilm.de\\\/?post_type=movie\"},{\"@type\":\"ListItem\",\"position\":3,\"name\":\"Eine Nacht im Grandhotel\"}]},{\"@type\":\"WebSite\",\"@id\":\"https:\\\/\\\/relevantfilm.de\\\/#website\",\"url\":\"https:\\\/\\\/relevantfilm.de\\\/\",\"name\":\"Relevant Film\",\"description\":\"Filmproduktion Hamburg\",\"potentialAction\":[{\"@type\":\"SearchAction\",\"target\":{\"@type\":\"EntryPoint\",\"urlTemplate\":\"https:\\\/\\\/relevantfilm.de\\\/?s={search_term_string}\"},\"query-input\":{\"@type\":\"PropertyValueSpecification\",\"valueRequired\":true,\"valueName\":\"search_term_string\"}}],\"inLanguage\":\"de\"}]}<\/script>\n<!-- \/ Yoast SEO plugin. -->","yoast_head_json":{"title":"Eine Nacht im Grandhotel - Relevant Film","robots":{"index":"index","follow":"follow","max-snippet":"max-snippet:-1","max-image-preview":"max-image-preview:large","max-video-preview":"max-video-preview:-1"},"canonical":"https:\/\/relevantfilm.de\/?movie=eine-nacht-im-grandhotel","og_locale":"de_DE","og_type":"article","og_title":"Eine Nacht im Grandhotel - Relevant Film","og_description":"W\u00e4hrend sich die einstigen Liebenden in einem Wirbel der Gef\u00fchle umschleichen, kommt Sander einem Killer in die Quere, der den Auftrag hat, Greta zu t\u00f6ten\u2026&nbsp; Cast Uwe Kockisch \u01c0 Barbara Auer \u01c0 Franco Nero \u01c0 Udo Samel \u01c0 Judy Winter \u01c0 Stephanie Japp \u01c0 Birge Schade \u01c0 Gustav Peter W\u00f6hler \u01c0 Hans Uwe Bauer \u01c0 [&hellip;]","og_url":"https:\/\/relevantfilm.de\/?movie=eine-nacht-im-grandhotel","og_site_name":"Relevant Film","article_modified_time":"2023-05-04T12:34:05+00:00","og_image":[{"width":1024,"height":682,"url":"https:\/\/relevantfilm.de\/wp-content\/uploads\/2023\/03\/Banner-Eine-Nacht-im-Grandhotel.jpg","type":"image\/jpeg"}],"twitter_card":"summary_large_image","twitter_misc":{"Gesch\u00e4tzte Lesezeit":"2\u00a0Minuten"},"schema":{"@context":"https:\/\/schema.org","@graph":[{"@type":"WebPage","@id":"https:\/\/relevantfilm.de\/?movie=eine-nacht-im-grandhotel","url":"https:\/\/relevantfilm.de\/?movie=eine-nacht-im-grandhotel","name":"Eine Nacht im Grandhotel - Relevant Film","isPartOf":{"@id":"https:\/\/relevantfilm.de\/#website"},"primaryImageOfPage":{"@id":"https:\/\/relevantfilm.de\/?movie=eine-nacht-im-grandhotel#primaryimage"},"image":{"@id":"https:\/\/relevantfilm.de\/?movie=eine-nacht-im-grandhotel#primaryimage"},"thumbnailUrl":"https:\/\/relevantfilm.de\/wp-content\/uploads\/2023\/03\/Banner-Eine-Nacht-im-Grandhotel.jpg","datePublished":"2011-01-05T15:49:00+00:00","dateModified":"2023-05-04T12:34:05+00:00","breadcrumb":{"@id":"https:\/\/relevantfilm.de\/?movie=eine-nacht-im-grandhotel#breadcrumb"},"inLanguage":"de","potentialAction":[{"@type":"ReadAction","target":["https:\/\/relevantfilm.de\/?movie=eine-nacht-im-grandhotel"]}]},{"@type":"ImageObject","inLanguage":"de","@id":"https:\/\/relevantfilm.de\/?movie=eine-nacht-im-grandhotel#primaryimage","url":"https:\/\/relevantfilm.de\/wp-content\/uploads\/2023\/03\/Banner-Eine-Nacht-im-Grandhotel.jpg","contentUrl":"https:\/\/relevantfilm.de\/wp-content\/uploads\/2023\/03\/Banner-Eine-Nacht-im-Grandhotel.jpg","width":1024,"height":682},{"@type":"BreadcrumbList","@id":"https:\/\/relevantfilm.de\/?movie=eine-nacht-im-grandhotel#breadcrumb","itemListElement":[{"@type":"ListItem","position":1,"name":"Startseite","item":"https:\/\/relevantfilm.de\/"},{"@type":"ListItem","position":2,"name":"Movies","item":"https:\/\/relevantfilm.de\/?post_type=movie"},{"@type":"ListItem","position":3,"name":"Eine Nacht im Grandhotel"}]},{"@type":"WebSite","@id":"https:\/\/relevantfilm.de\/#website","url":"https:\/\/relevantfilm.de\/","name":"Relevant Film","description":"Filmproduktion Hamburg","potentialAction":[{"@type":"SearchAction","target":{"@type":"EntryPoint","urlTemplate":"https:\/\/relevantfilm.de\/?s={search_term_string}"},"query-input":{"@type":"PropertyValueSpecification","valueRequired":true,"valueName":"search_term_string"}}],"inLanguage":"de"}]}},"_links":{"self":[{"href":"https:\/\/relevantfilm.de\/index.php?rest_route=\/wp\/v2\/movies\/175","targetHints":{"allow":["GET"]}}],"collection":[{"href":"https:\/\/relevantfilm.de\/index.php?rest_route=\/wp\/v2\/movies"}],"about":[{"href":"https:\/\/relevantfilm.de\/index.php?rest_route=\/wp\/v2\/types\/movie"}],"author":[{"embeddable":true,"href":"https:\/\/relevantfilm.de\/index.php?rest_route=\/wp\/v2\/users\/3"}],"wp:featuredmedia":[{"embeddable":true,"href":"https:\/\/relevantfilm.de\/index.php?rest_route=\/wp\/v2\/media\/2107"}],"wp:attachment":[{"href":"https:\/\/relevantfilm.de\/index.php?rest_route=%2Fwp%2Fv2%2Fmedia&parent=175"}],"wp:term":[{"taxonomy":"movie_cat","embeddable":true,"href":"https:\/\/relevantfilm.de\/index.php?rest_route=%2Fwp%2Fv2%2Fmovie_cats&post=175"},{"taxonomy":"movie_flag","embeddable":true,"href":"https:\/\/relevantfilm.de\/index.php?rest_route=%2Fwp%2Fv2%2Fmovie_flags&post=175"}],"curies":[{"name":"wp","href":"https:\/\/api.w.org\/{rel}","templated":true}]}}