{"id":30,"date":"2021-12-12T11:13:00","date_gmt":"2021-12-12T10:13:00","guid":{"rendered":"https:\/\/relevantfilm.clusterzone.de\/?p=30"},"modified":"2023-11-02T16:31:45","modified_gmt":"2023-11-02T15:31:45","slug":"alice-im-weihnachtsland","status":"publish","type":"movie","link":"https:\/\/relevantfilm.de\/?movie=alice-im-weihnachtsland","title":{"rendered":"Alice im Weihnachtsland"},"content":{"rendered":"\n<p><span data-contrast=\"auto\">Alice (Aybi Era) ist erst seit Kurzem mit ihrem Freund Nicolas (Daniel Gawlowski) zusammen, als er sie einl\u00e4dt, Weihnachten mit ihm und seiner Familie in Oberstdorf zu verbringen. Obwohl Alice zun\u00e4chst z\u00f6gert, sagt sie schlie\u00dflich doch zu. Doch schon aus der gemeinsamen Anreise wird nichts: Ein wichtiges berufliches Projekt h\u00e4lt Nicolas auf. So steht Alice allein am Bahnhof in Oberstdorf, als Nicolas ihr am Telefon nahelegt, einfach schon mal zu seinen Eltern zu fahren. Wie praktisch, dass es das Schicksal gut mit ihr meint und sie am Bahnhof Nicolas \u00e4lteren Bruder Jakob Huber (Jochen Matschke) trifft.<\/span><\/p>\n\n\n\n<figure class=\"wp-block-image size-large\"><img loading=\"lazy\" decoding=\"async\" width=\"1024\" height=\"576\" src=\"https:\/\/relevantfilm.de\/wp-content\/uploads\/2023\/03\/Alice-im-Weihnachtsland-01-1024x576.jpg\" alt=\"\" class=\"wp-image-1921\" srcset=\"https:\/\/relevantfilm.de\/wp-content\/uploads\/2023\/03\/Alice-im-Weihnachtsland-01-1024x576.jpg 1024w, https:\/\/relevantfilm.de\/wp-content\/uploads\/2023\/03\/Alice-im-Weihnachtsland-01-300x169.jpg 300w, https:\/\/relevantfilm.de\/wp-content\/uploads\/2023\/03\/Alice-im-Weihnachtsland-01-768x432.jpg 768w, https:\/\/relevantfilm.de\/wp-content\/uploads\/2023\/03\/Alice-im-Weihnachtsland-01-1536x864.jpg 1536w, https:\/\/relevantfilm.de\/wp-content\/uploads\/2023\/03\/Alice-im-Weihnachtsland-01.jpg 1920w\" sizes=\"(max-width: 1024px) 100vw, 1024px\" \/><\/figure>\n\n\n\n<p><span data-contrast=\"auto\">Die Eltern Hanna (Jutta Speidel) und Toni (August Schm\u00f6lzer) begr\u00fc\u00dfen Alice so herzlich, dass sie sich schnell wie zu Hause f\u00fchlt. Dass es Nicolas erst an Heiligabend nach Oberstdorf schafft, ist pl\u00f6tzlich gar kein Problem mehr. Alice f\u00fchlt sich wohl und baut eine immer engere Bindung zum verwitweten Jakob und seinen Kindern auf. Das bringt beide in eine unangenehme Zwickm\u00fchle.<\/span><\/p>\n\n\n\n<figure class=\"wp-block-image size-large\"><img loading=\"lazy\" decoding=\"async\" width=\"1024\" height=\"683\" src=\"https:\/\/relevantfilm.de\/wp-content\/uploads\/2023\/03\/Alice-im-Weihnachtsland-02-1024x683.jpg\" alt=\"\" class=\"wp-image-1922\" srcset=\"https:\/\/relevantfilm.de\/wp-content\/uploads\/2023\/03\/Alice-im-Weihnachtsland-02-1024x683.jpg 1024w, https:\/\/relevantfilm.de\/wp-content\/uploads\/2023\/03\/Alice-im-Weihnachtsland-02-300x200.jpg 300w, https:\/\/relevantfilm.de\/wp-content\/uploads\/2023\/03\/Alice-im-Weihnachtsland-02-768x512.jpg 768w, https:\/\/relevantfilm.de\/wp-content\/uploads\/2023\/03\/Alice-im-Weihnachtsland-02-1536x1024.jpg 1536w, https:\/\/relevantfilm.de\/wp-content\/uploads\/2023\/03\/Alice-im-Weihnachtsland-02.jpg 1920w\" sizes=\"(max-width: 1024px) 100vw, 1024px\" \/><\/figure>\n\n\n\n<p><b><span data-contrast=\"auto\">Cast<\/span><\/b><span data-ccp-props=\"{&quot;201341983&quot;:0,&quot;335559739&quot;:160,&quot;335559740&quot;:259}\">&nbsp;<\/span><\/p>\n\n\n\n<p><strong>Aybi Era I Jochen Matschke I Daniel Gawlowski I Jutta Speidel I August Schm\u00f6lzer I Nina Hoger I Ilja Richter I Peter Franke I Fabian Ziems I Falka Klare I Sushila Sara Mai I Jonathan M\u00fcller I Stan HoloubekI Claudia Matschulla I Franciska Friede I Ingo Abel<\/strong><\/p>\n\n\n\n<figure class=\"wp-block-gallery has-nested-images columns-default is-cropped wp-block-gallery-1 is-layout-flex wp-block-gallery-is-layout-flex\">\n<figure class=\"wp-block-image size-large\"><a href=\"https:\/\/relevantfilm.de\/wp-content\/uploads\/2023\/03\/Alice-im-Weihnachtsland-03.jpg\"><img loading=\"lazy\" decoding=\"async\" width=\"1024\" height=\"683\" data-id=\"1923\" src=\"https:\/\/relevantfilm.de\/wp-content\/uploads\/2023\/03\/Alice-im-Weihnachtsland-03.jpg\" alt=\"\" class=\"wp-image-1923\" srcset=\"https:\/\/relevantfilm.de\/wp-content\/uploads\/2023\/03\/Alice-im-Weihnachtsland-03.jpg 1024w, https:\/\/relevantfilm.de\/wp-content\/uploads\/2023\/03\/Alice-im-Weihnachtsland-03-300x200.jpg 300w, https:\/\/relevantfilm.de\/wp-content\/uploads\/2023\/03\/Alice-im-Weihnachtsland-03-768x512.jpg 768w\" sizes=\"(max-width: 1024px) 100vw, 1024px\" \/><\/a><\/figure>\n\n\n\n<figure class=\"wp-block-image size-large\"><a href=\"https:\/\/relevantfilm.de\/wp-content\/uploads\/2023\/03\/Alice-im-Weihnachtsland-04.jpg\"><img loading=\"lazy\" decoding=\"async\" width=\"1024\" height=\"683\" data-id=\"1924\" src=\"https:\/\/relevantfilm.de\/wp-content\/uploads\/2023\/03\/Alice-im-Weihnachtsland-04.jpg\" alt=\"\" class=\"wp-image-1924\" srcset=\"https:\/\/relevantfilm.de\/wp-content\/uploads\/2023\/03\/Alice-im-Weihnachtsland-04.jpg 1024w, https:\/\/relevantfilm.de\/wp-content\/uploads\/2023\/03\/Alice-im-Weihnachtsland-04-300x200.jpg 300w, https:\/\/relevantfilm.de\/wp-content\/uploads\/2023\/03\/Alice-im-Weihnachtsland-04-768x512.jpg 768w\" sizes=\"(max-width: 1024px) 100vw, 1024px\" \/><\/a><\/figure>\n\n\n\n<figure class=\"wp-block-image size-large\"><a href=\"https:\/\/relevantfilm.de\/wp-content\/uploads\/2023\/03\/Alice-im-Weihnachtsland-05.jpg\"><img loading=\"lazy\" decoding=\"async\" width=\"1024\" height=\"683\" data-id=\"1925\" src=\"https:\/\/relevantfilm.de\/wp-content\/uploads\/2023\/03\/Alice-im-Weihnachtsland-05.jpg\" alt=\"\" class=\"wp-image-1925\" srcset=\"https:\/\/relevantfilm.de\/wp-content\/uploads\/2023\/03\/Alice-im-Weihnachtsland-05.jpg 1024w, https:\/\/relevantfilm.de\/wp-content\/uploads\/2023\/03\/Alice-im-Weihnachtsland-05-300x200.jpg 300w, https:\/\/relevantfilm.de\/wp-content\/uploads\/2023\/03\/Alice-im-Weihnachtsland-05-768x512.jpg 768w\" sizes=\"(max-width: 1024px) 100vw, 1024px\" \/><\/a><\/figure>\n\n\n\n<figure class=\"wp-block-image size-large\"><a href=\"https:\/\/relevantfilm.de\/wp-content\/uploads\/2023\/03\/Alice-im-Weihnachtsland-06.jpg\"><img loading=\"lazy\" decoding=\"async\" width=\"1024\" height=\"683\" data-id=\"1926\" src=\"https:\/\/relevantfilm.de\/wp-content\/uploads\/2023\/03\/Alice-im-Weihnachtsland-06.jpg\" alt=\"\" class=\"wp-image-1926\" srcset=\"https:\/\/relevantfilm.de\/wp-content\/uploads\/2023\/03\/Alice-im-Weihnachtsland-06.jpg 1024w, https:\/\/relevantfilm.de\/wp-content\/uploads\/2023\/03\/Alice-im-Weihnachtsland-06-300x200.jpg 300w, https:\/\/relevantfilm.de\/wp-content\/uploads\/2023\/03\/Alice-im-Weihnachtsland-06-768x512.jpg 768w\" sizes=\"(max-width: 1024px) 100vw, 1024px\" \/><\/a><\/figure>\n<\/figure>\n\n\n\n<p><b><span data-contrast=\"auto\">Team<\/span><\/b><span data-ccp-props=\"{&quot;201341983&quot;:0,&quot;335559739&quot;:160,&quot;335559740&quot;:259}\">&nbsp;<\/span><\/p>\n\n\n\n<p><span data-contrast=\"auto\">Drehbuch <\/span><b><span data-contrast=\"auto\">Claudia Matschulla, Arnd Mayer<\/span><\/b><span data-contrast=\"auto\"> \u01c0 Regie <\/span><b><span data-contrast=\"auto\">Petra K. Wagner<\/span><\/b><span data-contrast=\"auto\"> \u01c0 Kamera <\/span><b><span data-contrast=\"auto\">Peter Polsak<\/span><\/b><span data-contrast=\"auto\"> I B-Kamera <\/span><b><span data-contrast=\"auto\">Jan Raiber<\/span><\/b><span data-contrast=\"auto\"> \u01c0 Schnitt <\/span><b><span data-contrast=\"auto\">Nicola Undritz<\/span><\/b><span data-contrast=\"auto\"> \u01c0 Musik <\/span><b><span data-contrast=\"auto\">Hannah von H\u00fcbbenet, Raphael Schalz-Bender<\/span><\/b><span data-contrast=\"auto\"> \u01c0 Szenenbild <\/span><b><span data-contrast=\"auto\">Jost Brand-H\u00fcbner<\/span><\/b><span data-contrast=\"auto\"> \u01c0 Kost\u00fcm <\/span><b><span data-contrast=\"auto\">Astrid M\u00f6ldner<\/span><\/b><span data-contrast=\"auto\"> \u01c0 Maske <\/span><b><span data-contrast=\"auto\">Jens Holstein, Edith Paskvalic<\/span><\/b><span data-contrast=\"auto\"> \u01c0 Ton <\/span><b><span data-contrast=\"auto\">Christoph K\u00f6pf<\/span><\/b><span data-contrast=\"auto\"> \u01c0 Mischung <\/span><b><span data-contrast=\"auto\">Arne Dammann \u01c0 <span data-contrast=\"auto\"> <\/span><\/span><\/b>Casting <b><span data-contrast=\"auto\">Marion Haack<\/span><\/b><span data-contrast=\"auto\"> \u01c0 Produktionsleitung <\/span><b><span data-contrast=\"auto\">Peter Nawrotzki<\/span><\/b><span data-contrast=\"auto\"> \u01c0 Producerin <\/span><b><span data-contrast=\"auto\">Paula Lichte<\/span><\/b><span data-contrast=\"auto\"> \u01c0 Redaktion ZDF <\/span><b><span data-contrast=\"auto\">Berit Teschner<\/span><\/b><span data-contrast=\"auto\"> \u01c0 Produzentin <\/span><b><span data-contrast=\"auto\">Heike Wiehle-Timm<\/span><\/b><span data-ccp-props=\"{&quot;201341983&quot;:0,&quot;335559739&quot;:160,&quot;335559740&quot;:259}\">\u00a0<\/span><\/p>\n\n\n\n<p><b><span data-contrast=\"auto\">Produktion<\/span><\/b><span data-ccp-props=\"{&quot;201341983&quot;:0,&quot;335559739&quot;:160,&quot;335559740&quot;:259}\">&nbsp;<\/span><\/p>\n\n\n\n<ul class=\"wp-block-list\">\n<li><span data-contrast=\"auto\">Eine Relevant Film Produktion im Auftrag des ZDF, 2021<\/span><span data-ccp-props=\"{&quot;201341983&quot;:0,&quot;335559739&quot;:160,&quot;335559740&quot;:259}\">&nbsp;<\/span><\/li>\n\n\n\n<li><span data-contrast=\"auto\">Erstausstrahlung am Sonntag, den 12. Dezember 2021 um 20.15 Uhr im ZDF&nbsp;<\/span><span data-ccp-props=\"{&quot;201341983&quot;:0,&quot;335559739&quot;:160,&quot;335559740&quot;:259}\">&nbsp;<\/span><\/li>\n<\/ul>\n\n\n\n<p><b><span data-contrast=\"auto\">Preise I Festivals<\/span><\/b><span data-ccp-props=\"{&quot;201341983&quot;:0,&quot;335559739&quot;:160,&quot;335559740&quot;:259}\">&nbsp;<\/span><\/p>\n\n\n\n<ul class=\"wp-block-list\">\n<li><span data-contrast=\"auto\">Premiere Filmtage Oberschwaben \u2013 Ravensburg, 2021&nbsp;<\/span><\/li>\n<\/ul>\n\n\n\n<p class=\"has-small-font-size\"><strong>Bildnachweis<\/strong> I \u201aAlice im Weihnachtsland\u2018 \u00a9 ZDF I Jan Raiber&nbsp;<\/p>\n","protected":false},"author":3,"featured_media":1927,"template":"","movie_cats":[6,3],"movie_flags":[],"class_list":["post-30","movie","type-movie","status-publish","has-post-thumbnail","hentry","movie_cat-unsere-filme","movie_cat-fernsehen"],"acf":[],"yoast_head":"<!-- This site is optimized with the Yoast SEO plugin v27.5 - https:\/\/yoast.com\/product\/yoast-seo-wordpress\/ -->\n<title>Alice im Weihnachtsland - Relevant Film<\/title>\n<meta name=\"robots\" content=\"index, follow, max-snippet:-1, max-image-preview:large, max-video-preview:-1\" \/>\n<link rel=\"canonical\" href=\"https:\/\/relevantfilm.de\/?movie=alice-im-weihnachtsland\" \/>\n<meta property=\"og:locale\" content=\"de_DE\" \/>\n<meta property=\"og:type\" content=\"article\" \/>\n<meta property=\"og:title\" content=\"Alice im Weihnachtsland - Relevant Film\" \/>\n<meta property=\"og:description\" content=\"Alice (Aybi Era) ist erst seit Kurzem mit ihrem Freund Nicolas (Daniel Gawlowski) zusammen, als er sie einl\u00e4dt, Weihnachten mit ihm und seiner Familie in Oberstdorf zu verbringen. Obwohl Alice zun\u00e4chst z\u00f6gert, sagt sie schlie\u00dflich doch zu. Doch schon aus der gemeinsamen Anreise wird nichts: Ein wichtiges berufliches Projekt h\u00e4lt Nicolas auf. So steht Alice [&hellip;]\" \/>\n<meta property=\"og:url\" content=\"https:\/\/relevantfilm.de\/?movie=alice-im-weihnachtsland\" \/>\n<meta property=\"og:site_name\" content=\"Relevant Film\" \/>\n<meta property=\"article:modified_time\" content=\"2023-11-02T15:31:45+00:00\" \/>\n<meta property=\"og:image\" content=\"https:\/\/relevantfilm.de\/wp-content\/uploads\/2023\/03\/Banner-Alice-im-Weihnachtsland.jpg\" \/>\n\t<meta property=\"og:image:width\" content=\"1920\" \/>\n\t<meta property=\"og:image:height\" content=\"931\" \/>\n\t<meta property=\"og:image:type\" content=\"image\/jpeg\" \/>\n<meta name=\"twitter:card\" content=\"summary_large_image\" \/>\n<meta name=\"twitter:label1\" content=\"Gesch\u00e4tzte Lesezeit\" \/>\n\t<meta name=\"twitter:data1\" content=\"3\u00a0Minuten\" \/>\n<script type=\"application\/ld+json\" class=\"yoast-schema-graph\">{\"@context\":\"https:\\\/\\\/schema.org\",\"@graph\":[{\"@type\":\"WebPage\",\"@id\":\"https:\\\/\\\/relevantfilm.de\\\/?movie=alice-im-weihnachtsland\",\"url\":\"https:\\\/\\\/relevantfilm.de\\\/?movie=alice-im-weihnachtsland\",\"name\":\"Alice im Weihnachtsland - Relevant Film\",\"isPartOf\":{\"@id\":\"https:\\\/\\\/relevantfilm.de\\\/#website\"},\"primaryImageOfPage\":{\"@id\":\"https:\\\/\\\/relevantfilm.de\\\/?movie=alice-im-weihnachtsland#primaryimage\"},\"image\":{\"@id\":\"https:\\\/\\\/relevantfilm.de\\\/?movie=alice-im-weihnachtsland#primaryimage\"},\"thumbnailUrl\":\"https:\\\/\\\/relevantfilm.de\\\/wp-content\\\/uploads\\\/2023\\\/03\\\/Banner-Alice-im-Weihnachtsland.jpg\",\"datePublished\":\"2021-12-12T10:13:00+00:00\",\"dateModified\":\"2023-11-02T15:31:45+00:00\",\"breadcrumb\":{\"@id\":\"https:\\\/\\\/relevantfilm.de\\\/?movie=alice-im-weihnachtsland#breadcrumb\"},\"inLanguage\":\"de\",\"potentialAction\":[{\"@type\":\"ReadAction\",\"target\":[\"https:\\\/\\\/relevantfilm.de\\\/?movie=alice-im-weihnachtsland\"]}]},{\"@type\":\"ImageObject\",\"inLanguage\":\"de\",\"@id\":\"https:\\\/\\\/relevantfilm.de\\\/?movie=alice-im-weihnachtsland#primaryimage\",\"url\":\"https:\\\/\\\/relevantfilm.de\\\/wp-content\\\/uploads\\\/2023\\\/03\\\/Banner-Alice-im-Weihnachtsland.jpg\",\"contentUrl\":\"https:\\\/\\\/relevantfilm.de\\\/wp-content\\\/uploads\\\/2023\\\/03\\\/Banner-Alice-im-Weihnachtsland.jpg\",\"width\":1920,\"height\":931,\"caption\":\"Alice (Aybi Era, r.) muss erkennen: Eigentlich kann Jakob (Jochen Matschke, l.) auch ganz nett sein.\"},{\"@type\":\"BreadcrumbList\",\"@id\":\"https:\\\/\\\/relevantfilm.de\\\/?movie=alice-im-weihnachtsland#breadcrumb\",\"itemListElement\":[{\"@type\":\"ListItem\",\"position\":1,\"name\":\"Startseite\",\"item\":\"https:\\\/\\\/relevantfilm.de\\\/\"},{\"@type\":\"ListItem\",\"position\":2,\"name\":\"Movies\",\"item\":\"https:\\\/\\\/relevantfilm.de\\\/?post_type=movie\"},{\"@type\":\"ListItem\",\"position\":3,\"name\":\"Alice im Weihnachtsland\"}]},{\"@type\":\"WebSite\",\"@id\":\"https:\\\/\\\/relevantfilm.de\\\/#website\",\"url\":\"https:\\\/\\\/relevantfilm.de\\\/\",\"name\":\"Relevant Film\",\"description\":\"Filmproduktion Hamburg\",\"potentialAction\":[{\"@type\":\"SearchAction\",\"target\":{\"@type\":\"EntryPoint\",\"urlTemplate\":\"https:\\\/\\\/relevantfilm.de\\\/?s={search_term_string}\"},\"query-input\":{\"@type\":\"PropertyValueSpecification\",\"valueRequired\":true,\"valueName\":\"search_term_string\"}}],\"inLanguage\":\"de\"}]}<\/script>\n<!-- \/ Yoast SEO plugin. -->","yoast_head_json":{"title":"Alice im Weihnachtsland - Relevant Film","robots":{"index":"index","follow":"follow","max-snippet":"max-snippet:-1","max-image-preview":"max-image-preview:large","max-video-preview":"max-video-preview:-1"},"canonical":"https:\/\/relevantfilm.de\/?movie=alice-im-weihnachtsland","og_locale":"de_DE","og_type":"article","og_title":"Alice im Weihnachtsland - Relevant Film","og_description":"Alice (Aybi Era) ist erst seit Kurzem mit ihrem Freund Nicolas (Daniel Gawlowski) zusammen, als er sie einl\u00e4dt, Weihnachten mit ihm und seiner Familie in Oberstdorf zu verbringen. Obwohl Alice zun\u00e4chst z\u00f6gert, sagt sie schlie\u00dflich doch zu. Doch schon aus der gemeinsamen Anreise wird nichts: Ein wichtiges berufliches Projekt h\u00e4lt Nicolas auf. So steht Alice [&hellip;]","og_url":"https:\/\/relevantfilm.de\/?movie=alice-im-weihnachtsland","og_site_name":"Relevant Film","article_modified_time":"2023-11-02T15:31:45+00:00","og_image":[{"width":1920,"height":931,"url":"https:\/\/relevantfilm.de\/wp-content\/uploads\/2023\/03\/Banner-Alice-im-Weihnachtsland.jpg","type":"image\/jpeg"}],"twitter_card":"summary_large_image","twitter_misc":{"Gesch\u00e4tzte Lesezeit":"3\u00a0Minuten"},"schema":{"@context":"https:\/\/schema.org","@graph":[{"@type":"WebPage","@id":"https:\/\/relevantfilm.de\/?movie=alice-im-weihnachtsland","url":"https:\/\/relevantfilm.de\/?movie=alice-im-weihnachtsland","name":"Alice im Weihnachtsland - Relevant Film","isPartOf":{"@id":"https:\/\/relevantfilm.de\/#website"},"primaryImageOfPage":{"@id":"https:\/\/relevantfilm.de\/?movie=alice-im-weihnachtsland#primaryimage"},"image":{"@id":"https:\/\/relevantfilm.de\/?movie=alice-im-weihnachtsland#primaryimage"},"thumbnailUrl":"https:\/\/relevantfilm.de\/wp-content\/uploads\/2023\/03\/Banner-Alice-im-Weihnachtsland.jpg","datePublished":"2021-12-12T10:13:00+00:00","dateModified":"2023-11-02T15:31:45+00:00","breadcrumb":{"@id":"https:\/\/relevantfilm.de\/?movie=alice-im-weihnachtsland#breadcrumb"},"inLanguage":"de","potentialAction":[{"@type":"ReadAction","target":["https:\/\/relevantfilm.de\/?movie=alice-im-weihnachtsland"]}]},{"@type":"ImageObject","inLanguage":"de","@id":"https:\/\/relevantfilm.de\/?movie=alice-im-weihnachtsland#primaryimage","url":"https:\/\/relevantfilm.de\/wp-content\/uploads\/2023\/03\/Banner-Alice-im-Weihnachtsland.jpg","contentUrl":"https:\/\/relevantfilm.de\/wp-content\/uploads\/2023\/03\/Banner-Alice-im-Weihnachtsland.jpg","width":1920,"height":931,"caption":"Alice (Aybi Era, r.) muss erkennen: Eigentlich kann Jakob (Jochen Matschke, l.) auch ganz nett sein."},{"@type":"BreadcrumbList","@id":"https:\/\/relevantfilm.de\/?movie=alice-im-weihnachtsland#breadcrumb","itemListElement":[{"@type":"ListItem","position":1,"name":"Startseite","item":"https:\/\/relevantfilm.de\/"},{"@type":"ListItem","position":2,"name":"Movies","item":"https:\/\/relevantfilm.de\/?post_type=movie"},{"@type":"ListItem","position":3,"name":"Alice im Weihnachtsland"}]},{"@type":"WebSite","@id":"https:\/\/relevantfilm.de\/#website","url":"https:\/\/relevantfilm.de\/","name":"Relevant Film","description":"Filmproduktion Hamburg","potentialAction":[{"@type":"SearchAction","target":{"@type":"EntryPoint","urlTemplate":"https:\/\/relevantfilm.de\/?s={search_term_string}"},"query-input":{"@type":"PropertyValueSpecification","valueRequired":true,"valueName":"search_term_string"}}],"inLanguage":"de"}]}},"_links":{"self":[{"href":"https:\/\/relevantfilm.de\/index.php?rest_route=\/wp\/v2\/movies\/30","targetHints":{"allow":["GET"]}}],"collection":[{"href":"https:\/\/relevantfilm.de\/index.php?rest_route=\/wp\/v2\/movies"}],"about":[{"href":"https:\/\/relevantfilm.de\/index.php?rest_route=\/wp\/v2\/types\/movie"}],"author":[{"embeddable":true,"href":"https:\/\/relevantfilm.de\/index.php?rest_route=\/wp\/v2\/users\/3"}],"wp:featuredmedia":[{"embeddable":true,"href":"https:\/\/relevantfilm.de\/index.php?rest_route=\/wp\/v2\/media\/1927"}],"wp:attachment":[{"href":"https:\/\/relevantfilm.de\/index.php?rest_route=%2Fwp%2Fv2%2Fmedia&parent=30"}],"wp:term":[{"taxonomy":"movie_cat","embeddable":true,"href":"https:\/\/relevantfilm.de\/index.php?rest_route=%2Fwp%2Fv2%2Fmovie_cats&post=30"},{"taxonomy":"movie_flag","embeddable":true,"href":"https:\/\/relevantfilm.de\/index.php?rest_route=%2Fwp%2Fv2%2Fmovie_flags&post=30"}],"curies":[{"name":"wp","href":"https:\/\/api.w.org\/{rel}","templated":true}]}}