{"id":304,"date":"2020-01-22T10:30:31","date_gmt":"2020-01-22T09:30:31","guid":{"rendered":"https:\/\/relevantfilm.clusterzone.de\/?p=304"},"modified":"2024-05-17T12:17:29","modified_gmt":"2024-05-17T10:17:29","slug":"aufbruch-in-die-freiheit","status":"publish","type":"movie","link":"https:\/\/relevantfilm.de\/?movie=aufbruch-in-die-freiheit","title":{"rendered":"Aufbruch in die Freiheit"},"content":{"rendered":"\n<figure class=\"wp-block-image size-full\"><img loading=\"lazy\" decoding=\"async\" width=\"1024\" height=\"681\" src=\"https:\/\/relevantfilm.de\/wp-content\/uploads\/2023\/03\/Aufbruch-in-die-Freiheit-01.jpg\" alt=\"\" class=\"wp-image-1939\" srcset=\"https:\/\/relevantfilm.de\/wp-content\/uploads\/2023\/03\/Aufbruch-in-die-Freiheit-01.jpg 1024w, https:\/\/relevantfilm.de\/wp-content\/uploads\/2023\/03\/Aufbruch-in-die-Freiheit-01-300x200.jpg 300w, https:\/\/relevantfilm.de\/wp-content\/uploads\/2023\/03\/Aufbruch-in-die-Freiheit-01-768x511.jpg 768w\" sizes=\"(max-width: 1024px) 100vw, 1024px\" \/><\/figure>\n\n\n\n<p>Als Erika wieder schwanger wird und sich zu einer heimlichen Abtreibung entschlie\u00dft, eskaliert die ohnehin schon angespannte h\u00e4usliche Situation. Erika und ihre Kinder verlassen ihr Zuhause und finden Unterschlupf in der Wohngemeinschaft der j\u00fcngeren, in der Frauenbewegung aktiven Schwester Charlotte (<strong>Alwara H\u00f6fels<\/strong>). Mit Hilfe von Charlotte und deren Freunden lernt Erika ein anderes, freieres Leben kennen. Doch der Neuanfang f\u00e4llt schwer: ohne Einwilligung des Mannes kann sie weder arbeiten noch ihre Kinder in neuen Schulen anmelden. Erika erfasst ihre Abh\u00e4ngigkeit in vollem Umfang.<\/p>\n\n\n\n<p>Und Kurt verklagt Erika wegen Kindesentzug. Schweren Herzens muss sie ihre Kinder zur\u00fcck ins Dorf, in die Obhut ihrer Schwiegermutter und ihres konservativen Mannes bringen. F\u00fcr sie selbst ist der Weg zur\u00fcck unm\u00f6glich. Sie schlie\u00dft sich der Frauenbewegung an und bekennt sich \u00f6ffentlich zu ihrer Abtreibung. Als die Schwiegermutter stirbt, kehrt Erika ins Dorf zur\u00fcck, ordnet die Verh\u00e4ltnisse neu, trennt Tisch und Bett und erm\u00f6glicht ihrer Tochter den Besuch des Gymnasiums. Der Aufbruch in die Freiheit ist nicht mehr zu stoppen.<\/p>\n\n\n\n<figure class=\"wp-block-image size-full\"><img loading=\"lazy\" decoding=\"async\" width=\"1024\" height=\"681\" src=\"https:\/\/relevantfilm.de\/wp-content\/uploads\/2023\/03\/Aufbruch-in-die-Freiheit-02.jpg\" alt=\"\" class=\"wp-image-1940\" srcset=\"https:\/\/relevantfilm.de\/wp-content\/uploads\/2023\/03\/Aufbruch-in-die-Freiheit-02.jpg 1024w, https:\/\/relevantfilm.de\/wp-content\/uploads\/2023\/03\/Aufbruch-in-die-Freiheit-02-300x200.jpg 300w, https:\/\/relevantfilm.de\/wp-content\/uploads\/2023\/03\/Aufbruch-in-die-Freiheit-02-768x511.jpg 768w\" sizes=\"(max-width: 1024px) 100vw, 1024px\" \/><\/figure>\n\n\n\n<p>&#8222;1971 gibt es auf dem Land nicht viele Modelle, nach denen man als Familie leben kann. Und das traditionelle Modell hat f\u00fcr die dreifache Mutter Erika Gerlach bisher auch gut funktioniert. Doch pl\u00f6tzlich passt es nicht mehr. Sie ist wieder schwanger und wei\u00df: Sie kann und will nicht noch ein Kind bekommen. Bei ihrem Mann Kurt st\u00f6\u00dft sie mit dieser Haltung auf Unverst\u00e4ndnis. Der Konflikt ersch\u00fcttert ihre Ehe und rei\u00dft die Familie auseinander. Erika muss erkennen, wie abh\u00e4ngig sie von ihrem Mann ist.<\/p>\n\n\n\n<p>Nach einer langen und schmerzvollen Emanzipation entscheidet sie sich f\u00fcr ein Arrangement mit ihrem Mann, das f\u00fcr die damalige Zeit h\u00f6chst ungew\u00f6hnlich ist. Rechtlich sind seit 1971 einige Schritte zur Gleichberechtigung von Mann und Frau gegangen worden. Doch eine Familie ist ja mehr als ein B\u00fcndel von Rechten und Pflichten. Es geht um Liebe, Verbindlichkeit und Vertrauen, um Auseinandersetzung, Vermittlung und Vers\u00f6hnung. Noch heute stehen viele Frauen und M\u00e4nner vor ganz \u00e4hnlichen Fragen wie Erika im Film: Wie k\u00f6nnen wir selbstbestimmt als Eltern der Verantwortung f\u00fcr unsere Kinder, wie als Frauen und M\u00e4nner der Verantwortung f\u00fcr unser Leben gerecht werden? In diesem Sinne erz\u00e4hlt \u201eAufbruch in die Freiheit\u201c nicht nur vom Kampf der Frauenbewegung f\u00fcr eine straffreie Abtreibung in den 70er Jahren, sondern m\u00f6chte auch einen Beitrag zur Debatte um Geschlechterbeziehungen und gesellschaftliche Machtstrukturen in der Gegenwart anbieten.\u201c<\/p>\n\n\n\n<p>Solveig Cornelisen &amp; Caroline von Senden | ZDF-Redaktion<\/p>\n\n\n\n<figure class=\"wp-block-image size-full\"><img loading=\"lazy\" decoding=\"async\" width=\"1024\" height=\"681\" src=\"https:\/\/relevantfilm.de\/wp-content\/uploads\/2023\/03\/Aufbruch-in-die-Freiheit-03.jpg\" alt=\"\" class=\"wp-image-1941\" srcset=\"https:\/\/relevantfilm.de\/wp-content\/uploads\/2023\/03\/Aufbruch-in-die-Freiheit-03.jpg 1024w, https:\/\/relevantfilm.de\/wp-content\/uploads\/2023\/03\/Aufbruch-in-die-Freiheit-03-300x200.jpg 300w, https:\/\/relevantfilm.de\/wp-content\/uploads\/2023\/03\/Aufbruch-in-die-Freiheit-03-768x511.jpg 768w\" sizes=\"(max-width: 1024px) 100vw, 1024px\" \/><\/figure>\n\n\n\n<p><strong>Cast<\/strong><\/p>\n\n\n\n<p><strong>Anna Schudt \u01c0 Christian Erdmann \u01c0 Alwara H\u00f6fels \u01c0 Marie Anne Fliegel \u01c0 Lene Oderich \u01c0 Charlie Schrein \u01c0 Milla Hammann \u01c0 Carol Schuler \u01c0 Denis Schmidt \u01c0 Franziska Hartmann \u01c0 Lilia Lehner \u01c0 Ralph Kretschmar \u01c0 Benjamin Gr\u00fcter \u01c0 Johanna Gastdorf \u01c0 Gerhard Fehn \u01c0 Kathleen Gallego Zapata \u01c0 Daniel Wiemer \u01c0 u.a.<\/strong><\/p>\n\n\n\n<p><strong>Team<\/strong><\/p>\n\n\n\n<p>Drehbuch <strong>Andrea Stoll, Heike Fink, Ruth Olshan<\/strong> \u01c0 nach einer Idee von <strong>Heike Fink<\/strong> \u01c0 Regie <strong>Isabel Kleefeld<\/strong> \u01c0 Kamera <strong>Martin Langer<\/strong> \u01c0 Schnitt <strong>Renata Salazar Ivancan<\/strong> \u01c0 Musik <strong>Sven Rossenbach, Florian von Volxem<\/strong> \u01c0 Szenenbild <strong>Andrea Kessler<\/strong> \u01c0 Kost\u00fcm <strong>Annegret St\u00f6\u00dfel<\/strong> \u01c0 Maske <strong>Delia M\u00fcndelein, Sonja Fischer-Zeyen<\/strong> \u01c0 Ton <strong>Hank Trede<\/strong> \u01c0 Mischung <strong>Gerald Cronauer<\/strong> \u01c0 Casting <strong>Sabine Schwedhelm<\/strong> \u01c0 Produktionsleitung <strong>Ingrid Holzapfel<\/strong> \u01c0 Producerin <strong>Cecile Heisler-Zigulla<\/strong> \u01c0 Redaktion ZDF <strong>Solveig Cornelisen, Caroline von Senden<\/strong> \u01c0 Produzentin <strong>Heike Wiehle-Timm<\/strong><\/p>\n\n\n\n<figure class=\"wp-block-image size-full\"><img loading=\"lazy\" decoding=\"async\" width=\"1024\" height=\"683\" src=\"https:\/\/relevantfilm.de\/wp-content\/uploads\/2023\/03\/Aufbruch-in-die-Freiheit-04.jpg\" alt=\"\" class=\"wp-image-1942\" srcset=\"https:\/\/relevantfilm.de\/wp-content\/uploads\/2023\/03\/Aufbruch-in-die-Freiheit-04.jpg 1024w, https:\/\/relevantfilm.de\/wp-content\/uploads\/2023\/03\/Aufbruch-in-die-Freiheit-04-300x200.jpg 300w, https:\/\/relevantfilm.de\/wp-content\/uploads\/2023\/03\/Aufbruch-in-die-Freiheit-04-768x512.jpg 768w\" sizes=\"(max-width: 1024px) 100vw, 1024px\" \/><\/figure>\n\n\n\n<p><strong>Produktion<\/strong><\/p>\n\n\n\n<ul class=\"wp-block-list\">\n<li>Eine Relevant Film Produktion im Auftrag des ZDF, 2018<\/li>\n\n\n\n<li>Erstausstrahlung am Montag, 29. Oktober 2018 um 20.15 Uhr im ZDF<\/li>\n<\/ul>\n\n\n\n<p><strong>Festivals \u01c0 Preise<\/strong><\/p>\n\n\n\n<ul class=\"wp-block-list\">\n<li>Goldene Kamera 2019 \u2013 Bester Fernsehfilm<\/li>\n\n\n\n<li>Deutscher Fernsehpreis 2019 \u2013 Bester Fernsehfilm<\/li>\n\n\n\n<li>Hamburger Produzentenpreis f\u00fcr Deutsche Fernsehproduktionen \u2013 Filmfest Hamburg 2018<\/li>\n\n\n\n<li>Grimme Preis 2019 \u2013 Nominierung Beste Fiktion<\/li>\n\n\n\n<li>DAfF Deutsche Akademie f\u00fcr Fernsehen \u2013 Auszeichnungen in vier Kategorien: Regie,<\/li>\n\n\n\n<li>Hauptdarstellerin, Szenenbild, Maskenbild \u2013 Nominierung f\u00fcr Kost\u00fcmbild<\/li>\n\n\n\n<li>Bayerischer Fernsehpreis 2019 \u2013 Beste Hauptdarstellerin<\/li>\n\n\n\n<li>ABU Prize 2019 \u2013 TV Drama Winner der Asia-Pacific Broadcasting Union (einzige europ\u00e4ische Auszeichnung \u00fcber alle Kategorien)<\/li>\n\n\n\n<li>Juliane Bartels Medienpreis 2019 \u2013 Nominierung<\/li>\n<\/ul>\n\n\n\n<p class=\"has-small-font-size\"><strong>Bildnachweis<\/strong> I \u201aAufbruch in die Freiheit\u2018 \u00a9 ZDF I Bernd Spauke \/ Martin Rottenkolber<\/p>\n","protected":false},"author":3,"featured_media":1943,"template":"","movie_cats":[6,3],"movie_flags":[8],"class_list":["post-304","movie","type-movie","status-publish","has-post-thumbnail","hentry","movie_cat-unsere-filme","movie_cat-fernsehen","movie_flag-featured"],"acf":[],"yoast_head":"<!-- This site is optimized with the Yoast SEO plugin v27.4 - https:\/\/yoast.com\/product\/yoast-seo-wordpress\/ -->\n<title>Aufbruch in die Freiheit - Relevant Film<\/title>\n<meta name=\"robots\" content=\"index, follow, max-snippet:-1, max-image-preview:large, max-video-preview:-1\" \/>\n<link rel=\"canonical\" href=\"https:\/\/relevantfilm.de\/?movie=aufbruch-in-die-freiheit\" \/>\n<meta property=\"og:locale\" content=\"de_DE\" \/>\n<meta property=\"og:type\" content=\"article\" \/>\n<meta property=\"og:title\" content=\"Aufbruch in die Freiheit - Relevant Film\" \/>\n<meta property=\"og:description\" content=\"Als Erika wieder schwanger wird und sich zu einer heimlichen Abtreibung entschlie\u00dft, eskaliert die ohnehin schon angespannte h\u00e4usliche Situation. Erika und ihre Kinder verlassen ihr Zuhause und finden Unterschlupf in der Wohngemeinschaft der j\u00fcngeren, in der Frauenbewegung aktiven Schwester Charlotte (Alwara H\u00f6fels). Mit Hilfe von Charlotte und deren Freunden lernt Erika ein anderes, freieres Leben [&hellip;]\" \/>\n<meta property=\"og:url\" content=\"https:\/\/relevantfilm.de\/?movie=aufbruch-in-die-freiheit\" \/>\n<meta property=\"og:site_name\" content=\"Relevant Film\" \/>\n<meta property=\"article:modified_time\" content=\"2024-05-17T10:17:29+00:00\" \/>\n<meta property=\"og:image\" content=\"https:\/\/relevantfilm.de\/wp-content\/uploads\/2023\/03\/Banner-Aufbruch-in-die-Freiheit-scaled.jpg\" \/>\n\t<meta property=\"og:image:width\" content=\"2560\" \/>\n\t<meta property=\"og:image:height\" content=\"1708\" \/>\n\t<meta property=\"og:image:type\" content=\"image\/jpeg\" \/>\n<meta name=\"twitter:card\" content=\"summary_large_image\" \/>\n<meta name=\"twitter:label1\" content=\"Gesch\u00e4tzte Lesezeit\" \/>\n\t<meta name=\"twitter:data1\" content=\"5\u00a0Minuten\" \/>\n<script type=\"application\/ld+json\" class=\"yoast-schema-graph\">{\"@context\":\"https:\\\/\\\/schema.org\",\"@graph\":[{\"@type\":\"WebPage\",\"@id\":\"https:\\\/\\\/relevantfilm.de\\\/?movie=aufbruch-in-die-freiheit\",\"url\":\"https:\\\/\\\/relevantfilm.de\\\/?movie=aufbruch-in-die-freiheit\",\"name\":\"Aufbruch in die Freiheit - Relevant Film\",\"isPartOf\":{\"@id\":\"https:\\\/\\\/relevantfilm.de\\\/#website\"},\"primaryImageOfPage\":{\"@id\":\"https:\\\/\\\/relevantfilm.de\\\/?movie=aufbruch-in-die-freiheit#primaryimage\"},\"image\":{\"@id\":\"https:\\\/\\\/relevantfilm.de\\\/?movie=aufbruch-in-die-freiheit#primaryimage\"},\"thumbnailUrl\":\"https:\\\/\\\/relevantfilm.de\\\/wp-content\\\/uploads\\\/2023\\\/03\\\/Banner-Aufbruch-in-die-Freiheit-scaled.jpg\",\"datePublished\":\"2020-01-22T09:30:31+00:00\",\"dateModified\":\"2024-05-17T10:17:29+00:00\",\"breadcrumb\":{\"@id\":\"https:\\\/\\\/relevantfilm.de\\\/?movie=aufbruch-in-die-freiheit#breadcrumb\"},\"inLanguage\":\"de\",\"potentialAction\":[{\"@type\":\"ReadAction\",\"target\":[\"https:\\\/\\\/relevantfilm.de\\\/?movie=aufbruch-in-die-freiheit\"]}]},{\"@type\":\"ImageObject\",\"inLanguage\":\"de\",\"@id\":\"https:\\\/\\\/relevantfilm.de\\\/?movie=aufbruch-in-die-freiheit#primaryimage\",\"url\":\"https:\\\/\\\/relevantfilm.de\\\/wp-content\\\/uploads\\\/2023\\\/03\\\/Banner-Aufbruch-in-die-Freiheit-scaled.jpg\",\"contentUrl\":\"https:\\\/\\\/relevantfilm.de\\\/wp-content\\\/uploads\\\/2023\\\/03\\\/Banner-Aufbruch-in-die-Freiheit-scaled.jpg\",\"width\":2560,\"height\":1708,\"caption\":\"\u201eAufbruch in die Freiheit\u201c mit Charlotte (Alwara Ho\u0308fels), Erika Gerlach (Anna Schudt), Sabine Gerlach (Milla Hammann), Michael Gerlach (Charlie Schrein), Ulrike Gerlach (Lene Oderich) \u00a9ZDF\\\/Martin Rottenkolber\"},{\"@type\":\"BreadcrumbList\",\"@id\":\"https:\\\/\\\/relevantfilm.de\\\/?movie=aufbruch-in-die-freiheit#breadcrumb\",\"itemListElement\":[{\"@type\":\"ListItem\",\"position\":1,\"name\":\"Startseite\",\"item\":\"https:\\\/\\\/relevantfilm.de\\\/\"},{\"@type\":\"ListItem\",\"position\":2,\"name\":\"Movies\",\"item\":\"https:\\\/\\\/relevantfilm.de\\\/?post_type=movie\"},{\"@type\":\"ListItem\",\"position\":3,\"name\":\"Aufbruch in die Freiheit\"}]},{\"@type\":\"WebSite\",\"@id\":\"https:\\\/\\\/relevantfilm.de\\\/#website\",\"url\":\"https:\\\/\\\/relevantfilm.de\\\/\",\"name\":\"Relevant Film\",\"description\":\"Filmproduktion Hamburg\",\"potentialAction\":[{\"@type\":\"SearchAction\",\"target\":{\"@type\":\"EntryPoint\",\"urlTemplate\":\"https:\\\/\\\/relevantfilm.de\\\/?s={search_term_string}\"},\"query-input\":{\"@type\":\"PropertyValueSpecification\",\"valueRequired\":true,\"valueName\":\"search_term_string\"}}],\"inLanguage\":\"de\"}]}<\/script>\n<!-- \/ Yoast SEO plugin. -->","yoast_head_json":{"title":"Aufbruch in die Freiheit - Relevant Film","robots":{"index":"index","follow":"follow","max-snippet":"max-snippet:-1","max-image-preview":"max-image-preview:large","max-video-preview":"max-video-preview:-1"},"canonical":"https:\/\/relevantfilm.de\/?movie=aufbruch-in-die-freiheit","og_locale":"de_DE","og_type":"article","og_title":"Aufbruch in die Freiheit - Relevant Film","og_description":"Als Erika wieder schwanger wird und sich zu einer heimlichen Abtreibung entschlie\u00dft, eskaliert die ohnehin schon angespannte h\u00e4usliche Situation. Erika und ihre Kinder verlassen ihr Zuhause und finden Unterschlupf in der Wohngemeinschaft der j\u00fcngeren, in der Frauenbewegung aktiven Schwester Charlotte (Alwara H\u00f6fels). Mit Hilfe von Charlotte und deren Freunden lernt Erika ein anderes, freieres Leben [&hellip;]","og_url":"https:\/\/relevantfilm.de\/?movie=aufbruch-in-die-freiheit","og_site_name":"Relevant Film","article_modified_time":"2024-05-17T10:17:29+00:00","og_image":[{"width":2560,"height":1708,"url":"https:\/\/relevantfilm.de\/wp-content\/uploads\/2023\/03\/Banner-Aufbruch-in-die-Freiheit-scaled.jpg","type":"image\/jpeg"}],"twitter_card":"summary_large_image","twitter_misc":{"Gesch\u00e4tzte Lesezeit":"5\u00a0Minuten"},"schema":{"@context":"https:\/\/schema.org","@graph":[{"@type":"WebPage","@id":"https:\/\/relevantfilm.de\/?movie=aufbruch-in-die-freiheit","url":"https:\/\/relevantfilm.de\/?movie=aufbruch-in-die-freiheit","name":"Aufbruch in die Freiheit - Relevant Film","isPartOf":{"@id":"https:\/\/relevantfilm.de\/#website"},"primaryImageOfPage":{"@id":"https:\/\/relevantfilm.de\/?movie=aufbruch-in-die-freiheit#primaryimage"},"image":{"@id":"https:\/\/relevantfilm.de\/?movie=aufbruch-in-die-freiheit#primaryimage"},"thumbnailUrl":"https:\/\/relevantfilm.de\/wp-content\/uploads\/2023\/03\/Banner-Aufbruch-in-die-Freiheit-scaled.jpg","datePublished":"2020-01-22T09:30:31+00:00","dateModified":"2024-05-17T10:17:29+00:00","breadcrumb":{"@id":"https:\/\/relevantfilm.de\/?movie=aufbruch-in-die-freiheit#breadcrumb"},"inLanguage":"de","potentialAction":[{"@type":"ReadAction","target":["https:\/\/relevantfilm.de\/?movie=aufbruch-in-die-freiheit"]}]},{"@type":"ImageObject","inLanguage":"de","@id":"https:\/\/relevantfilm.de\/?movie=aufbruch-in-die-freiheit#primaryimage","url":"https:\/\/relevantfilm.de\/wp-content\/uploads\/2023\/03\/Banner-Aufbruch-in-die-Freiheit-scaled.jpg","contentUrl":"https:\/\/relevantfilm.de\/wp-content\/uploads\/2023\/03\/Banner-Aufbruch-in-die-Freiheit-scaled.jpg","width":2560,"height":1708,"caption":"\u201eAufbruch in die Freiheit\u201c mit Charlotte (Alwara Ho\u0308fels), Erika Gerlach (Anna Schudt), Sabine Gerlach (Milla Hammann), Michael Gerlach (Charlie Schrein), Ulrike Gerlach (Lene Oderich) \u00a9ZDF\/Martin Rottenkolber"},{"@type":"BreadcrumbList","@id":"https:\/\/relevantfilm.de\/?movie=aufbruch-in-die-freiheit#breadcrumb","itemListElement":[{"@type":"ListItem","position":1,"name":"Startseite","item":"https:\/\/relevantfilm.de\/"},{"@type":"ListItem","position":2,"name":"Movies","item":"https:\/\/relevantfilm.de\/?post_type=movie"},{"@type":"ListItem","position":3,"name":"Aufbruch in die Freiheit"}]},{"@type":"WebSite","@id":"https:\/\/relevantfilm.de\/#website","url":"https:\/\/relevantfilm.de\/","name":"Relevant Film","description":"Filmproduktion Hamburg","potentialAction":[{"@type":"SearchAction","target":{"@type":"EntryPoint","urlTemplate":"https:\/\/relevantfilm.de\/?s={search_term_string}"},"query-input":{"@type":"PropertyValueSpecification","valueRequired":true,"valueName":"search_term_string"}}],"inLanguage":"de"}]}},"_links":{"self":[{"href":"https:\/\/relevantfilm.de\/index.php?rest_route=\/wp\/v2\/movies\/304","targetHints":{"allow":["GET"]}}],"collection":[{"href":"https:\/\/relevantfilm.de\/index.php?rest_route=\/wp\/v2\/movies"}],"about":[{"href":"https:\/\/relevantfilm.de\/index.php?rest_route=\/wp\/v2\/types\/movie"}],"author":[{"embeddable":true,"href":"https:\/\/relevantfilm.de\/index.php?rest_route=\/wp\/v2\/users\/3"}],"wp:featuredmedia":[{"embeddable":true,"href":"https:\/\/relevantfilm.de\/index.php?rest_route=\/wp\/v2\/media\/1943"}],"wp:attachment":[{"href":"https:\/\/relevantfilm.de\/index.php?rest_route=%2Fwp%2Fv2%2Fmedia&parent=304"}],"wp:term":[{"taxonomy":"movie_cat","embeddable":true,"href":"https:\/\/relevantfilm.de\/index.php?rest_route=%2Fwp%2Fv2%2Fmovie_cats&post=304"},{"taxonomy":"movie_flag","embeddable":true,"href":"https:\/\/relevantfilm.de\/index.php?rest_route=%2Fwp%2Fv2%2Fmovie_flags&post=304"}],"curies":[{"name":"wp","href":"https:\/\/api.w.org\/{rel}","templated":true}]}}