{"id":3456,"date":"2025-04-07T14:55:33","date_gmt":"2025-04-07T12:55:33","guid":{"rendered":"https:\/\/relevantfilm.de\/?post_type=movie&#038;p=3456"},"modified":"2025-12-17T18:28:11","modified_gmt":"2025-12-17T17:28:11","slug":"das-verschwundene-kind","status":"publish","type":"movie","link":"https:\/\/relevantfilm.de\/?movie=das-verschwundene-kind","title":{"rendered":"Das verschwundene Kind"},"content":{"rendered":"\n<p>Inmitten der Sch\u00f6nheit der Mittleren Elbtalaue verwirklichen vier Freunde ihren Traum von einer Hausgemeinschaft. Sophie (<strong>Julia Koschitz<\/strong>), Thies (<strong>Mark Waschke<\/strong>), Bodo (<strong>Hans L\u00f6w<\/strong>) und Inga (<strong>Anna Schudt<\/strong>) wollen die Limitierungen der Kleinfamilie \u00fcberwinden und w\u00fcnschen sich intakte Gemeinschaft, wollen ihre Kinder gemeinsam erziehen und in Einklang mit der Natur leben. Doch mit der vermeintlichen Idylle ist es vorbei, als der 12j\u00e4hrige Aaron (<strong>Sammy Schrein<\/strong>) spurlos verschwindet. Pl\u00f6tzlich bricht Misstrauen unter den Freunden auf und eine L\u00fcge stellt alles, was sie sich gemeinsam aufgebaut haben, infrage.<\/p>\n\n\n\n<figure class=\"wp-block-image size-full is-style-default\"><img loading=\"lazy\" decoding=\"async\" width=\"680\" height=\"454\" src=\"https:\/\/relevantfilm.de\/wp-content\/uploads\/2025\/05\/Das-verschwundene-Kind-J0A3157-Tg-9495-edited.jpg\" alt=\"\" class=\"wp-image-3950\" srcset=\"https:\/\/relevantfilm.de\/wp-content\/uploads\/2025\/05\/Das-verschwundene-Kind-J0A3157-Tg-9495-edited.jpg 680w, https:\/\/relevantfilm.de\/wp-content\/uploads\/2025\/05\/Das-verschwundene-Kind-J0A3157-Tg-9495-edited-300x200.jpg 300w\" sizes=\"(max-width: 680px) 100vw, 680px\" \/><\/figure>\n\n\n\n<p>Was passiert, wenn ein Kind ungewollt zwischen die M\u00fchlen zweier Familien ger\u00e4t und die dunkle Seite dieser Gemeinschaft an die Oberfl\u00e4che sp\u00fclt? Die verzweifelte Suche nach Aaron l\u00e4sst in der Hausgemeinschaft unbew\u00e4ltigte Konflikte aufbrechen und zwingt sie zu ehrlicher Auseinandersetzung mit ihren Lebensl\u00fcgen: Ist Aaron m\u00f6glicherweise gar nicht der Ausl\u00f6ser der Krise? Sondern ihr Botschafter?<\/p>\n\n\n\n<figure class=\"wp-block-gallery has-nested-images columns-default is-cropped wp-block-gallery-1 is-layout-flex wp-block-gallery-is-layout-flex\">\n<figure class=\"wp-block-image size-full\"><img loading=\"lazy\" decoding=\"async\" width=\"850\" height=\"478\" data-id=\"3946\" src=\"https:\/\/relevantfilm.de\/wp-content\/uploads\/2025\/05\/Das-verschwundene-Kind-J0A9657-edited.jpg\" alt=\"\" class=\"wp-image-3946\" srcset=\"https:\/\/relevantfilm.de\/wp-content\/uploads\/2025\/05\/Das-verschwundene-Kind-J0A9657-edited.jpg 850w, https:\/\/relevantfilm.de\/wp-content\/uploads\/2025\/05\/Das-verschwundene-Kind-J0A9657-edited-300x169.jpg 300w, https:\/\/relevantfilm.de\/wp-content\/uploads\/2025\/05\/Das-verschwundene-Kind-J0A9657-edited-768x432.jpg 768w\" sizes=\"(max-width: 850px) 100vw, 850px\" \/><\/figure>\n<\/figure>\n\n\n\n<figure class=\"wp-block-gallery has-nested-images columns-default is-cropped wp-block-gallery-2 is-layout-flex wp-block-gallery-is-layout-flex\">\n<figure class=\"wp-block-image size-full\"><img loading=\"lazy\" decoding=\"async\" width=\"850\" height=\"567\" data-id=\"3754\" src=\"https:\/\/relevantfilm.de\/wp-content\/uploads\/2025\/02\/Das-verschwundene-Kind-J0A4169.jpg\" alt=\"\" class=\"wp-image-3754\" srcset=\"https:\/\/relevantfilm.de\/wp-content\/uploads\/2025\/02\/Das-verschwundene-Kind-J0A4169.jpg 850w, https:\/\/relevantfilm.de\/wp-content\/uploads\/2025\/02\/Das-verschwundene-Kind-J0A4169-300x200.jpg 300w, https:\/\/relevantfilm.de\/wp-content\/uploads\/2025\/02\/Das-verschwundene-Kind-J0A4169-768x512.jpg 768w\" sizes=\"(max-width: 850px) 100vw, 850px\" \/><\/figure>\n\n\n\n<figure class=\"wp-block-image size-full\"><img loading=\"lazy\" decoding=\"async\" width=\"850\" height=\"567\" data-id=\"3747\" src=\"https:\/\/relevantfilm.de\/wp-content\/uploads\/2025\/02\/Das-verschwundene-Kind-J0A1018.jpg\" alt=\"\" class=\"wp-image-3747\" srcset=\"https:\/\/relevantfilm.de\/wp-content\/uploads\/2025\/02\/Das-verschwundene-Kind-J0A1018.jpg 850w, https:\/\/relevantfilm.de\/wp-content\/uploads\/2025\/02\/Das-verschwundene-Kind-J0A1018-300x200.jpg 300w, https:\/\/relevantfilm.de\/wp-content\/uploads\/2025\/02\/Das-verschwundene-Kind-J0A1018-768x512.jpg 768w\" sizes=\"(max-width: 850px) 100vw, 850px\" \/><\/figure>\n\n\n\n<figure class=\"wp-block-image size-full\"><img loading=\"lazy\" decoding=\"async\" width=\"850\" height=\"567\" data-id=\"3742\" src=\"https:\/\/relevantfilm.de\/wp-content\/uploads\/2025\/02\/Das-verschwundene-Kind-J0A1873.jpg\" alt=\"\" class=\"wp-image-3742\" srcset=\"https:\/\/relevantfilm.de\/wp-content\/uploads\/2025\/02\/Das-verschwundene-Kind-J0A1873.jpg 850w, https:\/\/relevantfilm.de\/wp-content\/uploads\/2025\/02\/Das-verschwundene-Kind-J0A1873-300x200.jpg 300w, https:\/\/relevantfilm.de\/wp-content\/uploads\/2025\/02\/Das-verschwundene-Kind-J0A1873-768x512.jpg 768w\" sizes=\"(max-width: 850px) 100vw, 850px\" \/><\/figure>\n<\/figure>\n\n\n\n<p><strong>Cast<\/strong><\/p>\n\n\n\n<p><strong>Julia Koschitz <\/strong>|<strong> Mark Waschke <\/strong>|<strong> Anna Schudt <\/strong>|<strong> Hans L\u00f6w <\/strong>|<strong> Sammy Schrein <\/strong>|<strong> Jona Levin Nicolai <\/strong>|<strong> C\u00e4cilia Kirchner <\/strong>|<strong> Ulrike Johannson <\/strong>|<strong> Oliver T\u00f6rner <\/strong>|<strong> Petra Hartung <\/strong>|<strong> Jesse Hansen <\/strong>|<strong> Maju Margrit Sartorius <\/strong>| <strong>Harald Burmeister <\/strong>|<strong> Matthieu Svetchine <\/strong>|<strong> Apostolos Dulakis <\/strong>|<strong> Isa Can <\/strong>|<strong> Ben Kani | <\/strong>u.v.a.<\/p>\n\n\n\n<p><strong>Team<\/strong><\/p>\n\n\n\n<p>Drehbuch <strong>Silke Zertz <\/strong>| Regie <strong>Sabine Bernardi<\/strong> | Casting <strong>Marion Haack<\/strong> | Bildgestaltung <strong>Moritz Schulthei\u00df<\/strong> | Szenenbild <strong>Jan Lasse Hartmann<\/strong> | Kost\u00fcm <strong>Astrid M\u00f6ldner<\/strong> | Maske <strong>Daniel Schr\u00f6der, Annette Schirmer<\/strong> | Licht <strong>Jens Mackeldey<\/strong> | Schnitt <strong>Nicola Undritz<\/strong> | Komponist <strong>Richard Ruzicka<\/strong> | Originalton <strong>Torsten T\u00f6bben<\/strong>, <strong>Vincent Richter<\/strong> | Mischung <strong>Arne Dammann<\/strong> | Produktionsleitung <strong>Peter Nawrotzki<\/strong> | Producerin <strong>Cecile Heisler-Zigulla<\/strong> | Redaktion<strong> Solveig Cornelisen<\/strong> | Produzentin <strong>Heike Wiehle-Timm<\/strong><\/p>\n\n\n\n<p><\/p>\n\n\n\n<p><strong>Produktion<\/strong><\/p>\n\n\n\n<ul class=\"wp-block-list\">\n<li>Eine Relevant Film Produktion im Auftrag des ZDF, 2025<\/li>\n\n\n\n<li>Erstausstrahlung: Der Sendetermin wird noch bekanntgegeben<\/li>\n<\/ul>\n\n\n\n<p><strong>Festivals | Preise<\/strong><\/p>\n\n\n\n<ul class=\"wp-block-list\">\n<li><strong>Internationales Filmfest M\u00fcnchen 2025<\/strong> &#8211; Urauff\u00fchrung am 1. Juli im Kino Gloria Palast, M\u00fcnchen<\/li>\n\n\n\n<li>Nominierung f\u00fcr den<strong> Bernd Burgemeister Preis 2025<\/strong><\/li>\n\n\n\n<li><strong>Biberacher Filmfestspiele 2025<\/strong><\/li>\n<\/ul>\n\n\n\n<figure class=\"wp-block-image size-large is-resized\"><img loading=\"lazy\" decoding=\"async\" width=\"727\" height=\"1024\" src=\"https:\/\/relevantfilm.de\/wp-content\/uploads\/2025\/04\/Filmfest-Muenchen-Plakat-das-verschwundene-Kind-727x1024.png\" alt=\"\" class=\"wp-image-3942\" style=\"width:480px;height:auto\" srcset=\"https:\/\/relevantfilm.de\/wp-content\/uploads\/2025\/04\/Filmfest-Muenchen-Plakat-das-verschwundene-Kind-727x1024.png 727w, https:\/\/relevantfilm.de\/wp-content\/uploads\/2025\/04\/Filmfest-Muenchen-Plakat-das-verschwundene-Kind-213x300.png 213w, https:\/\/relevantfilm.de\/wp-content\/uploads\/2025\/04\/Filmfest-Muenchen-Plakat-das-verschwundene-Kind-768x1082.png 768w, https:\/\/relevantfilm.de\/wp-content\/uploads\/2025\/04\/Filmfest-Muenchen-Plakat-das-verschwundene-Kind-1090x1536.png 1090w, https:\/\/relevantfilm.de\/wp-content\/uploads\/2025\/04\/Filmfest-Muenchen-Plakat-das-verschwundene-Kind-1454x2048.png 1454w, https:\/\/relevantfilm.de\/wp-content\/uploads\/2025\/04\/Filmfest-Muenchen-Plakat-das-verschwundene-Kind.png 1610w\" sizes=\"(max-width: 727px) 100vw, 727px\" \/><\/figure>\n\n\n\n<p class=\"has-small-font-size\">Bildnachweis I \u00a9 ZDF \/Relevant Film\/ Andrea K\u00fcppers<\/p>\n\n\n\n<ul class=\"wp-block-list\">\n<li><\/li>\n<\/ul>\n\n\n\n<p><\/p>\n","protected":false},"author":4,"featured_media":3734,"template":"","movie_cats":[6,3],"movie_flags":[],"class_list":["post-3456","movie","type-movie","status-publish","has-post-thumbnail","hentry","movie_cat-unsere-filme","movie_cat-fernsehen"],"acf":[],"yoast_head":"<!-- This site is optimized with the Yoast SEO plugin v27.5 - https:\/\/yoast.com\/product\/yoast-seo-wordpress\/ -->\n<title>Das verschwundene Kind - Relevant Film<\/title>\n<meta name=\"robots\" content=\"index, follow, max-snippet:-1, max-image-preview:large, max-video-preview:-1\" \/>\n<link rel=\"canonical\" href=\"https:\/\/relevantfilm.de\/?movie=das-verschwundene-kind\" \/>\n<meta property=\"og:locale\" content=\"de_DE\" \/>\n<meta property=\"og:type\" content=\"article\" \/>\n<meta property=\"og:title\" content=\"Das verschwundene Kind - Relevant Film\" \/>\n<meta property=\"og:description\" content=\"Inmitten der Sch\u00f6nheit der Mittleren Elbtalaue verwirklichen vier Freunde ihren Traum von einer Hausgemeinschaft. Sophie (Julia Koschitz), Thies (Mark Waschke), Bodo (Hans L\u00f6w) und Inga (Anna Schudt) wollen die Limitierungen der Kleinfamilie \u00fcberwinden und w\u00fcnschen sich intakte Gemeinschaft, wollen ihre Kinder gemeinsam erziehen und in Einklang mit der Natur leben. Doch mit der vermeintlichen Idylle [&hellip;]\" \/>\n<meta property=\"og:url\" content=\"https:\/\/relevantfilm.de\/?movie=das-verschwundene-kind\" \/>\n<meta property=\"og:site_name\" content=\"Relevant Film\" \/>\n<meta property=\"article:modified_time\" content=\"2025-12-17T17:28:11+00:00\" \/>\n<meta property=\"og:image\" content=\"https:\/\/relevantfilm.de\/wp-content\/uploads\/2025\/02\/Das-verschwundene-Kind-J0A3034-Keyvisual-scaled-e1765992483775.jpg\" \/>\n\t<meta property=\"og:image:width\" content=\"1860\" \/>\n\t<meta property=\"og:image:height\" content=\"1390\" \/>\n\t<meta property=\"og:image:type\" content=\"image\/jpeg\" \/>\n<meta name=\"twitter:card\" content=\"summary_large_image\" \/>\n<meta name=\"twitter:label1\" content=\"Gesch\u00e4tzte Lesezeit\" \/>\n\t<meta name=\"twitter:data1\" content=\"4\u00a0Minuten\" \/>\n<script type=\"application\/ld+json\" class=\"yoast-schema-graph\">{\"@context\":\"https:\\\/\\\/schema.org\",\"@graph\":[{\"@type\":\"WebPage\",\"@id\":\"https:\\\/\\\/relevantfilm.de\\\/?movie=das-verschwundene-kind\",\"url\":\"https:\\\/\\\/relevantfilm.de\\\/?movie=das-verschwundene-kind\",\"name\":\"Das verschwundene Kind - Relevant Film\",\"isPartOf\":{\"@id\":\"https:\\\/\\\/relevantfilm.de\\\/#website\"},\"primaryImageOfPage\":{\"@id\":\"https:\\\/\\\/relevantfilm.de\\\/?movie=das-verschwundene-kind#primaryimage\"},\"image\":{\"@id\":\"https:\\\/\\\/relevantfilm.de\\\/?movie=das-verschwundene-kind#primaryimage\"},\"thumbnailUrl\":\"https:\\\/\\\/relevantfilm.de\\\/wp-content\\\/uploads\\\/2025\\\/02\\\/Das-verschwundene-Kind-J0A3034-Keyvisual-scaled-e1765992483775.jpg\",\"datePublished\":\"2025-04-07T12:55:33+00:00\",\"dateModified\":\"2025-12-17T17:28:11+00:00\",\"breadcrumb\":{\"@id\":\"https:\\\/\\\/relevantfilm.de\\\/?movie=das-verschwundene-kind#breadcrumb\"},\"inLanguage\":\"de\",\"potentialAction\":[{\"@type\":\"ReadAction\",\"target\":[\"https:\\\/\\\/relevantfilm.de\\\/?movie=das-verschwundene-kind\"]}]},{\"@type\":\"ImageObject\",\"inLanguage\":\"de\",\"@id\":\"https:\\\/\\\/relevantfilm.de\\\/?movie=das-verschwundene-kind#primaryimage\",\"url\":\"https:\\\/\\\/relevantfilm.de\\\/wp-content\\\/uploads\\\/2025\\\/02\\\/Das-verschwundene-Kind-J0A3034-Keyvisual-scaled-e1765992483775.jpg\",\"contentUrl\":\"https:\\\/\\\/relevantfilm.de\\\/wp-content\\\/uploads\\\/2025\\\/02\\\/Das-verschwundene-Kind-J0A3034-Keyvisual-scaled-e1765992483775.jpg\",\"width\":1860,\"height\":1390},{\"@type\":\"BreadcrumbList\",\"@id\":\"https:\\\/\\\/relevantfilm.de\\\/?movie=das-verschwundene-kind#breadcrumb\",\"itemListElement\":[{\"@type\":\"ListItem\",\"position\":1,\"name\":\"Startseite\",\"item\":\"https:\\\/\\\/relevantfilm.de\\\/\"},{\"@type\":\"ListItem\",\"position\":2,\"name\":\"Movies\",\"item\":\"https:\\\/\\\/relevantfilm.de\\\/?post_type=movie\"},{\"@type\":\"ListItem\",\"position\":3,\"name\":\"Das verschwundene Kind\"}]},{\"@type\":\"WebSite\",\"@id\":\"https:\\\/\\\/relevantfilm.de\\\/#website\",\"url\":\"https:\\\/\\\/relevantfilm.de\\\/\",\"name\":\"Relevant Film\",\"description\":\"Filmproduktion Hamburg\",\"potentialAction\":[{\"@type\":\"SearchAction\",\"target\":{\"@type\":\"EntryPoint\",\"urlTemplate\":\"https:\\\/\\\/relevantfilm.de\\\/?s={search_term_string}\"},\"query-input\":{\"@type\":\"PropertyValueSpecification\",\"valueRequired\":true,\"valueName\":\"search_term_string\"}}],\"inLanguage\":\"de\"}]}<\/script>\n<!-- \/ Yoast SEO plugin. -->","yoast_head_json":{"title":"Das verschwundene Kind - Relevant Film","robots":{"index":"index","follow":"follow","max-snippet":"max-snippet:-1","max-image-preview":"max-image-preview:large","max-video-preview":"max-video-preview:-1"},"canonical":"https:\/\/relevantfilm.de\/?movie=das-verschwundene-kind","og_locale":"de_DE","og_type":"article","og_title":"Das verschwundene Kind - Relevant Film","og_description":"Inmitten der Sch\u00f6nheit der Mittleren Elbtalaue verwirklichen vier Freunde ihren Traum von einer Hausgemeinschaft. Sophie (Julia Koschitz), Thies (Mark Waschke), Bodo (Hans L\u00f6w) und Inga (Anna Schudt) wollen die Limitierungen der Kleinfamilie \u00fcberwinden und w\u00fcnschen sich intakte Gemeinschaft, wollen ihre Kinder gemeinsam erziehen und in Einklang mit der Natur leben. Doch mit der vermeintlichen Idylle [&hellip;]","og_url":"https:\/\/relevantfilm.de\/?movie=das-verschwundene-kind","og_site_name":"Relevant Film","article_modified_time":"2025-12-17T17:28:11+00:00","og_image":[{"width":1860,"height":1390,"url":"https:\/\/relevantfilm.de\/wp-content\/uploads\/2025\/02\/Das-verschwundene-Kind-J0A3034-Keyvisual-scaled-e1765992483775.jpg","type":"image\/jpeg"}],"twitter_card":"summary_large_image","twitter_misc":{"Gesch\u00e4tzte Lesezeit":"4\u00a0Minuten"},"schema":{"@context":"https:\/\/schema.org","@graph":[{"@type":"WebPage","@id":"https:\/\/relevantfilm.de\/?movie=das-verschwundene-kind","url":"https:\/\/relevantfilm.de\/?movie=das-verschwundene-kind","name":"Das verschwundene Kind - Relevant Film","isPartOf":{"@id":"https:\/\/relevantfilm.de\/#website"},"primaryImageOfPage":{"@id":"https:\/\/relevantfilm.de\/?movie=das-verschwundene-kind#primaryimage"},"image":{"@id":"https:\/\/relevantfilm.de\/?movie=das-verschwundene-kind#primaryimage"},"thumbnailUrl":"https:\/\/relevantfilm.de\/wp-content\/uploads\/2025\/02\/Das-verschwundene-Kind-J0A3034-Keyvisual-scaled-e1765992483775.jpg","datePublished":"2025-04-07T12:55:33+00:00","dateModified":"2025-12-17T17:28:11+00:00","breadcrumb":{"@id":"https:\/\/relevantfilm.de\/?movie=das-verschwundene-kind#breadcrumb"},"inLanguage":"de","potentialAction":[{"@type":"ReadAction","target":["https:\/\/relevantfilm.de\/?movie=das-verschwundene-kind"]}]},{"@type":"ImageObject","inLanguage":"de","@id":"https:\/\/relevantfilm.de\/?movie=das-verschwundene-kind#primaryimage","url":"https:\/\/relevantfilm.de\/wp-content\/uploads\/2025\/02\/Das-verschwundene-Kind-J0A3034-Keyvisual-scaled-e1765992483775.jpg","contentUrl":"https:\/\/relevantfilm.de\/wp-content\/uploads\/2025\/02\/Das-verschwundene-Kind-J0A3034-Keyvisual-scaled-e1765992483775.jpg","width":1860,"height":1390},{"@type":"BreadcrumbList","@id":"https:\/\/relevantfilm.de\/?movie=das-verschwundene-kind#breadcrumb","itemListElement":[{"@type":"ListItem","position":1,"name":"Startseite","item":"https:\/\/relevantfilm.de\/"},{"@type":"ListItem","position":2,"name":"Movies","item":"https:\/\/relevantfilm.de\/?post_type=movie"},{"@type":"ListItem","position":3,"name":"Das verschwundene Kind"}]},{"@type":"WebSite","@id":"https:\/\/relevantfilm.de\/#website","url":"https:\/\/relevantfilm.de\/","name":"Relevant Film","description":"Filmproduktion Hamburg","potentialAction":[{"@type":"SearchAction","target":{"@type":"EntryPoint","urlTemplate":"https:\/\/relevantfilm.de\/?s={search_term_string}"},"query-input":{"@type":"PropertyValueSpecification","valueRequired":true,"valueName":"search_term_string"}}],"inLanguage":"de"}]}},"_links":{"self":[{"href":"https:\/\/relevantfilm.de\/index.php?rest_route=\/wp\/v2\/movies\/3456","targetHints":{"allow":["GET"]}}],"collection":[{"href":"https:\/\/relevantfilm.de\/index.php?rest_route=\/wp\/v2\/movies"}],"about":[{"href":"https:\/\/relevantfilm.de\/index.php?rest_route=\/wp\/v2\/types\/movie"}],"author":[{"embeddable":true,"href":"https:\/\/relevantfilm.de\/index.php?rest_route=\/wp\/v2\/users\/4"}],"wp:featuredmedia":[{"embeddable":true,"href":"https:\/\/relevantfilm.de\/index.php?rest_route=\/wp\/v2\/media\/3734"}],"wp:attachment":[{"href":"https:\/\/relevantfilm.de\/index.php?rest_route=%2Fwp%2Fv2%2Fmedia&parent=3456"}],"wp:term":[{"taxonomy":"movie_cat","embeddable":true,"href":"https:\/\/relevantfilm.de\/index.php?rest_route=%2Fwp%2Fv2%2Fmovie_cats&post=3456"},{"taxonomy":"movie_flag","embeddable":true,"href":"https:\/\/relevantfilm.de\/index.php?rest_route=%2Fwp%2Fv2%2Fmovie_flags&post=3456"}],"curies":[{"name":"wp","href":"https:\/\/api.w.org\/{rel}","templated":true}]}}