{"id":3458,"date":"2025-07-29T14:37:52","date_gmt":"2025-07-29T12:37:52","guid":{"rendered":"https:\/\/relevantfilm.de\/?post_type=movie&#038;p=3458"},"modified":"2026-04-22T11:23:34","modified_gmt":"2026-04-22T09:23:34","slug":"die-frau-in-blau","status":"publish","type":"movie","link":"https:\/\/relevantfilm.de\/?movie=die-frau-in-blau","title":{"rendered":"Die Frau in Blau"},"content":{"rendered":"\n<p><\/p>\n\n\n\n<p>Der ehemalige Fotograf Denis<strong> <\/strong>(<strong>Jonas Nay<\/strong>) f\u00fchlt sich unter Druck gesetzt. Um seinen F\u00fchrerschein wieder zu bekommen, muss er sich mit Alfred<strong> <\/strong>(<strong>Joachim Kr\u00f3l<\/strong>)<strong> <\/strong>auseinandersetzen, dessen Frau durch einen von Denis verursachten Unfall ums Leben kam, bei dem auch Alfred selbst schwere Verletzungen erlitt. Denis flieht seitdem nicht nur aus seinem alten Leben, sondern auch vor der Begegnung mit Alfred. Aber dann scheint es ihm, als k\u00e4me er davon: Alfred kann sich wegen der Hirnverletzungen nicht mehr an den Unfall erinnern. Er hat sich der Malerei zugewandt und ist ein zufrieden integriertes Mitglied einer Ateliergemeinschaft von K\u00fcnstler:innen mit Behinderung. Sei es Alfreds spezieller Charme, sei es die tragische Aura eines Gem\u00e4ldes, das von dem Unfall inspiriert scheint \u2013 nach erstem Widerstreben l\u00e4sst Denis sich in Alfreds Leben hineinziehen. Er wird sogar zu Alfreds Helfershelfer, als gerade das Bild abhandenkommt, an dem Alfred mehr h\u00e4ngt als an allen anderen zusammen. Auf gar keinen Fall will er es aufgeben. Die Wiederbeschaffung wird f\u00fcr die beiden zum m\u00fchsamen Hindernisparcours nicht ohne absurde Momente. Und fast nebenbei \u00e4ndert sich beider Leben ein weiteres Mal.<\/p>\n\n\n\n<figure class=\"wp-block-gallery has-nested-images columns-default is-cropped wp-block-gallery-1 is-layout-flex wp-block-gallery-is-layout-flex\">\n<figure class=\"wp-block-image size-large\"><img loading=\"lazy\" decoding=\"async\" width=\"1024\" height=\"683\" data-id=\"4063\" src=\"https:\/\/relevantfilm.de\/wp-content\/uploads\/2025\/07\/RelevantFilm-DieFrauinBlau-SWR-DT02-Bild17-97-1024x683.jpg\" alt=\"\" class=\"wp-image-4063\" srcset=\"https:\/\/relevantfilm.de\/wp-content\/uploads\/2025\/07\/RelevantFilm-DieFrauinBlau-SWR-DT02-Bild17-97-1024x683.jpg 1024w, https:\/\/relevantfilm.de\/wp-content\/uploads\/2025\/07\/RelevantFilm-DieFrauinBlau-SWR-DT02-Bild17-97-300x200.jpg 300w, https:\/\/relevantfilm.de\/wp-content\/uploads\/2025\/07\/RelevantFilm-DieFrauinBlau-SWR-DT02-Bild17-97-768x512.jpg 768w, https:\/\/relevantfilm.de\/wp-content\/uploads\/2025\/07\/RelevantFilm-DieFrauinBlau-SWR-DT02-Bild17-97.jpg 1311w\" sizes=\"(max-width: 1024px) 100vw, 1024px\" \/><\/figure>\n\n\n\n<figure class=\"wp-block-image size-large\"><img loading=\"lazy\" decoding=\"async\" width=\"1024\" height=\"682\" data-id=\"4080\" src=\"https:\/\/relevantfilm.de\/wp-content\/uploads\/2025\/07\/RelevantFilm-Die-Frau-in-Blau-SWR-DT08-Bild99-176-1024x682.jpg\" alt=\"\" class=\"wp-image-4080\" srcset=\"https:\/\/relevantfilm.de\/wp-content\/uploads\/2025\/07\/RelevantFilm-Die-Frau-in-Blau-SWR-DT08-Bild99-176-1024x682.jpg 1024w, https:\/\/relevantfilm.de\/wp-content\/uploads\/2025\/07\/RelevantFilm-Die-Frau-in-Blau-SWR-DT08-Bild99-176-300x200.jpg 300w, https:\/\/relevantfilm.de\/wp-content\/uploads\/2025\/07\/RelevantFilm-Die-Frau-in-Blau-SWR-DT08-Bild99-176-768x512.jpg 768w, https:\/\/relevantfilm.de\/wp-content\/uploads\/2025\/07\/RelevantFilm-Die-Frau-in-Blau-SWR-DT08-Bild99-176-1536x1023.jpg 1536w, https:\/\/relevantfilm.de\/wp-content\/uploads\/2025\/07\/RelevantFilm-Die-Frau-in-Blau-SWR-DT08-Bild99-176.jpg 1642w\" sizes=\"(max-width: 1024px) 100vw, 1024px\" \/><\/figure>\n\n\n\n<figure class=\"wp-block-image size-large\"><img loading=\"lazy\" decoding=\"async\" width=\"1024\" height=\"682\" data-id=\"4058\" src=\"https:\/\/relevantfilm.de\/wp-content\/uploads\/2025\/07\/RelevantFilm-DieFrauinBlau-SWR-DT01-Bild89-287-1024x682.jpg\" alt=\"\" class=\"wp-image-4058\" srcset=\"https:\/\/relevantfilm.de\/wp-content\/uploads\/2025\/07\/RelevantFilm-DieFrauinBlau-SWR-DT01-Bild89-287-1024x682.jpg 1024w, https:\/\/relevantfilm.de\/wp-content\/uploads\/2025\/07\/RelevantFilm-DieFrauinBlau-SWR-DT01-Bild89-287-300x200.jpg 300w, https:\/\/relevantfilm.de\/wp-content\/uploads\/2025\/07\/RelevantFilm-DieFrauinBlau-SWR-DT01-Bild89-287-768x512.jpg 768w, https:\/\/relevantfilm.de\/wp-content\/uploads\/2025\/07\/RelevantFilm-DieFrauinBlau-SWR-DT01-Bild89-287-1536x1023.jpg 1536w, https:\/\/relevantfilm.de\/wp-content\/uploads\/2025\/07\/RelevantFilm-DieFrauinBlau-SWR-DT01-Bild89-287.jpg 1642w\" sizes=\"(max-width: 1024px) 100vw, 1024px\" \/><\/figure>\n\n\n\n<figure class=\"wp-block-image size-large\"><img loading=\"lazy\" decoding=\"async\" width=\"1024\" height=\"682\" data-id=\"4054\" src=\"https:\/\/relevantfilm.de\/wp-content\/uploads\/2025\/07\/RelevantFilm-DieFrauinBlau-SWR-DT09-Bild25-44-1024x682.jpg\" alt=\"\" class=\"wp-image-4054\" srcset=\"https:\/\/relevantfilm.de\/wp-content\/uploads\/2025\/07\/RelevantFilm-DieFrauinBlau-SWR-DT09-Bild25-44-1024x682.jpg 1024w, https:\/\/relevantfilm.de\/wp-content\/uploads\/2025\/07\/RelevantFilm-DieFrauinBlau-SWR-DT09-Bild25-44-300x200.jpg 300w, https:\/\/relevantfilm.de\/wp-content\/uploads\/2025\/07\/RelevantFilm-DieFrauinBlau-SWR-DT09-Bild25-44-768x512.jpg 768w, https:\/\/relevantfilm.de\/wp-content\/uploads\/2025\/07\/RelevantFilm-DieFrauinBlau-SWR-DT09-Bild25-44-1536x1023.jpg 1536w, https:\/\/relevantfilm.de\/wp-content\/uploads\/2025\/07\/RelevantFilm-DieFrauinBlau-SWR-DT09-Bild25-44.jpg 1642w\" sizes=\"(max-width: 1024px) 100vw, 1024px\" \/><\/figure>\n<\/figure>\n\n\n\n<p><strong>Cast<\/strong><\/p>\n\n\n\n<p><strong>Joachim Kr\u00f3l<\/strong> | <strong>Jonas Nay <\/strong>| <strong>Nairi Hadodo <\/strong>| <strong>Judith Bohle <\/strong>| <strong>Amelie Gerdes<\/strong> | <strong>Ralph Diekers<\/strong> | <strong>Pascal Pawlowski<\/strong> | <strong>Simon Rupp<\/strong> | <strong>Natalie Pieper<\/strong> | <strong>Ole Schlo\u00dfhauer<\/strong> | <strong>Stephanie Schadeweg<\/strong> | <strong>Alice Krimmel<\/strong> | <strong>Delio Mal\u00e4r<\/strong> | <strong>Luise Oevermann<\/strong> | <strong>Harun Yildirim<\/strong> | <strong>Reinhard Lagrain<\/strong> | <strong>Markus Engelhardt<\/strong> |  <strong>Cecile Heisler-Zigulla<\/strong> u.v.a.<\/p>\n\n\n\n<p><strong>Team<\/strong><\/p>\n\n\n\n<p>Drehbuch <strong>Ruth Toma <\/strong>| Regie <strong>Rainer Kaufmann <\/strong>| Kamera <strong>Martin Farkas<\/strong> | Komponist <strong>Stefan Will<\/strong> | Mischung <strong>Arne Dammann <\/strong>| Montage <strong>Eva Schnare<\/strong> | Szenenbild <strong>Frank Godt<\/strong> | Kost\u00fcm <strong>Anette Schr\u00f6der<\/strong> | Maske <strong>Doreen Kindler, Astrid Schill<\/strong> | Ton <strong>Matthias Wolf, Ivo Seewald<\/strong> | Licht <strong>Jens Mackelday <\/strong>| Sounddesign <strong>Michael Andreas <\/strong>| Casting&nbsp;<strong>Marion Haack&nbsp;<\/strong>\u01c0 Produktionsleitung <strong>Vanessa Eggers<\/strong> | Producerin <strong>Cecile Heisler-Zigulla<\/strong> | Redaktion (SWR) <strong>Katharina Dufner<\/strong> | Produzentin <strong>Heike Wiehle-Timm<\/strong><\/p>\n\n\n\n<p><\/p>\n\n\n\n<p><strong>Produktion<\/strong><\/p>\n\n\n\n<ul class=\"wp-block-list\">\n<li>Eine RELEVANT F!LM Produktion im Auftrag des SWR f\u00fcr die ARD, 2025<\/li>\n\n\n\n<li>Premiere am 28. September 2025, Filmfest Hamburg<\/li>\n\n\n\n<li>Die TV-Premiere fand am Mittwoch, dem 21. Januar 2026, um 20:15 Uhr im Ersten statt.<\/li>\n<\/ul>\n\n\n\n<figure class=\"wp-block-image size-large\"><img loading=\"lazy\" decoding=\"async\" width=\"726\" height=\"1024\" src=\"https:\/\/relevantfilm.de\/wp-content\/uploads\/2025\/08\/FF-HH-_Die-Frau-in-Blau_Plakat-726x1024.jpg\" alt=\"\" class=\"wp-image-4132\" srcset=\"https:\/\/relevantfilm.de\/wp-content\/uploads\/2025\/08\/FF-HH-_Die-Frau-in-Blau_Plakat-726x1024.jpg 726w, https:\/\/relevantfilm.de\/wp-content\/uploads\/2025\/08\/FF-HH-_Die-Frau-in-Blau_Plakat-213x300.jpg 213w, https:\/\/relevantfilm.de\/wp-content\/uploads\/2025\/08\/FF-HH-_Die-Frau-in-Blau_Plakat-768x1083.jpg 768w, https:\/\/relevantfilm.de\/wp-content\/uploads\/2025\/08\/FF-HH-_Die-Frau-in-Blau_Plakat-1089x1536.jpg 1089w, https:\/\/relevantfilm.de\/wp-content\/uploads\/2025\/08\/FF-HH-_Die-Frau-in-Blau_Plakat-1452x2048.jpg 1452w, https:\/\/relevantfilm.de\/wp-content\/uploads\/2025\/08\/FF-HH-_Die-Frau-in-Blau_Plakat-scaled.jpg 1815w\" sizes=\"(max-width: 726px) 100vw, 726px\" \/><\/figure>\n\n\n\n<p><\/p>\n\n\n\n<p class=\"has-small-font-size\">Bildnachweis | \u201aDie Frau in Blau\u2018 \u00a9 Relevant Film, SWR | Andrea K\u00fcppers<\/p>\n\n\n\n<p><\/p>\n","protected":false},"author":4,"featured_media":4055,"template":"","movie_cats":[6,3],"movie_flags":[],"class_list":["post-3458","movie","type-movie","status-publish","has-post-thumbnail","hentry","movie_cat-unsere-filme","movie_cat-fernsehen"],"acf":[],"yoast_head":"<!-- This site is optimized with the Yoast SEO plugin v27.5 - https:\/\/yoast.com\/product\/yoast-seo-wordpress\/ -->\n<title>Die Frau in Blau - Relevant Film<\/title>\n<meta name=\"robots\" content=\"index, follow, max-snippet:-1, max-image-preview:large, max-video-preview:-1\" \/>\n<link rel=\"canonical\" href=\"https:\/\/relevantfilm.de\/?movie=die-frau-in-blau\" \/>\n<meta property=\"og:locale\" content=\"de_DE\" \/>\n<meta property=\"og:type\" content=\"article\" \/>\n<meta property=\"og:title\" content=\"Die Frau in Blau - Relevant Film\" \/>\n<meta property=\"og:description\" content=\"Der ehemalige Fotograf Denis (Jonas Nay) f\u00fchlt sich unter Druck gesetzt. Um seinen F\u00fchrerschein wieder zu bekommen, muss er sich mit Alfred (Joachim Kr\u00f3l) auseinandersetzen, dessen Frau durch einen von Denis verursachten Unfall ums Leben kam, bei dem auch Alfred selbst schwere Verletzungen erlitt. Denis flieht seitdem nicht nur aus seinem alten Leben, sondern auch [&hellip;]\" \/>\n<meta property=\"og:url\" content=\"https:\/\/relevantfilm.de\/?movie=die-frau-in-blau\" \/>\n<meta property=\"og:site_name\" content=\"Relevant Film\" \/>\n<meta property=\"article:modified_time\" content=\"2026-04-22T09:23:34+00:00\" \/>\n<meta property=\"og:image\" content=\"https:\/\/relevantfilm.de\/wp-content\/uploads\/2025\/07\/RelevantFilm-DieFrauinBlau-SWR-DT15-Bild63-65-66-625-e1752507181890.jpg\" \/>\n\t<meta property=\"og:image:width\" content=\"1610\" \/>\n\t<meta property=\"og:image:height\" content=\"773\" \/>\n\t<meta property=\"og:image:type\" content=\"image\/jpeg\" \/>\n<meta name=\"twitter:card\" content=\"summary_large_image\" \/>\n<meta name=\"twitter:label1\" content=\"Gesch\u00e4tzte Lesezeit\" \/>\n\t<meta name=\"twitter:data1\" content=\"4\u00a0Minuten\" \/>\n<script type=\"application\/ld+json\" class=\"yoast-schema-graph\">{\"@context\":\"https:\\\/\\\/schema.org\",\"@graph\":[{\"@type\":\"WebPage\",\"@id\":\"https:\\\/\\\/relevantfilm.de\\\/?movie=die-frau-in-blau\",\"url\":\"https:\\\/\\\/relevantfilm.de\\\/?movie=die-frau-in-blau\",\"name\":\"Die Frau in Blau - Relevant Film\",\"isPartOf\":{\"@id\":\"https:\\\/\\\/relevantfilm.de\\\/#website\"},\"primaryImageOfPage\":{\"@id\":\"https:\\\/\\\/relevantfilm.de\\\/?movie=die-frau-in-blau#primaryimage\"},\"image\":{\"@id\":\"https:\\\/\\\/relevantfilm.de\\\/?movie=die-frau-in-blau#primaryimage\"},\"thumbnailUrl\":\"https:\\\/\\\/relevantfilm.de\\\/wp-content\\\/uploads\\\/2025\\\/07\\\/RelevantFilm-DieFrauinBlau-SWR-DT15-Bild63-65-66-625-e1752507181890.jpg\",\"datePublished\":\"2025-07-29T12:37:52+00:00\",\"dateModified\":\"2026-04-22T09:23:34+00:00\",\"breadcrumb\":{\"@id\":\"https:\\\/\\\/relevantfilm.de\\\/?movie=die-frau-in-blau#breadcrumb\"},\"inLanguage\":\"de\",\"potentialAction\":[{\"@type\":\"ReadAction\",\"target\":[\"https:\\\/\\\/relevantfilm.de\\\/?movie=die-frau-in-blau\"]}]},{\"@type\":\"ImageObject\",\"inLanguage\":\"de\",\"@id\":\"https:\\\/\\\/relevantfilm.de\\\/?movie=die-frau-in-blau#primaryimage\",\"url\":\"https:\\\/\\\/relevantfilm.de\\\/wp-content\\\/uploads\\\/2025\\\/07\\\/RelevantFilm-DieFrauinBlau-SWR-DT15-Bild63-65-66-625-e1752507181890.jpg\",\"contentUrl\":\"https:\\\/\\\/relevantfilm.de\\\/wp-content\\\/uploads\\\/2025\\\/07\\\/RelevantFilm-DieFrauinBlau-SWR-DT15-Bild63-65-66-625-e1752507181890.jpg\",\"width\":1610,\"height\":773,\"caption\":\"RelevantFilm-DieFrauinBlau-Rheinufer-Baum-Strand-Sandburgen-Denis sorgt sich um Alfred-Schauspieler: Jonas Nay,Joachim Krol,Nairi Hadodo\"},{\"@type\":\"BreadcrumbList\",\"@id\":\"https:\\\/\\\/relevantfilm.de\\\/?movie=die-frau-in-blau#breadcrumb\",\"itemListElement\":[{\"@type\":\"ListItem\",\"position\":1,\"name\":\"Startseite\",\"item\":\"https:\\\/\\\/relevantfilm.de\\\/\"},{\"@type\":\"ListItem\",\"position\":2,\"name\":\"Movies\",\"item\":\"https:\\\/\\\/relevantfilm.de\\\/?post_type=movie\"},{\"@type\":\"ListItem\",\"position\":3,\"name\":\"Die Frau in Blau\"}]},{\"@type\":\"WebSite\",\"@id\":\"https:\\\/\\\/relevantfilm.de\\\/#website\",\"url\":\"https:\\\/\\\/relevantfilm.de\\\/\",\"name\":\"Relevant Film\",\"description\":\"Filmproduktion Hamburg\",\"potentialAction\":[{\"@type\":\"SearchAction\",\"target\":{\"@type\":\"EntryPoint\",\"urlTemplate\":\"https:\\\/\\\/relevantfilm.de\\\/?s={search_term_string}\"},\"query-input\":{\"@type\":\"PropertyValueSpecification\",\"valueRequired\":true,\"valueName\":\"search_term_string\"}}],\"inLanguage\":\"de\"}]}<\/script>\n<!-- \/ Yoast SEO plugin. -->","yoast_head_json":{"title":"Die Frau in Blau - Relevant Film","robots":{"index":"index","follow":"follow","max-snippet":"max-snippet:-1","max-image-preview":"max-image-preview:large","max-video-preview":"max-video-preview:-1"},"canonical":"https:\/\/relevantfilm.de\/?movie=die-frau-in-blau","og_locale":"de_DE","og_type":"article","og_title":"Die Frau in Blau - Relevant Film","og_description":"Der ehemalige Fotograf Denis (Jonas Nay) f\u00fchlt sich unter Druck gesetzt. Um seinen F\u00fchrerschein wieder zu bekommen, muss er sich mit Alfred (Joachim Kr\u00f3l) auseinandersetzen, dessen Frau durch einen von Denis verursachten Unfall ums Leben kam, bei dem auch Alfred selbst schwere Verletzungen erlitt. Denis flieht seitdem nicht nur aus seinem alten Leben, sondern auch [&hellip;]","og_url":"https:\/\/relevantfilm.de\/?movie=die-frau-in-blau","og_site_name":"Relevant Film","article_modified_time":"2026-04-22T09:23:34+00:00","og_image":[{"width":1610,"height":773,"url":"https:\/\/relevantfilm.de\/wp-content\/uploads\/2025\/07\/RelevantFilm-DieFrauinBlau-SWR-DT15-Bild63-65-66-625-e1752507181890.jpg","type":"image\/jpeg"}],"twitter_card":"summary_large_image","twitter_misc":{"Gesch\u00e4tzte Lesezeit":"4\u00a0Minuten"},"schema":{"@context":"https:\/\/schema.org","@graph":[{"@type":"WebPage","@id":"https:\/\/relevantfilm.de\/?movie=die-frau-in-blau","url":"https:\/\/relevantfilm.de\/?movie=die-frau-in-blau","name":"Die Frau in Blau - Relevant Film","isPartOf":{"@id":"https:\/\/relevantfilm.de\/#website"},"primaryImageOfPage":{"@id":"https:\/\/relevantfilm.de\/?movie=die-frau-in-blau#primaryimage"},"image":{"@id":"https:\/\/relevantfilm.de\/?movie=die-frau-in-blau#primaryimage"},"thumbnailUrl":"https:\/\/relevantfilm.de\/wp-content\/uploads\/2025\/07\/RelevantFilm-DieFrauinBlau-SWR-DT15-Bild63-65-66-625-e1752507181890.jpg","datePublished":"2025-07-29T12:37:52+00:00","dateModified":"2026-04-22T09:23:34+00:00","breadcrumb":{"@id":"https:\/\/relevantfilm.de\/?movie=die-frau-in-blau#breadcrumb"},"inLanguage":"de","potentialAction":[{"@type":"ReadAction","target":["https:\/\/relevantfilm.de\/?movie=die-frau-in-blau"]}]},{"@type":"ImageObject","inLanguage":"de","@id":"https:\/\/relevantfilm.de\/?movie=die-frau-in-blau#primaryimage","url":"https:\/\/relevantfilm.de\/wp-content\/uploads\/2025\/07\/RelevantFilm-DieFrauinBlau-SWR-DT15-Bild63-65-66-625-e1752507181890.jpg","contentUrl":"https:\/\/relevantfilm.de\/wp-content\/uploads\/2025\/07\/RelevantFilm-DieFrauinBlau-SWR-DT15-Bild63-65-66-625-e1752507181890.jpg","width":1610,"height":773,"caption":"RelevantFilm-DieFrauinBlau-Rheinufer-Baum-Strand-Sandburgen-Denis sorgt sich um Alfred-Schauspieler: Jonas Nay,Joachim Krol,Nairi Hadodo"},{"@type":"BreadcrumbList","@id":"https:\/\/relevantfilm.de\/?movie=die-frau-in-blau#breadcrumb","itemListElement":[{"@type":"ListItem","position":1,"name":"Startseite","item":"https:\/\/relevantfilm.de\/"},{"@type":"ListItem","position":2,"name":"Movies","item":"https:\/\/relevantfilm.de\/?post_type=movie"},{"@type":"ListItem","position":3,"name":"Die Frau in Blau"}]},{"@type":"WebSite","@id":"https:\/\/relevantfilm.de\/#website","url":"https:\/\/relevantfilm.de\/","name":"Relevant Film","description":"Filmproduktion Hamburg","potentialAction":[{"@type":"SearchAction","target":{"@type":"EntryPoint","urlTemplate":"https:\/\/relevantfilm.de\/?s={search_term_string}"},"query-input":{"@type":"PropertyValueSpecification","valueRequired":true,"valueName":"search_term_string"}}],"inLanguage":"de"}]}},"_links":{"self":[{"href":"https:\/\/relevantfilm.de\/index.php?rest_route=\/wp\/v2\/movies\/3458","targetHints":{"allow":["GET"]}}],"collection":[{"href":"https:\/\/relevantfilm.de\/index.php?rest_route=\/wp\/v2\/movies"}],"about":[{"href":"https:\/\/relevantfilm.de\/index.php?rest_route=\/wp\/v2\/types\/movie"}],"author":[{"embeddable":true,"href":"https:\/\/relevantfilm.de\/index.php?rest_route=\/wp\/v2\/users\/4"}],"wp:featuredmedia":[{"embeddable":true,"href":"https:\/\/relevantfilm.de\/index.php?rest_route=\/wp\/v2\/media\/4055"}],"wp:attachment":[{"href":"https:\/\/relevantfilm.de\/index.php?rest_route=%2Fwp%2Fv2%2Fmedia&parent=3458"}],"wp:term":[{"taxonomy":"movie_cat","embeddable":true,"href":"https:\/\/relevantfilm.de\/index.php?rest_route=%2Fwp%2Fv2%2Fmovie_cats&post=3458"},{"taxonomy":"movie_flag","embeddable":true,"href":"https:\/\/relevantfilm.de\/index.php?rest_route=%2Fwp%2Fv2%2Fmovie_flags&post=3458"}],"curies":[{"name":"wp","href":"https:\/\/api.w.org\/{rel}","templated":true}]}}