{"id":4085,"date":"2025-07-15T15:51:00","date_gmt":"2025-07-15T13:51:00","guid":{"rendered":"https:\/\/relevantfilm.de\/?post_type=movie&#038;p=4085"},"modified":"2026-04-21T17:08:02","modified_gmt":"2026-04-21T15:08:02","slug":"songs-for-joy-der-film-zur-musik","status":"publish","type":"movie","link":"https:\/\/relevantfilm.de\/?movie=songs-for-joy-der-film-zur-musik","title":{"rendered":"Songs for Joy &#8211; Der Film zur Musik"},"content":{"rendered":"\n<p>\u201eWir vertonen Eure Texte!\u201c riefen die beiden Musiker <strong>Carsten \u00bbErobique\u00ab Meyer <\/strong>und <strong>Jacques Palminger<\/strong> in die Hamburger Veddel hinein, und die Texte kamen. Mit ihnen kamen die vielf\u00e4ltigen Geschichten und Seelenzust\u00e4nde der Leute, die dort leben. So entstand w\u00e4hrend einer zweiw\u00f6chigen Session in der s\u00e4kularisierten Immanuelkirche auf der Veddel ein Abend voller Songs und Schlager und ging von dort mit allen Beteiligten auf die ganz gro\u00dfe B\u00fchne: die des Deutschen SchauSpielHauses Hamburg.<\/p>\n\n\n\n<p>Der Film von <strong>Jan Becker<\/strong> und <strong>Ralf Mendle<\/strong> begleitet <strong>Jacques Palminger<\/strong> (Studio Braun, Fraktus) und <strong>Carsten Meyer (aka Erobique) <\/strong>bei ihrem Musik-Theater-Projekt &#8218;Songs for Joy&#8216;, das im Mai 2024 in Zusammenarbeit mit dem Deutschen SchauSpielhaus entstand und in zwei Konzerten vor vollem Haus auf der gro\u00dfen B\u00fchne gefeiert wurde.<\/p>\n\n\n\n<figure class=\"wp-block-image size-large\"><img loading=\"lazy\" decoding=\"async\" width=\"1024\" height=\"469\" src=\"https:\/\/relevantfilm.de\/wp-content\/uploads\/2025\/06\/SfJ-opening-e1750687558576-1024x469.jpg\" alt=\"\" class=\"wp-image-3965\" srcset=\"https:\/\/relevantfilm.de\/wp-content\/uploads\/2025\/06\/SfJ-opening-e1750687558576-1024x469.jpg 1024w, https:\/\/relevantfilm.de\/wp-content\/uploads\/2025\/06\/SfJ-opening-e1750687558576-300x137.jpg 300w, https:\/\/relevantfilm.de\/wp-content\/uploads\/2025\/06\/SfJ-opening-e1750687558576-768x352.jpg 768w, https:\/\/relevantfilm.de\/wp-content\/uploads\/2025\/06\/SfJ-opening-e1750687558576.jpg 1420w\" sizes=\"(max-width: 1024px) 100vw, 1024px\" \/><\/figure>\n\n\n\n<figure class=\"wp-block-gallery has-nested-images columns-3 is-cropped wp-block-gallery-1 is-layout-flex wp-block-gallery-is-layout-flex\">\n<figure class=\"wp-block-image size-large\"><img loading=\"lazy\" decoding=\"async\" width=\"1024\" height=\"431\" data-id=\"3968\" src=\"https:\/\/relevantfilm.de\/wp-content\/uploads\/2025\/06\/Songs-for-Joy_02_Chorprobe_FilmtankAudience-1024x431.png\" alt=\"\" class=\"wp-image-3968\" srcset=\"https:\/\/relevantfilm.de\/wp-content\/uploads\/2025\/06\/Songs-for-Joy_02_Chorprobe_FilmtankAudience-1024x431.png 1024w, https:\/\/relevantfilm.de\/wp-content\/uploads\/2025\/06\/Songs-for-Joy_02_Chorprobe_FilmtankAudience-300x126.png 300w, https:\/\/relevantfilm.de\/wp-content\/uploads\/2025\/06\/Songs-for-Joy_02_Chorprobe_FilmtankAudience-768x323.png 768w, https:\/\/relevantfilm.de\/wp-content\/uploads\/2025\/06\/Songs-for-Joy_02_Chorprobe_FilmtankAudience-1536x646.png 1536w, https:\/\/relevantfilm.de\/wp-content\/uploads\/2025\/06\/Songs-for-Joy_02_Chorprobe_FilmtankAudience-2048x861.png 2048w\" sizes=\"(max-width: 1024px) 100vw, 1024px\" \/><\/figure>\n\n\n\n<figure class=\"wp-block-image size-large\"><img loading=\"lazy\" decoding=\"async\" width=\"935\" height=\"802\" data-id=\"3966\" src=\"https:\/\/relevantfilm.de\/wp-content\/uploads\/2025\/06\/SfJ-Probe3.jpg\" alt=\"\" class=\"wp-image-3966\" srcset=\"https:\/\/relevantfilm.de\/wp-content\/uploads\/2025\/06\/SfJ-Probe3.jpg 935w, https:\/\/relevantfilm.de\/wp-content\/uploads\/2025\/06\/SfJ-Probe3-300x257.jpg 300w, https:\/\/relevantfilm.de\/wp-content\/uploads\/2025\/06\/SfJ-Probe3-768x659.jpg 768w\" sizes=\"(max-width: 935px) 100vw, 935px\" \/><\/figure>\n<\/figure>\n\n\n\n<p><\/p>\n\n\n\n<p>Der Aufruf \u201eWir vertonen eure Texte\u201c war schon die simple Grundlage, auf der die Idee 2006 am Berliner Gorki-Theater entstand. Aus den Gedichten und Texten, die bei ihnen ankamen, arrangierten und inszenierten Erobique und Palminger gemeinsam mit einem bunt zusammen gew\u00fcrfelten Haufen von Musikern und S\u00e4ngerinnen bewegende Ohrw\u00fcrmer, groovenden Elektropop, emotionale Schlager und andere mitreissende Obskurit\u00e4ten und brachten sie auf die B\u00fchne. Titel wie \u201e<strong>Wann strahlst Du<\/strong>\u201c, \u201e<strong>Finsterwalde<\/strong>\u201c, \u201e<strong>November in Berlin<\/strong>\u201c laufen bis heute im Radio, werden auf Youtube und Spotify hunderttausendfach geklickt und klingen nach wie vor frisch.<br>Und 2024 erfinden Carsten \u00bbErobique\u00ab Meyer und Jacques Palminger auf der Veddel die Idee ganz neu. Texte, S\u00e4ngerinnen und Musiker werden gesucht und gefunden, mit denen man durch Worte, Melodien und Emotionen surft. Kleine Geschichten werden mit grossen Melodien erz\u00e4hlt und umgekehrt \u2013 Spielfreude geht vor Perfektion, bloss keine Angst sich zu blamieren!<\/p>\n\n\n\n<p>Wir lernen nicht nur die Musiker und Musikerinnen mit ihren unterschiedlichen sozialen, religi\u00f6sen, politischen und biografischen Hintergr\u00fcnden und Talenten kennen, sondern auch die Menschen aus dem Viertel, auf deren ganz pers\u00f6nlichen Emotionen und Geschichten die Songs basieren.<br>Erobique und Palminger schaffen hier einen gemeinsamen grossen, positiven Raum voller Kreativit\u00e4t, und dort entsteht eine in bestem Sinne volkst\u00fcmliche Musik: eine Musik, die all die Menschen gl\u00fccklich macht, die sie entstehen lassen.<\/p>\n\n\n\n<figure class=\"wp-block-gallery has-nested-images columns-2 is-cropped wp-block-gallery-2 is-layout-flex wp-block-gallery-is-layout-flex\">\n<figure class=\"wp-block-image size-large\"><img loading=\"lazy\" decoding=\"async\" width=\"724\" height=\"1024\" data-id=\"4203\" src=\"https:\/\/relevantfilm.de\/wp-content\/uploads\/2025\/05\/SongsForJoy_Plakat-1-724x1024.jpg\" alt=\"\" class=\"wp-image-4203\" srcset=\"https:\/\/relevantfilm.de\/wp-content\/uploads\/2025\/05\/SongsForJoy_Plakat-1-724x1024.jpg 724w, https:\/\/relevantfilm.de\/wp-content\/uploads\/2025\/05\/SongsForJoy_Plakat-1-212x300.jpg 212w, https:\/\/relevantfilm.de\/wp-content\/uploads\/2025\/05\/SongsForJoy_Plakat-1-768x1086.jpg 768w, https:\/\/relevantfilm.de\/wp-content\/uploads\/2025\/05\/SongsForJoy_Plakat-1-1086x1536.jpg 1086w, https:\/\/relevantfilm.de\/wp-content\/uploads\/2025\/05\/SongsForJoy_Plakat-1-1448x2048.jpg 1448w, https:\/\/relevantfilm.de\/wp-content\/uploads\/2025\/05\/SongsForJoy_Plakat-1-scaled.jpg 1810w\" sizes=\"(max-width: 724px) 100vw, 724px\" \/><\/figure>\n<\/figure>\n\n\n\n<p><strong>Mit<\/strong><\/p>\n\n\n\n<p>Carsten \u00bbErobique\u00ab Meyer | Jacques Palminger | Peta Devlin | Chris Dietermann | Mario H\u00e4nni | Annemaaike Bakker | Katherina Sattler | Lydia Schmidt | Albrecht Schrader | Angelika Richter | Christoph J\u00f6de | Delio Mal\u00e4r | Massandje Sylla | Emma Starsetzki | Mor\u00edn Alejandra Gonz\u00e1lez Mena | Frank Eichhorn | Kinderchor Schule auf der Veddel | Susan Hoffmann | Carsten Schnathorst | Linn\u00e9a Racine | Lilly Kur | Pia Kehl | Ella Kur | Philipp Stadtm\u00fcller | Banu \u015eeng\u00fcl | Aylin \u015eeng\u00fcl | Julia Wieninger | Yvon Jansen | Bettina Stucky | Jan-Peter Kampwirth | Hank Schmidt in der Beek | Andre Welt (Mundharmonika) | Anne-Christine Heinrich (Fl\u00f6te) | John Raphael Burgess (Bass) | Isidora Caroca (Akkordeon) | Juliane Gaebler (Saxophon) | Yorck Dippe (Saxophon) | Michael Leuschner (Trompete) | Ray Subahri (Maultrommel) | Michael Weber (Banjo) | Yasser Al Juhne (Oud) | Michail Paweletz (1. Violine) | Onhur Alhan (2. Violine) | Gung-Hui Ho (Viola) | Benjamin Sprick (Violoncello) | <br>und Lilly von Allesch | Bernd Jasper | G\u00fclay Ceneyelento\u011flu | Frauke Haase | Benjamin Braden | Jutta Haedge | Moritz Adler | Lilli Maierthaler | Florian Hofmaier | Barbara St\u00fctzel u.a.<br><\/p>\n\n\n\n<p><strong>Team<\/strong><\/p>\n\n\n\n<p><sup><sub>Die Gala<\/sub><\/sup>   Dramaturgie Ludwig Haugk | B\u00fchne Malte Knipping | Licht Rebekka Dahnke | Inspizienz Annette Endmann | Regieassistenz Marietta Weber | New Hamburg \/ Cafe Nova Uschi Hoffmann<br><sup><sub>Der Film <\/sub><\/sup>  Konzept und Regie Jan Becker | Schnitt &nbsp;Paris J. Ludwig | DoP Ralf M. Mendle | Kamera Thomas \u201aAnton\u2018 Antoszczyk, Moritz Blunck, Alexander Kiero-Friedrich, Anna Kolkmann, Johannes Kreuser, Saskia Mayerhoff, Karim Rahmani, Judith Zastrow | Originalton Kay Madsen | Sounddesign und Mischung Simon Bastian | Colorist Jochen Hinrichs-St\u00f6ldt | Postproduction Supervisor Judica Schrammeck<br><\/p>\n\n\n\n<figure class=\"wp-block-gallery has-nested-images columns-default is-cropped wp-block-gallery-3 is-layout-flex wp-block-gallery-is-layout-flex\">\n<figure class=\"wp-block-image size-large\"><img loading=\"lazy\" decoding=\"async\" width=\"1024\" height=\"768\" data-id=\"3984\" src=\"https:\/\/relevantfilm.de\/wp-content\/uploads\/2025\/06\/Songs_For_Joy_Gala_12_christian-Bartsch-1024x768.jpg\" alt=\"\" class=\"wp-image-3984\" srcset=\"https:\/\/relevantfilm.de\/wp-content\/uploads\/2025\/06\/Songs_For_Joy_Gala_12_christian-Bartsch-1024x768.jpg 1024w, https:\/\/relevantfilm.de\/wp-content\/uploads\/2025\/06\/Songs_For_Joy_Gala_12_christian-Bartsch-300x225.jpg 300w, https:\/\/relevantfilm.de\/wp-content\/uploads\/2025\/06\/Songs_For_Joy_Gala_12_christian-Bartsch-768x576.jpg 768w, https:\/\/relevantfilm.de\/wp-content\/uploads\/2025\/06\/Songs_For_Joy_Gala_12_christian-Bartsch-1536x1152.jpg 1536w, https:\/\/relevantfilm.de\/wp-content\/uploads\/2025\/06\/Songs_For_Joy_Gala_12_christian-Bartsch-2048x1536.jpg 2048w\" sizes=\"(max-width: 1024px) 100vw, 1024px\" \/><\/figure>\n\n\n\n<figure class=\"wp-block-image size-large\"><img loading=\"lazy\" decoding=\"async\" width=\"1823\" height=\"663\" data-id=\"4088\" src=\"https:\/\/relevantfilm.de\/wp-content\/uploads\/2025\/08\/Screenshot-2025-06-10-163657-edited.jpg\" alt=\"\" class=\"wp-image-4088\" srcset=\"https:\/\/relevantfilm.de\/wp-content\/uploads\/2025\/08\/Screenshot-2025-06-10-163657-edited.jpg 1823w, https:\/\/relevantfilm.de\/wp-content\/uploads\/2025\/08\/Screenshot-2025-06-10-163657-edited-300x109.jpg 300w, https:\/\/relevantfilm.de\/wp-content\/uploads\/2025\/08\/Screenshot-2025-06-10-163657-edited-1024x372.jpg 1024w, https:\/\/relevantfilm.de\/wp-content\/uploads\/2025\/08\/Screenshot-2025-06-10-163657-edited-768x279.jpg 768w, https:\/\/relevantfilm.de\/wp-content\/uploads\/2025\/08\/Screenshot-2025-06-10-163657-edited-1536x559.jpg 1536w\" sizes=\"(max-width: 1823px) 100vw, 1823px\" \/><\/figure>\n<\/figure>\n\n\n\n<p><\/p>\n\n\n\n<p><strong>Produktion<\/strong><\/p>\n\n\n\n<ul class=\"wp-block-list\">\n<li>Eine Funky Chicken Film Produktion in Koproduktion mit Relevant Film, 2025<\/li>\n\n\n\n<li>Verleih Filmtank Audience<\/li>\n\n\n\n<li>Kinostart am 30. Oktober 2025 <\/li>\n<\/ul>\n\n\n\n<p><strong>Partner <\/strong>(Fertigstellung)<\/p>\n\n\n\n<ul class=\"wp-block-list\">\n<li>MOIN Filmf\u00f6rderung Hamburg Schleswig-Holstein<\/li>\n\n\n\n<li>Optical Art<\/li>\n\n\n\n<li>Zeigermann_Audio<\/li>\n<\/ul>\n\n\n\n<p><strong>Termine <\/strong><\/p>\n\n\n\n<ul class=\"wp-block-list\">\n<li>17. Juli 2025 Zeise OpenAir, Hamburg<\/li>\n\n\n\n<li>16. Oktober 2025 Klang\/Bild Musikfilmfestival, Mannheim (Er\u00f6ffnungsfilm)<\/li>\n\n\n\n<li>27. Oktober 2025 Cinenova Kino, K\u00f6ln<\/li>\n\n\n\n<li>28. Oktober 2025 Zeise Kino, Hamburg<\/li>\n\n\n\n<li>29. Oktober 2025 Planetarium Kino, Berlin<\/li>\n\n\n\n<li>30. Oktober 2025 Kinostart in ausgew\u00e4hlten Kinos<\/li>\n<\/ul>\n\n\n\n<p class=\"has-small-font-size\">Fotos: (c) Filmtank Audience | Christian Bartsch <\/p>\n\n\n\n<p><\/p>\n","protected":false},"author":4,"featured_media":3969,"template":"","movie_cats":[6,7],"movie_flags":[],"class_list":["post-4085","movie","type-movie","status-publish","has-post-thumbnail","hentry","movie_cat-unsere-filme","movie_cat-kino"],"acf":[],"yoast_head":"<!-- This site is optimized with the Yoast SEO plugin v27.5 - https:\/\/yoast.com\/product\/yoast-seo-wordpress\/ -->\n<title>Songs for Joy - Der Film zur Musik - Relevant Film<\/title>\n<meta name=\"robots\" content=\"index, follow, max-snippet:-1, max-image-preview:large, max-video-preview:-1\" \/>\n<link rel=\"canonical\" href=\"https:\/\/relevantfilm.de\/?movie=songs-for-joy-der-film-zur-musik\" \/>\n<meta property=\"og:locale\" content=\"de_DE\" \/>\n<meta property=\"og:type\" content=\"article\" \/>\n<meta property=\"og:title\" content=\"Songs for Joy - Der Film zur Musik - Relevant Film\" \/>\n<meta property=\"og:description\" content=\"\u201eWir vertonen Eure Texte!\u201c riefen die beiden Musiker Carsten \u00bbErobique\u00ab Meyer und Jacques Palminger in die Hamburger Veddel hinein, und die Texte kamen. Mit ihnen kamen die vielf\u00e4ltigen Geschichten und Seelenzust\u00e4nde der Leute, die dort leben. So entstand w\u00e4hrend einer zweiw\u00f6chigen Session in der s\u00e4kularisierten Immanuelkirche auf der Veddel ein Abend voller Songs und Schlager [&hellip;]\" \/>\n<meta property=\"og:url\" content=\"https:\/\/relevantfilm.de\/?movie=songs-for-joy-der-film-zur-musik\" \/>\n<meta property=\"og:site_name\" content=\"Relevant Film\" \/>\n<meta property=\"article:modified_time\" content=\"2026-04-21T15:08:02+00:00\" \/>\n<meta property=\"og:image\" content=\"https:\/\/relevantfilm.de\/wp-content\/uploads\/2025\/06\/Screenshot-2025-06-10-163443.jpg\" \/>\n\t<meta property=\"og:image:width\" content=\"1877\" \/>\n\t<meta property=\"og:image:height\" content=\"717\" \/>\n\t<meta property=\"og:image:type\" content=\"image\/jpeg\" \/>\n<meta name=\"twitter:card\" content=\"summary_large_image\" \/>\n<meta name=\"twitter:label1\" content=\"Gesch\u00e4tzte Lesezeit\" \/>\n\t<meta name=\"twitter:data1\" content=\"6\u00a0Minuten\" \/>\n<script type=\"application\/ld+json\" class=\"yoast-schema-graph\">{\"@context\":\"https:\\\/\\\/schema.org\",\"@graph\":[{\"@type\":\"WebPage\",\"@id\":\"https:\\\/\\\/relevantfilm.de\\\/?movie=songs-for-joy-der-film-zur-musik\",\"url\":\"https:\\\/\\\/relevantfilm.de\\\/?movie=songs-for-joy-der-film-zur-musik\",\"name\":\"Songs for Joy - Der Film zur Musik - Relevant Film\",\"isPartOf\":{\"@id\":\"https:\\\/\\\/relevantfilm.de\\\/#website\"},\"primaryImageOfPage\":{\"@id\":\"https:\\\/\\\/relevantfilm.de\\\/?movie=songs-for-joy-der-film-zur-musik#primaryimage\"},\"image\":{\"@id\":\"https:\\\/\\\/relevantfilm.de\\\/?movie=songs-for-joy-der-film-zur-musik#primaryimage\"},\"thumbnailUrl\":\"https:\\\/\\\/relevantfilm.de\\\/wp-content\\\/uploads\\\/2025\\\/06\\\/Screenshot-2025-06-10-163443.jpg\",\"datePublished\":\"2025-07-15T13:51:00+00:00\",\"dateModified\":\"2026-04-21T15:08:02+00:00\",\"breadcrumb\":{\"@id\":\"https:\\\/\\\/relevantfilm.de\\\/?movie=songs-for-joy-der-film-zur-musik#breadcrumb\"},\"inLanguage\":\"de\",\"potentialAction\":[{\"@type\":\"ReadAction\",\"target\":[\"https:\\\/\\\/relevantfilm.de\\\/?movie=songs-for-joy-der-film-zur-musik\"]}]},{\"@type\":\"ImageObject\",\"inLanguage\":\"de\",\"@id\":\"https:\\\/\\\/relevantfilm.de\\\/?movie=songs-for-joy-der-film-zur-musik#primaryimage\",\"url\":\"https:\\\/\\\/relevantfilm.de\\\/wp-content\\\/uploads\\\/2025\\\/06\\\/Screenshot-2025-06-10-163443.jpg\",\"contentUrl\":\"https:\\\/\\\/relevantfilm.de\\\/wp-content\\\/uploads\\\/2025\\\/06\\\/Screenshot-2025-06-10-163443.jpg\",\"width\":1877,\"height\":717},{\"@type\":\"BreadcrumbList\",\"@id\":\"https:\\\/\\\/relevantfilm.de\\\/?movie=songs-for-joy-der-film-zur-musik#breadcrumb\",\"itemListElement\":[{\"@type\":\"ListItem\",\"position\":1,\"name\":\"Startseite\",\"item\":\"https:\\\/\\\/relevantfilm.de\\\/\"},{\"@type\":\"ListItem\",\"position\":2,\"name\":\"Movies\",\"item\":\"https:\\\/\\\/relevantfilm.de\\\/?post_type=movie\"},{\"@type\":\"ListItem\",\"position\":3,\"name\":\"Songs for Joy &#8211; Der Film zur Musik\"}]},{\"@type\":\"WebSite\",\"@id\":\"https:\\\/\\\/relevantfilm.de\\\/#website\",\"url\":\"https:\\\/\\\/relevantfilm.de\\\/\",\"name\":\"Relevant Film\",\"description\":\"Filmproduktion Hamburg\",\"potentialAction\":[{\"@type\":\"SearchAction\",\"target\":{\"@type\":\"EntryPoint\",\"urlTemplate\":\"https:\\\/\\\/relevantfilm.de\\\/?s={search_term_string}\"},\"query-input\":{\"@type\":\"PropertyValueSpecification\",\"valueRequired\":true,\"valueName\":\"search_term_string\"}}],\"inLanguage\":\"de\"}]}<\/script>\n<!-- \/ Yoast SEO plugin. -->","yoast_head_json":{"title":"Songs for Joy - Der Film zur Musik - Relevant Film","robots":{"index":"index","follow":"follow","max-snippet":"max-snippet:-1","max-image-preview":"max-image-preview:large","max-video-preview":"max-video-preview:-1"},"canonical":"https:\/\/relevantfilm.de\/?movie=songs-for-joy-der-film-zur-musik","og_locale":"de_DE","og_type":"article","og_title":"Songs for Joy - Der Film zur Musik - Relevant Film","og_description":"\u201eWir vertonen Eure Texte!\u201c riefen die beiden Musiker Carsten \u00bbErobique\u00ab Meyer und Jacques Palminger in die Hamburger Veddel hinein, und die Texte kamen. Mit ihnen kamen die vielf\u00e4ltigen Geschichten und Seelenzust\u00e4nde der Leute, die dort leben. So entstand w\u00e4hrend einer zweiw\u00f6chigen Session in der s\u00e4kularisierten Immanuelkirche auf der Veddel ein Abend voller Songs und Schlager [&hellip;]","og_url":"https:\/\/relevantfilm.de\/?movie=songs-for-joy-der-film-zur-musik","og_site_name":"Relevant Film","article_modified_time":"2026-04-21T15:08:02+00:00","og_image":[{"width":1877,"height":717,"url":"https:\/\/relevantfilm.de\/wp-content\/uploads\/2025\/06\/Screenshot-2025-06-10-163443.jpg","type":"image\/jpeg"}],"twitter_card":"summary_large_image","twitter_misc":{"Gesch\u00e4tzte Lesezeit":"6\u00a0Minuten"},"schema":{"@context":"https:\/\/schema.org","@graph":[{"@type":"WebPage","@id":"https:\/\/relevantfilm.de\/?movie=songs-for-joy-der-film-zur-musik","url":"https:\/\/relevantfilm.de\/?movie=songs-for-joy-der-film-zur-musik","name":"Songs for Joy - Der Film zur Musik - Relevant Film","isPartOf":{"@id":"https:\/\/relevantfilm.de\/#website"},"primaryImageOfPage":{"@id":"https:\/\/relevantfilm.de\/?movie=songs-for-joy-der-film-zur-musik#primaryimage"},"image":{"@id":"https:\/\/relevantfilm.de\/?movie=songs-for-joy-der-film-zur-musik#primaryimage"},"thumbnailUrl":"https:\/\/relevantfilm.de\/wp-content\/uploads\/2025\/06\/Screenshot-2025-06-10-163443.jpg","datePublished":"2025-07-15T13:51:00+00:00","dateModified":"2026-04-21T15:08:02+00:00","breadcrumb":{"@id":"https:\/\/relevantfilm.de\/?movie=songs-for-joy-der-film-zur-musik#breadcrumb"},"inLanguage":"de","potentialAction":[{"@type":"ReadAction","target":["https:\/\/relevantfilm.de\/?movie=songs-for-joy-der-film-zur-musik"]}]},{"@type":"ImageObject","inLanguage":"de","@id":"https:\/\/relevantfilm.de\/?movie=songs-for-joy-der-film-zur-musik#primaryimage","url":"https:\/\/relevantfilm.de\/wp-content\/uploads\/2025\/06\/Screenshot-2025-06-10-163443.jpg","contentUrl":"https:\/\/relevantfilm.de\/wp-content\/uploads\/2025\/06\/Screenshot-2025-06-10-163443.jpg","width":1877,"height":717},{"@type":"BreadcrumbList","@id":"https:\/\/relevantfilm.de\/?movie=songs-for-joy-der-film-zur-musik#breadcrumb","itemListElement":[{"@type":"ListItem","position":1,"name":"Startseite","item":"https:\/\/relevantfilm.de\/"},{"@type":"ListItem","position":2,"name":"Movies","item":"https:\/\/relevantfilm.de\/?post_type=movie"},{"@type":"ListItem","position":3,"name":"Songs for Joy &#8211; Der Film zur Musik"}]},{"@type":"WebSite","@id":"https:\/\/relevantfilm.de\/#website","url":"https:\/\/relevantfilm.de\/","name":"Relevant Film","description":"Filmproduktion Hamburg","potentialAction":[{"@type":"SearchAction","target":{"@type":"EntryPoint","urlTemplate":"https:\/\/relevantfilm.de\/?s={search_term_string}"},"query-input":{"@type":"PropertyValueSpecification","valueRequired":true,"valueName":"search_term_string"}}],"inLanguage":"de"}]}},"_links":{"self":[{"href":"https:\/\/relevantfilm.de\/index.php?rest_route=\/wp\/v2\/movies\/4085","targetHints":{"allow":["GET"]}}],"collection":[{"href":"https:\/\/relevantfilm.de\/index.php?rest_route=\/wp\/v2\/movies"}],"about":[{"href":"https:\/\/relevantfilm.de\/index.php?rest_route=\/wp\/v2\/types\/movie"}],"author":[{"embeddable":true,"href":"https:\/\/relevantfilm.de\/index.php?rest_route=\/wp\/v2\/users\/4"}],"wp:featuredmedia":[{"embeddable":true,"href":"https:\/\/relevantfilm.de\/index.php?rest_route=\/wp\/v2\/media\/3969"}],"wp:attachment":[{"href":"https:\/\/relevantfilm.de\/index.php?rest_route=%2Fwp%2Fv2%2Fmedia&parent=4085"}],"wp:term":[{"taxonomy":"movie_cat","embeddable":true,"href":"https:\/\/relevantfilm.de\/index.php?rest_route=%2Fwp%2Fv2%2Fmovie_cats&post=4085"},{"taxonomy":"movie_flag","embeddable":true,"href":"https:\/\/relevantfilm.de\/index.php?rest_route=%2Fwp%2Fv2%2Fmovie_flags&post=4085"}],"curies":[{"name":"wp","href":"https:\/\/api.w.org\/{rel}","templated":true}]}}